{"id":8402,"date":"2024-08-28T12:12:33","date_gmt":"2024-08-28T09:12:33","guid":{"rendered":"https:\/\/www.acvit.com.tr\/magaza\/?post_type=product&#038;p=8402"},"modified":"2026-01-17T14:22:04","modified_gmt":"2026-01-17T11:22:04","slug":"vitamin-kompleksi-kolajen-serum-30-ml","status":"publish","type":"product","link":"https:\/\/www.acvit.com.tr\/magaza\/urun\/vitamin-kompleksi-kolajen-serum-30-ml\/","title":{"rendered":"Kolajen Serum &#8211; Vitamin Kompleksi &#8211; 30 Ml. Canland\u0131r\u0131c\u0131 &#038; G\u00f6zenek S\u0131k\u0131la\u015ft\u0131r\u0131c\u0131 ve Nemlendirici &#8211; 30 ML."},"content":{"rendered":"<h3><strong>Cilt Yenileme, Canland\u0131rma ve G\u00f6zenek S\u0131k\u0131la\u015ft\u0131rma<\/strong><\/h3>\n<p>Cilde ihtiya\u00e7 duydu\u011fu vitamin ve mineralleri sa\u011flarken, kolajen takviyesi ile elastikiyet kazand\u0131rmaya, ince \u00e7izgi ve k\u0131r\u0131\u015f\u0131kl\u0131k g\u00f6r\u00fcn\u00fcm\u00fcn\u00fc hafifleterek canl\u0131l\u0131k kazand\u0131rmaya yard\u0131mc\u0131 olabilir. G\u00f6zenekleri s\u0131k\u0131la\u015ft\u0131rarak cildin daha dolgun, s\u0131k\u0131 ve gen\u00e7 g\u00f6r\u00fcnmesine destek olur.<\/p>\n<h3><strong>Canl\u0131 G\u00f6r\u00fcn\u00fcm<\/strong><\/h3>\n<ul>\n<li><strong>Elastikiyet ve Dolgunluk:<\/strong> Hyaluronik asit ve kolajen ile cildin dolgun ve esnek g\u00f6r\u00fcnmesine katk\u0131da bulunabilir.<\/li>\n<li><strong>Ayd\u0131nl\u0131k ve E\u015fit Ton:<\/strong> Arbutin, Traneksamik Asit ve Meyan K\u00f6k\u00fc \u00f6z\u00fct\u00fc ile cilt tonunun dengelenmesine ve do\u011fal \u0131\u015f\u0131lt\u0131 kazanmas\u0131na yard\u0131mc\u0131 olabilir.<\/li>\n<li><strong>Cilt Koruma ve Onar\u0131m:<\/strong> Vitamin C, E ve B5 ile antioksidan deste\u011fi sa\u011flayarak \u00e7evresel etkilere kar\u015f\u0131 cildin korunmas\u0131na katk\u0131da bulunabilir.<\/li>\n<\/ul>\n<h3><strong>Cildin ihtiya\u00e7 duydu\u011fu vitamin ve mineralleri tek damlayla alabilirsiniz<\/strong><\/h3>\n<ul>\n<li><strong>Ascorbic Acid (Vitamin C):<\/strong> Antioksidan deste\u011fi ile kolajen \u00fcretimini desteklemeye ve cilt tonunun e\u015fitlenmesine yard\u0131mc\u0131 olabilir.<\/li>\n<li><strong>Hyaluronic Acid:<\/strong> Derin nemlendirme, dolgunluk kazand\u0131rma ve ince \u00e7izgi g\u00f6r\u00fcn\u00fcm\u00fcn\u00fc hafifletmeye katk\u0131da bulunabilir.<\/li>\n<li><strong>Collagen:<\/strong> Cildin yap\u0131s\u0131n\u0131 g\u00fc\u00e7lendirmeye ve elastikiyetini art\u0131rmaya yard\u0131mc\u0131 olabilir.<\/li>\n<li><strong>Panthenol (B5) ve Tocopheryl Acetate (Vitamin E):<\/strong> Nemlendirme, onar\u0131m ve cilt bariyerini g\u00fc\u00e7lendirmeye destek olabilir.<\/li>\n<li><strong>Arbutin, Tranexamic Acid, Meyan K\u00f6k\u00fc \u00d6z\u00fct\u00fc:<\/strong> Leke g\u00f6r\u00fcn\u00fcm\u00fcn\u00fcn azalmas\u0131na, e\u015fit ve ayd\u0131nl\u0131k bir cilt tonunun olu\u015fmas\u0131na yard\u0131mc\u0131 olabilir.<\/li>\n<li><strong>Myrtus Communis Extract (Mersin) ve Allantoin:<\/strong> Cildi yat\u0131\u015ft\u0131rmaya ve cilt bariyerini g\u00fc\u00e7lendirmeye katk\u0131da bulunabilir.<\/li>\n<\/ul>\n<h3><strong>Kullan\u0131m \u00d6nerisi<\/strong><\/h3>\n<ul>\n<li>G\u00fcnd\u00fcz ve gece, temiz cilde 5-6 damla uygulay\u0131n.<\/li>\n<li>Nazik\u00e7e masaj yaparak yedirin; durulamaya gerek yoktur.<\/li>\n<\/ul>\n<p>&nbsp;<\/p>\n","protected":false},"excerpt":{"rendered":"<p><strong>Vitamin ve mineral deste\u011fi ile kolajen \u00fcretimine, elastikiyetin artmas\u0131na ve g\u00f6zeneklerin s\u0131k\u0131la\u015fmas\u0131na yard\u0131mc\u0131 olabilir.<\/strong><br \/>\n\u2728 <strong>Ton E\u015fitli\u011fi &amp; Ayd\u0131nl\u0131k:<\/strong> Cilt tonunun dengelenmesine ve p\u00fcr\u00fczs\u00fcz bir g\u00f6r\u00fcn\u00fcm kazanmas\u0131na katk\u0131 sa\u011flayabilir.<\/p>\n","protected":false},"featured_media":8404,"comment_status":"open","ping_status":"closed","template":"","meta":[],"product_brand":[],"product_cat":[62,89],"product_tag":[295,181,293,294,183,292],"class_list":{"0":"post-8402","1":"product","2":"type-product","3":"status-publish","4":"has-post-thumbnail","6":"product_cat-cilt-bakimi","7":"product_cat-serumlar","8":"product_tag-atopik","9":"product_tag-cilt","10":"product_tag-collegen","11":"product_tag-collejen","12":"product_tag-serum","13":"product_tag-vitamin-compleksli","14":"ts_product_brand-acvit","16":"first","17":"instock","18":"shipping-taxable","19":"purchasable","20":"product-type-simple"},"aioseo_notices":[],"_links":{"self":[{"href":"https:\/\/www.acvit.com.tr\/magaza\/wp-json\/wp\/v2\/product\/8402","targetHints":{"allow":["GET"]}}],"collection":[{"href":"https:\/\/www.acvit.com.tr\/magaza\/wp-json\/wp\/v2\/product"}],"about":[{"href":"https:\/\/www.acvit.com.tr\/magaza\/wp-json\/wp\/v2\/types\/product"}],"replies":[{"embeddable":true,"href":"https:\/\/www.acvit.com.tr\/magaza\/wp-json\/wp\/v2\/comments?post=8402"}],"wp:featuredmedia":[{"embeddable":true,"href":"https:\/\/www.acvit.com.tr\/magaza\/wp-json\/wp\/v2\/media\/8404"}],"wp:attachment":[{"href":"https:\/\/www.acvit.com.tr\/magaza\/wp-json\/wp\/v2\/media?parent=8402"}],"wp:term":[{"taxonomy":"product_brand","embeddable":true,"href":"https:\/\/www.acvit.com.tr\/magaza\/wp-json\/wp\/v2\/product_brand?post=8402"},{"taxonomy":"product_cat","embeddable":true,"href":"https:\/\/www.acvit.com.tr\/magaza\/wp-json\/wp\/v2\/product_cat?post=8402"},{"taxonomy":"product_tag","embeddable":true,"href":"https:\/\/www.acvit.com.tr\/magaza\/wp-json\/wp\/v2\/product_tag?post=8402"}],"curies":[{"name":"wp","href":"https:\/\/api.w.org\/{rel}","templated":true}]}}