{"id":8256,"date":"2024-08-27T11:25:50","date_gmt":"2024-08-27T08:25:50","guid":{"rendered":"https:\/\/www.acvit.com.tr\/magaza\/?post_type=product&#038;p=8256"},"modified":"2026-01-17T14:24:05","modified_gmt":"2026-01-17T11:24:05","slug":"sacsakal-bakim-botoxu-250-ml","status":"publish","type":"product","link":"https:\/\/www.acvit.com.tr\/magaza\/urun\/sacsakal-bakim-botoxu-250-ml\/","title":{"rendered":"Sa\u00e7 ve Sakal\u0131n\u0131z\u0131 Sabitlemeye, Beslemeye, Parlak ve Dolgun G\u00f6r\u00fcn\u00fcm Sa\u011flamaya Destek Sa\u00e7 &#038; Sakal Bak\u0131m Kremi 250 ML. \u2013 Erkek"},"content":{"rendered":"<p><strong>Erkelerde j\u00f6le devrine son veren \u00fcr\u00fcn<\/strong><\/p>\n<p>\u0130\u00e7eri\u011finde bulunan<\/p>\n<p><strong>KOLAJEN \u2013<\/strong><\/p>\n<p><strong>ARGAN YA\u011eI \u2013<\/strong><\/p>\n<p><strong>KERAT\u0130N \u2013<\/strong><\/p>\n<p><strong>BU\u011eDAY PROTE\u0130N\u0130\u00a0<\/strong>sayesinde;<\/p>\n<p>Sa\u00e7 ve sakal\u0131n\u0131z\u0131 <strong>D\u0130PTEN UCA BESLEYEREK, \u015eEK\u0130LLEND\u0130R\u0130P SAB\u0130T KALMASINA, CANLI, PARLAK VE G\u00dc\u00c7L\u00dc G\u00d6R\u00dcN\u00dcM KAZANMASINA,<\/strong><strong>KORUMAYA <\/strong>ve <strong>D\u00d6K\u00dcLMELER\u0130 \u00d6NLEMEYE<\/strong> yard\u0131mc\u0131d\u0131r.<\/p>\n<p>Sa\u00e7 ve sakallar\u0131n\u0131z, d\u0131\u015f etkenlere ve g\u00fcnl\u00fck a\u015f\u0131nmaya kar\u015f\u0131 s\u00fcrekli bir m\u00fccadele i\u00e7indedir. Bu y\u00fczden, her biri ayr\u0131 \u00f6zelliklere sahip i\u00e7eriklerle zenginle\u015ftirilmi\u015f \u00f6zel bak\u0131m \u00fcr\u00fcnleri kullanmak, onlar\u0131n sa\u011fl\u0131kl\u0131 ve g\u00fc\u00e7l\u00fc g\u00f6r\u00fcnmesini sa\u011flar. \u0130\u00e7eri\u011finde yer alan kolajen, argan ya\u011f\u0131, keratin ve bu\u011fday proteini sayesinde sa\u00e7 ve sakallar\u0131n\u0131z\u0131n her telini beslemeye, g\u00fc\u00e7lendirmeye ve canl\u0131 bir g\u00f6r\u00fcn\u00fcm kazand\u0131rmaya yard\u0131mc\u0131 olur.<\/p>\n<ul>\n<li><strong>Kolajen<\/strong>: Sa\u00e7 ve sakallar\u0131n yap\u0131 ta\u015f\u0131 olan keratin \u00fcretimini artt\u0131rmaya yard\u0131mc\u0131 olan \u00a0kolajen, sa\u00e7\u0131n elastikiyetini ve dayan\u0131kl\u0131l\u0131\u011f\u0131n\u0131 artt\u0131rmaya, k\u0131r\u0131lmay\u0131 ve d\u00f6k\u00fclmeyi engellemeye yard\u0131mc\u0131 olur Ayn\u0131 zamanda cilt sa\u011fl\u0131\u011f\u0131n\u0131 da destekler, sa\u00e7 k\u00f6klerini beslemeye ve sa\u011fl\u0131kl\u0131 bir uzama s\u00fcrecine girmesine katk\u0131 sa\u011flar.<\/li>\n<li><strong>Argan Ya\u011f\u0131<\/strong>: Nemlendirici ve besleyici \u00f6zelli\u011fi ile argan ya\u011f\u0131, sa\u00e7\u0131n derinlemesine nem dengesini sa\u011flamaya, sa\u00e7\u0131n do\u011fal parlakl\u0131\u011f\u0131n\u0131 artt\u0131rmaya, kuru ve cans\u0131z sa\u00e7lar\u0131 yeniden canland\u0131rmaya yard\u0131mc\u0131 olarak yumu\u015fak ve sa\u011fl\u0131kl\u0131 bir g\u00f6r\u00fcn\u00fcm kazand\u0131rmaya yard\u0131mc\u0131 olur. Ayr\u0131ca, argan ya\u011f\u0131 i\u00e7eri\u011findeki E vitamini ve ya\u011f asitleri sayesinde sa\u00e7\u0131n d\u0131\u015f etkenlere kar\u015f\u0131 koruyucu bir bariyer olu\u015fturmaya yard\u0131mc\u0131 olur.<\/li>\n<li><strong>Keratin<\/strong>: Sa\u00e7\u0131n temel yap\u0131 ta\u015f\u0131 olan keratin, bu bak\u0131m \u00fcr\u00fcn\u00fcnde sa\u00e7\u0131 d\u0131\u015far\u0131dan beslemeye ve g\u00fc\u00e7lendirmeye yard\u0131mc\u0131 olur. Zay\u0131f ve k\u0131r\u0131lgan sa\u00e7 tellerini onarmaya,hacim ve p\u00fcr\u00fczs\u00fczl\u00fck kazand\u0131rmaya yard\u0131mc\u0131 olur. Keratin, sa\u00e7\u0131n do\u011fal yap\u0131s\u0131na benzer \u015fekilde \u00e7al\u0131\u015farak sa\u011fl\u0131kl\u0131 bir g\u00f6r\u00fcn\u00fcm elde etmenizi destekler.<\/li>\n<li><strong>Bu\u011fday Proteini<\/strong>: Sa\u00e7 ve sakallar\u0131n daha sa\u011fl\u0131kl\u0131 uzamas\u0131n\u0131 destekler. K\u0131r\u0131lmalar\u0131 engellemeye ve telin i\u00e7yap\u0131s\u0131n\u0131 g\u00fc\u00e7lendirmeye yard\u0131mc\u0131 olur. Bu\u011fday proteini sa\u00e7\u0131 d\u0131\u015far\u0131dan korumaya, i\u00e7yap\u0131s\u0131n\u0131n da g\u00fc\u00e7lenmesine yard\u0131mc\u0131 olur, dolay\u0131s\u0131yla daha kal\u0131n, g\u00fc\u00e7l\u00fc ve hacimli bir g\u00f6r\u00fcn\u00fcm elde etmenize yard\u0131mc\u0131 olur.<\/li>\n<\/ul>\n<p><strong>Sa\u00e7&amp;sakal Bak\u0131m Botoxu<\/strong>, Sa\u00e7 ve sakallar\u0131n\u0131za gerekli olan her t\u00fcrl\u00fc besini ve nemi sa\u011flamaya destek olur. Daha sa\u011fl\u0131kl\u0131, g\u00fc\u00e7l\u00fc, parlak ve canl\u0131 bir g\u00f6r\u00fcn\u00fcm kazand\u0131rmaya yard\u0131m eder. D\u00fczenli kullan\u0131mda, sa\u00e7\u0131 derinlemesine beslemeye, hem d\u0131\u015f hem de i\u00e7 yap\u0131 \u00fczerinde uzun s\u00fcreli etki sa\u011flamaya yard\u0131mc\u0131 olur. T\u00fcm bu i\u00e7erikler bir araya gelerek, sa\u00e7 ve sakallar\u0131n\u0131z\u0131n dipten uca sa\u011fl\u0131kl\u0131 bir \u015fekilde \u015fekil almas\u0131n\u0131, g\u00fc\u00e7l\u00fc kalmas\u0131n\u0131 ve d\u0131\u015far\u0131dan gelen zararlara kar\u015f\u0131 korunmas\u0131n\u0131 sa\u011flamaya destek olur.<\/p>\n<p><strong>Kullan\u0131m \u015eekli:\u00a0<\/strong>Yeterli miktarda \u00fcr\u00fcn\u00fc elinize d\u00f6kerek sa\u00e7 ve sakal diplerine kadar iyice yedirdikten sonra uca do\u011fru masaj yaparak uygulay\u0131n\u0131z. \u00d6ylece kals\u0131n. Gece uygulay\u0131p sabaha kadarda bak\u0131m yapmas\u0131n\u0131 sa\u011flayabilirsiniz. (Her sa\u00e7 tipine uygundur)<\/p>\n<p><iframe title=\"Sa\u00e7&amp;Sakal Bak\u0131m Botoxu - 250 ML\" width=\"500\" height=\"281\" src=\"https:\/\/www.youtube.com\/embed\/jtQOLiAetIc?feature=oembed\" frameborder=\"0\" allow=\"accelerometer; autoplay; clipboard-write; encrypted-media; gyroscope; picture-in-picture; web-share\" referrerpolicy=\"strict-origin-when-cross-origin\" allowfullscreen><\/iframe><\/p>\n<p><iframe title=\"Profesyonel Tam Bak\u0131m Sa\u00e7 Botoxu 250 ML\" width=\"422\" height=\"750\" src=\"https:\/\/www.youtube.com\/embed\/uqerQ-xQ0k0?feature=oembed\" frameborder=\"0\" allow=\"accelerometer; autoplay; clipboard-write; encrypted-media; gyroscope; picture-in-picture; web-share\" referrerpolicy=\"strict-origin-when-cross-origin\" allowfullscreen><\/iframe><\/p>\n","protected":false},"excerpt":{"rendered":"<p>Sa\u00e7 ve sakal\u0131n\u0131z\u0131 <strong>D\u0130PTEN UCA BESLEYEREK, \u015eEK\u0130LLEND\u0130R\u0130P SAB\u0130T KALMASINA, CANLI, PARLAK VE G\u00dc\u00c7L\u00dc G\u00d6R\u00dcN\u00dcM KAZANMASINA<\/strong> yard\u0131mc\u0131 olur.<\/p>\n","protected":false},"featured_media":8263,"comment_status":"open","ping_status":"closed","template":"","meta":[],"product_brand":[],"product_cat":[75],"product_tag":[182,262,210,263,266,201,264,265,198,267],"class_list":{"0":"post-8256","1":"product","2":"type-product","3":"status-publish","4":"has-post-thumbnail","6":"product_cat-sac-bakimi","7":"product_tag-bakim","8":"product_tag-bakimli","9":"product_tag-dogal","10":"product_tag-dolgun","11":"product_tag-enerjik","12":"product_tag-gur","13":"product_tag-parlak","14":"product_tag-sabit","15":"product_tag-sac","16":"product_tag-sakal","17":"ts_product_brand-acvit","19":"first","20":"instock","21":"shipping-taxable","22":"purchasable","23":"product-type-simple"},"aioseo_notices":[],"_links":{"self":[{"href":"https:\/\/www.acvit.com.tr\/magaza\/wp-json\/wp\/v2\/product\/8256","targetHints":{"allow":["GET"]}}],"collection":[{"href":"https:\/\/www.acvit.com.tr\/magaza\/wp-json\/wp\/v2\/product"}],"about":[{"href":"https:\/\/www.acvit.com.tr\/magaza\/wp-json\/wp\/v2\/types\/product"}],"replies":[{"embeddable":true,"href":"https:\/\/www.acvit.com.tr\/magaza\/wp-json\/wp\/v2\/comments?post=8256"}],"wp:featuredmedia":[{"embeddable":true,"href":"https:\/\/www.acvit.com.tr\/magaza\/wp-json\/wp\/v2\/media\/8263"}],"wp:attachment":[{"href":"https:\/\/www.acvit.com.tr\/magaza\/wp-json\/wp\/v2\/media?parent=8256"}],"wp:term":[{"taxonomy":"product_brand","embeddable":true,"href":"https:\/\/www.acvit.com.tr\/magaza\/wp-json\/wp\/v2\/product_brand?post=8256"},{"taxonomy":"product_cat","embeddable":true,"href":"https:\/\/www.acvit.com.tr\/magaza\/wp-json\/wp\/v2\/product_cat?post=8256"},{"taxonomy":"product_tag","embeddable":true,"href":"https:\/\/www.acvit.com.tr\/magaza\/wp-json\/wp\/v2\/product_tag?post=8256"}],"curies":[{"name":"wp","href":"https:\/\/api.w.org\/{rel}","templated":true}]}}