{"id":8194,"date":"2024-08-27T10:16:14","date_gmt":"2024-08-27T07:16:14","guid":{"rendered":"https:\/\/www.acvit.com.tr\/magaza\/?page_id=8194"},"modified":"2024-08-27T11:15:56","modified_gmt":"2024-08-27T08:15:56","slug":"hakkimizda","status":"publish","type":"page","link":"https:\/\/www.acvit.com.tr\/magaza\/hakkimizda\/","title":{"rendered":"Hakk\u0131m\u0131zda"},"content":{"rendered":"\t\t<div data-elementor-type=\"wp-page\" data-elementor-id=\"8194\" class=\"elementor elementor-8194\">\n\t\t\t\t<div class=\"elementor-element elementor-element-8d0f4ce e-flex e-con-boxed e-con e-parent\" data-id=\"8d0f4ce\" data-element_type=\"container\">\n\t\t\t\t\t<div class=\"e-con-inner\">\n\t\t<div class=\"elementor-element elementor-element-7980983 e-con-full e-flex e-con e-child\" data-id=\"7980983\" data-element_type=\"container\">\n\t\t\t\t<div class=\"elementor-element elementor-element-b9ac4e9 elementor-widget-mobile__width-auto elementor-widget elementor-widget-text-editor\" data-id=\"b9ac4e9\" data-element_type=\"widget\" data-widget_type=\"text-editor.default\">\n\t\t\t\t<div class=\"elementor-widget-container\">\n\t\t\t\t\t\t\t\t\t<ul style=\"color: #551033;\"><li><strong>G\u00fczel Olma, En G\u00fczel Ol\u2026<\/strong><\/li><li><strong>Do\u011fay\u0131 Bilimle S\u00fcz\u00fcyoruz&#8230;<\/strong><\/li><li><strong>Kozmeti\u011fin \u015eifresini \u00c7\u00f6zen Y\u0131l\u0131n Kozmetik Markas\u0131 Acvit&#8230;<\/strong><\/li><\/ul><p>ACV\u0130T KOZMET\u0130K, 1999 y\u0131l\u0131nda do\u011fal Polifenol teknolojisini insanl\u0131kla bulu\u015fturmak i\u00e7in kurulmu\u015f bir firmad\u0131r. \u0130nsana insan oldu\u011fu i\u00e7in de\u011fer veren bir anlay\u0131\u015fla yola \u00e7\u0131km\u0131\u015f, kendisine \u00f6zen g\u00f6sterenleri g\u00fczelle\u015ftirerek, \u00f6zg\u00fcven artt\u0131ran, kaliteden \u00f6d\u00fcn vermeden yoluna devam eden do\u011fal kozmeti\u011fin adresidir.<\/p><p>\u00dcst segment \u00fcr\u00fcnler \u00fcreten ve kullan\u0131c\u0131lar\u0131n\u0131n hizmetine sunan do\u011fal \u00fcr\u00fcnlerin \u00f6nc\u00fcs\u00fc ACV\u0130T KOZMET\u0130K, k\u0131sa bir s\u00fcrede g\u00f6steri d\u00fcnyas\u0131n\u0131n ve \u00fcnl\u00fclerin ra\u011fbet g\u00f6sterdi\u011fi bir marka haline gelmi\u015ftir.<\/p><p>AR-GE \u00e7al\u0131\u015fmalar\u0131na da kuruldu\u011fu g\u00fcnden beri \u00f6nem veren ACV\u0130T KOZMET\u0130K, 2003 y\u0131l\u0131nda T\u00fcrk ve Uzakdo\u011fulu bilim adamlar\u0131n\u0131n ortak \u00e7al\u0131\u015fmalar\u0131 sonucu PP-BOX Teknolojisini insanl\u0131kla bulu\u015fturdu.<\/p><p><span style=\"font-family: var(--ts-pr-font-family); font-size: var(--ts-body-font-size); font-style: var(--ts-pr-font-style); letter-spacing: var(--ts-pr-letter-spacing); text-align: var(--text-align);\"><b style=\"color: #551033;\">Misyonumuz<\/b><span style=\"color: #551033;\"><b><br \/><\/b><\/span><\/span><span style=\"font-weight: var(--ts-pr-font-weight); font-family: var(--ts-pr-font-family); font-size: var(--ts-body-font-size); font-style: var(--ts-pr-font-style); letter-spacing: var(--ts-pr-letter-spacing); text-align: var(--text-align); color: var(--ts-text-color);\">Acvit Kozmetik \u00f6zg\u00fcvenin, yenili\u011fin, farkl\u0131l\u0131\u011f\u0131n, m\u00fckemmelli\u011fe ula\u015fman\u0131n aray\u0131\u015f\u0131 ile geli\u015fen ve ya\u015fayan bir markad\u0131r. Size \u00f6zel bak\u0131m uygulamalar\u0131, yenilikleri takip eden e\u011fitimli dan\u0131\u015fmanlar\u0131 size her an yenili\u011fe ve de\u011fi\u015fime haz\u0131r renkli bir atmosfer deneyimi ya\u015fat\u0131r. Kozmetik sekt\u00f6r\u00fcn\u00fcn \u00f6nc\u00fclerinden Acvit Kozmetik \u00fcr\u00fcn \u00e7e\u015fit ve say\u0131s\u0131n\u0131 her ge\u00e7en y\u0131l daha da art\u0131rarak m\u00fc\u015fterilerine daha \u00e7ok \u00fcr\u00fcn se\u00e7ene\u011fi sa\u011flamaktad\u0131r. Her y\u0131l do\u011fan\u0131n g\u00fcc\u00fcn\u00fc yeni yeni \u00fcr\u00fcnlerle hizmete sunmaktad\u0131r.<\/span><\/p><p><span style=\"font-family: var(--ts-pr-font-family); font-size: var(--ts-body-font-size); font-style: var(--ts-pr-font-style); letter-spacing: var(--ts-pr-letter-spacing); text-align: var(--text-align);\"><b style=\"color: #551033;\">Vizyonumuz<\/b><span style=\"color: #551033;\"><b><br \/><\/b><\/span><\/span><span style=\"text-align: var(--text-align); color: var(--ts-text-color); font-family: var(--ts-pr-font-family); font-size: var(--ts-body-font-size); font-style: var(--ts-pr-font-style); font-weight: var(--ts-pr-font-weight); letter-spacing: var(--ts-pr-letter-spacing);\">T\u00fcrkiye\u2019de ve D\u00fcnya\u2019da b\u00fct\u00fcn insanlar\u0131 ACV\u0130T ile bulu\u015fturmakt\u0131r. Acvit Kozmetik kendisine olu\u015fturdu\u011fu portf\u00f6y ve sabit t\u00fcketici say\u0131s\u0131 5 milyonu a\u015fm\u0131\u015ft\u0131r. \u00dcnl\u00fclerin vazge\u00e7ilmezi olmu\u015ftur. Do\u011fal kozmetik \u00fcr\u00fcnlerimiz y\u00fczy\u0131l\u0131n muhte\u015fem bulu\u015fu olan\u00a0<\/span><strong style=\"text-align: var(--text-align); color: var(--ts-text-color); font-family: var(--ts-pr-font-family); font-size: var(--ts-body-font-size); font-style: var(--ts-pr-font-style); letter-spacing: var(--ts-pr-letter-spacing);\">polifenol teknolojisi<\/strong><span style=\"text-align: var(--text-align); color: var(--ts-text-color); font-family: var(--ts-pr-font-family); font-size: var(--ts-body-font-size); font-style: var(--ts-pr-font-style); font-weight: var(--ts-pr-font-weight); letter-spacing: var(--ts-pr-letter-spacing);\">\u00a0kullan\u0131larak \u00f6zenle \u00fcretilmektedir. M\u00fc\u015fteri memnuniyeti konusunda ciddi \u00e7al\u0131\u015fmalarla s\u0131f\u0131r memnuniyetsizlik ilkesi bizim i\u00e7in en \u00f6nemli de\u011ferlerdendir. Fark\u0131m\u0131z \u00e7evreci olu\u015fumuz ekolojik a\u00e7\u0131dan s\u00fcrd\u00fcr\u00fclebilir nitelikte olmas\u0131na \u00f6zen g\u00f6stermekteyiz. \u00dcr\u00fcnlerimizin klinik ara\u015ft\u0131rmalar\u0131nda ve test a\u015famas\u0131nda hayvanlar \u00fczerinde deney yap\u0131lmamaktad\u0131r.<\/span><\/p>\t\t\t\t\t\t\t\t<\/div>\n\t\t\t\t<\/div>\n\t\t\t\t<\/div>\n\t\t<div class=\"elementor-element elementor-element-f509c26 e-con-full e-flex e-con e-child\" data-id=\"f509c26\" data-element_type=\"container\">\n\t\t\t\t<div class=\"elementor-element elementor-element-a2e5a1d elementor-invisible elementor-widget elementor-widget-image\" data-id=\"a2e5a1d\" data-element_type=\"widget\" data-settings=\"{&quot;_animation&quot;:&quot;fadeInRight&quot;}\" data-widget_type=\"image.default\">\n\t\t\t\t<div class=\"elementor-widget-container\">\n\t\t\t\t\t\t\t\t\t\t\t\t\t\t\t<img fetchpriority=\"high\" decoding=\"async\" width=\"486\" height=\"584\" src=\"https:\/\/www.acvit.com.tr\/magaza\/wp-content\/uploads\/plant1.jpg\" class=\"attachment-large size-large wp-image-7976\" alt=\"\" srcset=\"https:\/\/www.acvit.com.tr\/magaza\/wp-content\/uploads\/plant1.jpg 486w, https:\/\/www.acvit.com.tr\/magaza\/wp-content\/uploads\/plant1-250x300.jpg 250w\" sizes=\"(max-width: 486px) 100vw, 486px\" \/>\t\t\t\t\t\t\t\t\t\t\t\t\t\t\t<\/div>\n\t\t\t\t<\/div>\n\t\t\t\t<\/div>\n\t\t\t\t\t<\/div>\n\t\t\t\t<\/div>\n\t\t<div class=\"elementor-element elementor-element-767d14f e-grid e-con-boxed e-con e-parent\" data-id=\"767d14f\" data-element_type=\"container\">\n\t\t\t\t\t<div class=\"e-con-inner\">\n\t\t\t\t<div class=\"elementor-element elementor-element-5d48470 elementor-widget elementor-widget-text-editor\" data-id=\"5d48470\" data-element_type=\"widget\" data-widget_type=\"text-editor.default\">\n\t\t\t\t<div class=\"elementor-widget-container\">\n\t\t\t\t\t\t\t\t\t<p><b style=\"color: #551033;\">&nbsp;<\/b><\/p>\n<p><b style=\"color: #551033;\">De\u011ferlerimiz&#8230;<\/b><\/p>\n<p><span style=\"text-align: var(--text-align); font-family: var(--ts-pr-font-family); font-size: var(--ts-body-font-size); font-style: var(--ts-pr-font-style); letter-spacing: var(--ts-pr-letter-spacing); font-weight: var(--ts-pr-font-weight); color: var(--ts-text-color);\">Klinik \u00e7al\u0131\u015fmalar\u0131 yan\u0131nda, kullan\u0131c\u0131lar\u0131m\u0131z\u0131n fikir ve ele\u015ftirilerini \u00f6n planda tutup, de\u011fer vermek.<br><\/span><span style=\"color: var(--ts-text-color); font-family: var(--ts-pr-font-family); font-size: var(--ts-body-font-size); font-style: var(--ts-pr-font-style); font-weight: var(--ts-pr-font-weight); letter-spacing: var(--ts-pr-letter-spacing); text-align: var(--text-align);\">Kaliteden taviz vermeden do\u011fal \u00fcr\u00fcnlerle yolumuza devam etmek.<br><\/span><span style=\"color: var(--ts-text-color); font-family: var(--ts-pr-font-family); font-size: var(--ts-body-font-size); font-style: var(--ts-pr-font-style); font-weight: var(--ts-pr-font-weight); letter-spacing: var(--ts-pr-letter-spacing); text-align: var(--text-align);\">T\u00fcm faaliyetlerinde daima d\u00fcr\u00fcst olmak.<br><\/span><span style=\"color: var(--ts-text-color); font-family: var(--ts-pr-font-family); font-size: var(--ts-body-font-size); font-style: var(--ts-pr-font-style); font-weight: var(--ts-pr-font-weight); letter-spacing: var(--ts-pr-letter-spacing); text-align: var(--text-align);\">M\u00fc\u015fterilerine daima sayg\u0131l\u0131 davranmak.<br><\/span><span style=\"color: var(--ts-text-color); font-family: var(--ts-pr-font-family); font-size: var(--ts-body-font-size); font-style: var(--ts-pr-font-style); font-weight: var(--ts-pr-font-weight); letter-spacing: var(--ts-pr-letter-spacing); text-align: var(--text-align);\">Sorumluluk bilincini \u00fcst d\u00fczeyde tutarak kaliteyi artt\u0131rmak.<br><\/span><span style=\"color: var(--ts-text-color); font-family: var(--ts-pr-font-family); font-size: var(--ts-body-font-size); font-style: var(--ts-pr-font-style); font-weight: var(--ts-pr-font-weight); letter-spacing: var(--ts-pr-letter-spacing); text-align: var(--text-align);\">M\u00fc\u015fteri odakl\u0131 \u00e7al\u0131\u015fma ilkesini s\u00fcrekli \u00f6n planda tutmak.<br><\/span><span style=\"color: var(--ts-text-color); font-family: var(--ts-pr-font-family); font-size: var(--ts-body-font-size); font-style: var(--ts-pr-font-style); font-weight: var(--ts-pr-font-weight); letter-spacing: var(--ts-pr-letter-spacing); text-align: var(--text-align);\">Do\u011fal \u00fcr\u00fcnler \u00fcretip, satmak. S\u00fcrd\u00fcr\u00fclebilir do\u011fa ve \u00e7evreyi korumak.<br><\/span><span style=\"color: var(--ts-text-color); font-family: var(--ts-pr-font-family); font-size: var(--ts-body-font-size); font-style: var(--ts-pr-font-style); font-weight: var(--ts-pr-font-weight); letter-spacing: var(--ts-pr-letter-spacing); text-align: var(--text-align);\">T\u00fcm faaliyetlerinde yasal mevzuatlara uygun hareket etmek.<br><\/span><span style=\"color: var(--ts-text-color); font-family: var(--ts-pr-font-family); font-size: var(--ts-body-font-size); font-style: var(--ts-pr-font-style); font-weight: var(--ts-pr-font-weight); letter-spacing: var(--ts-pr-letter-spacing); text-align: var(--text-align);\">Kullanmad\u0131\u011f\u0131m\u0131z\u0131 satm\u0131yoruz! Al, kullan, tekrar al, arkada\u015f\u0131na \u00f6ner.<\/span><\/p>\n<p><span style=\"color: var(--ts-text-color); font-family: var(--ts-pr-font-family); font-size: var(--ts-body-font-size); font-style: var(--ts-pr-font-style); font-weight: var(--ts-pr-font-weight); letter-spacing: var(--ts-pr-letter-spacing); text-align: var(--text-align);\">Acvit Kozmetik her \u00fcretti\u011fi \u00fcr\u00fcnde ARGE \u00e7al\u0131\u015fmalar\u0131na b\u00fcy\u00fck \u00f6nem vermektedir. \u00dcretilen her \u00fcr\u00fcn en az 150 t\u00fcketiciye denettirildikten sonra sat\u0131\u015fa sunulmaktad\u0131r. Bir alan bir daha als\u0131n, \u00e7evresine pozitif anlats\u0131n d\u00fc\u015f\u00fcncesi ile hareket etmekteyiz. Bizim en b\u00fcy\u00fck sermayemiz kaliteli \u00fcr\u00fcn gam\u0131m\u0131z ve pozitif t\u00fcketici f\u0131s\u0131lt\u0131s\u0131d\u0131r.<\/span><span style=\"text-align: var(--text-align); color: var(--ts-text-color); font-family: var(--ts-pr-font-family); font-size: var(--ts-body-font-size); font-style: var(--ts-pr-font-style); font-weight: var(--ts-pr-font-weight); letter-spacing: var(--ts-pr-letter-spacing);\"><br><\/span><\/p>\n<p><b style=\"color: #551033;\">Markalar\u0131m\u0131z&#8230;<\/b><\/p>\n<p>\u015eifal\u0131 Bitkisel \u00dcr\u00fcnler ve Kozmetik San. Tic. Ltd. \u015eti. b\u00fcnyesinde 4 tane marka bulunmaktad\u0131r. D\u00fcnyada ve \u00fclkemizde her g\u00fcn milyonlarca insan, iyi hissetmek ve iyi g\u00f6r\u00fcnmek i\u00e7in kozmetik&nbsp;<span style=\"text-align: var(--text-align); background-color: var(--ts-main-bg); color: var(--ts-text-color); font-family: var(--ts-pr-font-family); font-size: var(--ts-body-font-size); font-style: var(--ts-pr-font-style); font-weight: var(--ts-pr-font-weight); letter-spacing: var(--ts-pr-letter-spacing);\">sekt\u00f6r\u00fcnden faydalanmaktad\u0131r. Biz de markalar\u0131m\u0131zla birlikte burada yerimizi almaktay\u0131z.<\/span><\/p><p><span style=\"text-align: var(--text-align); background-color: var(--ts-main-bg); color: var(--ts-text-color); font-family: var(--ts-pr-font-family); font-size: var(--ts-body-font-size); font-style: var(--ts-pr-font-style); font-weight: var(--ts-pr-font-weight); letter-spacing: var(--ts-pr-letter-spacing);\"><br><\/span><\/p>\t\t\t\t\t\t\t\t<\/div>\n\t\t\t\t<\/div>\n\t\t\t\t\t<\/div>\n\t\t\t\t<\/div>\n\t\t<div class=\"elementor-element elementor-element-8056957 e-grid e-con-boxed e-con e-parent\" data-id=\"8056957\" data-element_type=\"container\">\n\t\t\t\t\t<div class=\"e-con-inner\">\n\t\t\t\t<div class=\"elementor-element elementor-element-4b48955 elementor-widget elementor-widget-image\" data-id=\"4b48955\" data-element_type=\"widget\" data-widget_type=\"image.default\">\n\t\t\t\t<div class=\"elementor-widget-container\">\n\t\t\t\t\t\t\t\t\t\t\t\t\t\t\t<img decoding=\"async\" width=\"118\" height=\"54\" src=\"https:\/\/www.acvit.com.tr\/magaza\/wp-content\/uploads\/marka-acvit.png\" class=\"attachment-large size-large wp-image-7981\" alt=\"\" \/>\t\t\t\t\t\t\t\t\t\t\t\t\t\t\t<\/div>\n\t\t\t\t<\/div>\n\t\t\t\t<div class=\"elementor-element elementor-element-0efee78 elementor-widget elementor-widget-image\" data-id=\"0efee78\" data-element_type=\"widget\" data-widget_type=\"image.default\">\n\t\t\t\t<div class=\"elementor-widget-container\">\n\t\t\t\t\t\t\t\t\t\t\t\t\t\t\t<img decoding=\"async\" width=\"115\" height=\"56\" src=\"https:\/\/www.acvit.com.tr\/magaza\/wp-content\/uploads\/Marka-vensil.png\" class=\"attachment-large size-large wp-image-7982\" alt=\"\" \/>\t\t\t\t\t\t\t\t\t\t\t\t\t\t\t<\/div>\n\t\t\t\t<\/div>\n\t\t\t\t<div class=\"elementor-element elementor-element-d762e12 elementor-widget elementor-widget-image\" data-id=\"d762e12\" data-element_type=\"widget\" data-widget_type=\"image.default\">\n\t\t\t\t<div class=\"elementor-widget-container\">\n\t\t\t\t\t\t\t\t\t\t\t\t\t\t\t<img loading=\"lazy\" decoding=\"async\" width=\"154\" height=\"18\" src=\"https:\/\/www.acvit.com.tr\/magaza\/wp-content\/uploads\/marka-romson.png\" class=\"attachment-large size-large wp-image-7983\" alt=\"\" srcset=\"https:\/\/www.acvit.com.tr\/magaza\/wp-content\/uploads\/marka-romson.png 154w, https:\/\/www.acvit.com.tr\/magaza\/wp-content\/uploads\/marka-romson-150x18.png 150w\" sizes=\"(max-width: 154px) 100vw, 154px\" \/>\t\t\t\t\t\t\t\t\t\t\t\t\t\t\t<\/div>\n\t\t\t\t<\/div>\n\t\t\t\t<div class=\"elementor-element elementor-element-deb0100 elementor-widget elementor-widget-image\" data-id=\"deb0100\" data-element_type=\"widget\" data-widget_type=\"image.default\">\n\t\t\t\t<div class=\"elementor-widget-container\">\n\t\t\t\t\t\t\t\t\t\t\t\t\t\t\t<img loading=\"lazy\" decoding=\"async\" width=\"91\" height=\"43\" src=\"https:\/\/www.acvit.com.tr\/magaza\/wp-content\/uploads\/marka-bioro.png\" class=\"attachment-large size-large wp-image-7984\" alt=\"\" \/>\t\t\t\t\t\t\t\t\t\t\t\t\t\t\t<\/div>\n\t\t\t\t<\/div>\n\t\t<div class=\"elementor-element elementor-element-e8bd81c e-con-full e-flex e-con e-child\" data-id=\"e8bd81c\" data-element_type=\"container\">\n\t\t\t\t<\/div>\n\t\t<div class=\"elementor-element elementor-element-698488b e-con-full e-flex e-con e-child\" data-id=\"698488b\" data-element_type=\"container\">\n\t\t\t\t<\/div>\n\t\t\t\t\t<\/div>\n\t\t\t\t<\/div>\n\t\t\t\t<\/div>\n\t\t","protected":false},"excerpt":{"rendered":"<p>G\u00fczel Olma, En G\u00fczel Ol\u2026 Do\u011fay\u0131 Bilimle S\u00fcz\u00fcyoruz&#8230; Kozmeti\u011fin \u015eifresini \u00c7\u00f6zen Y\u0131l\u0131n Kozmetik Markas\u0131 Acvit&#8230; ACV\u0130T KOZMET\u0130K, 1999 y\u0131l\u0131nda do\u011fal Polifenol teknolojisini insanl\u0131kla bulu\u015fturmak i\u00e7in kurulmu\u015f bir firmad\u0131r. \u0130nsana insan oldu\u011fu i\u00e7in de\u011fer veren bir anlay\u0131\u015fla yola \u00e7\u0131km\u0131\u015f, kendisine \u00f6zen g\u00f6sterenleri g\u00fczelle\u015ftirerek, \u00f6zg\u00fcven artt\u0131ran, kaliteden \u00f6d\u00fcn vermeden yoluna devam eden do\u011fal kozmeti\u011fin adresidir. \u00dcst segment [&hellip;]<\/p>\n","protected":false},"author":1,"featured_media":0,"parent":0,"menu_order":0,"comment_status":"closed","ping_status":"closed","template":"","meta":{"footnotes":""},"class_list":["post-8194","page","type-page","status-publish","hentry"],"aioseo_notices":[],"_links":{"self":[{"href":"https:\/\/www.acvit.com.tr\/magaza\/wp-json\/wp\/v2\/pages\/8194","targetHints":{"allow":["GET"]}}],"collection":[{"href":"https:\/\/www.acvit.com.tr\/magaza\/wp-json\/wp\/v2\/pages"}],"about":[{"href":"https:\/\/www.acvit.com.tr\/magaza\/wp-json\/wp\/v2\/types\/page"}],"author":[{"embeddable":true,"href":"https:\/\/www.acvit.com.tr\/magaza\/wp-json\/wp\/v2\/users\/1"}],"replies":[{"embeddable":true,"href":"https:\/\/www.acvit.com.tr\/magaza\/wp-json\/wp\/v2\/comments?post=8194"}],"version-history":[{"count":11,"href":"https:\/\/www.acvit.com.tr\/magaza\/wp-json\/wp\/v2\/pages\/8194\/revisions"}],"predecessor-version":[{"id":8262,"href":"https:\/\/www.acvit.com.tr\/magaza\/wp-json\/wp\/v2\/pages\/8194\/revisions\/8262"}],"wp:attachment":[{"href":"https:\/\/www.acvit.com.tr\/magaza\/wp-json\/wp\/v2\/media?parent=8194"}],"curies":[{"name":"wp","href":"https:\/\/api.w.org\/{rel}","templated":true}]}}