{"id":7783,"date":"2024-09-07T16:52:35","date_gmt":"2024-09-07T13:52:35","guid":{"rendered":"https:\/\/www.acvit.com.tr\/magaza\/?page_id=7783"},"modified":"2024-09-07T16:54:14","modified_gmt":"2024-09-07T13:54:14","slug":"blog","status":"publish","type":"page","link":"https:\/\/www.acvit.com.tr\/magaza\/blog\/","title":{"rendered":"Blog"},"content":{"rendered":"\t\t<div data-elementor-type=\"wp-page\" data-elementor-id=\"7783\" class=\"elementor elementor-7783\">\n\t\t\t\t<div class=\"elementor-element elementor-element-7d929e7 e-grid e-con-boxed e-con e-parent\" data-id=\"7d929e7\" data-element_type=\"container\">\n\t\t\t\t\t<div class=\"e-con-inner\">\n\t\t\t\t<div class=\"elementor-element elementor-element-92f71bf elementor-widget elementor-widget-ts-blogs\" data-id=\"92f71bf\" data-element_type=\"widget\" data-widget_type=\"ts-blogs.default\">\n\t\t\t\t<div class=\"elementor-widget-container\">\n\t\t\t\t\t\t\t\t<div class=\"ts-blogs-wrapper ts-shortcode ts-blogs columns-2 style-grid\" style=\"--ts-columns: 2\" data-atts=\"{&quot;layout&quot;:&quot;grid&quot;,&quot;columns&quot;:2,&quot;categories&quot;:&quot;&quot;,&quot;limit&quot;:50,&quot;orderby&quot;:&quot;date&quot;,&quot;order&quot;:&quot;DESC&quot;,&quot;show_title&quot;:&quot;1&quot;,&quot;show_thumbnail&quot;:&quot;1&quot;,&quot;show_author&quot;:&quot;1&quot;,&quot;show_categories&quot;:&quot;1&quot;,&quot;show_date&quot;:&quot;1&quot;,&quot;show_comment&quot;:&quot;0&quot;,&quot;show_excerpt&quot;:&quot;1&quot;,&quot;show_readmore&quot;:&quot;&quot;,&quot;excerpt_words&quot;:36,&quot;is_slider&quot;:0,&quot;show_nav&quot;:null,&quot;auto_play&quot;:null,&quot;is_masonry&quot;:0,&quot;show_load_more&quot;:&quot;0&quot;}\" >\n\t\t\t\t\t\t\t\t\n\t\t\t\t<div class=\"content-wrapper\">\n\t\t\t\t\t<div class=\"blogs items\">\n\t\t\t\t\t\t\t\t\t\t<article class=\"item   \">\n\t\t\t\t\t\n\t\t\t\t\t\t\t\t\t\t\t<div class=\"article-content\">\n\t\t\t\t\t\t\t<div class=\"thumbnail-content\">\n\t\t\t\t\t\t\t\t\t\t\t\t\t\t\t<\/div>\n\t\t\t\t\t\t\t\n\t\t\t\t\t\t\t<div class=\"entry-content\">\n\t\t\t\t\t\t\t\t<div class=\"entry-meta-top\">\t\t\t\t\t\t\t\t\t\n\t\t\t\t\t\t\t\t\t\t\t\t\t\t\t\t\t\t<!-- Blog Categories -->\n\t\t\t\t\t\t\t\t\t<div class=\"cats-link\">\n\t\t\t\t\t\t\t\t\t\t<a href=\"https:\/\/www.acvit.com.tr\/magaza\/category\/genel\/\" rel=\"category tag\">Genel<\/a>\t\t\t\t\t\t\t\t\t<\/div>\n\t\t\t\t\t\t\t\t\t\t\t\t\t\t\t\t\t\t\n\t\t\t\t\t\t\t\t<\/div>\n\t\t\t\t\t\t\t\t\n\t\t\t\t\t\t\t\t<header>\n\t\t\t\t\t\t\t\t\t\t\t\t\t\t\t\t\t\t<h4 class=\"heading-title entry-title\">\n\t\t\t\t\t\t\t\t\t\t<a class=\"post-title\" href=\"https:\/\/www.acvit.com.tr\/magaza\/nisan-ayinda-sac-dokulmesi-neden-artar-ne-yapmali\/\">Nisan Ay\u0131nda Sa\u00e7 D\u00f6k\u00fclmesi Neden Artar? Ne Yapmal\u0131?<\/a>\n\t\t\t\t\t\t\t\t\t<\/h4>\n\t\t\t\t\t\t\t\t\t\t\t\t\t\t\t\t\t<\/header>\n\t\t\t\t\t\t\t\t\n\t\t\t\t\t\t\t\t\t\t\t\t\t\t\t\t<div class=\"excerpt\">Bahar aylar\u0131yla birlikte do\u011fa yeniden canlan\u0131rken, pek \u00e7ok ki\u015fi sa\u00e7lar\u0131nda daha fazla d\u00f6k\u00fclme g\u00f6zlemleyebiliyor. \u00d6zellikle Nisan ay\u0131nda bu durumun daha belirgin hissedilmesi, \u00e7o\u011fu zaman endi\u015fe yaratsa da genellikle farkl\u0131 i\u00e7 ve d\u0131\u015f fakt\u00f6rlerin bir araya gelmesiyle<\/div>\n\t\t\t\t\t\t\t\t\t\t\t\t\t\t\t\t\n\t\t\t\t\t\t\t\t\t\t\t\t\t\t\t\t<div class=\"entry-meta-bottom\">\n\t\t\t\t\t\t\t\n\t\t\t\t\t\t\t\t\t\t\t\t\t\t\t\t\t\t\t<span class=\"vcard author\">\n\t\t\t\t\t\t\t\t\t\t\t<span>BY<\/span>\n\t\t\t\t\t\t\t\t\t\t\t<a href=\"https:\/\/www.acvit.com.tr\/magaza\/author\/acvit\/\" title=\"acvit taraf\u0131ndan yaz\u0131lan yaz\u0131lar\" rel=\"author\">acvit<\/a>\t\t\t\t\t\t\t\t\t\t<\/span>\n\t\t\t\t\t\t\t\t\t\t\t\t\t\t\t\t\t\n\t\t\t\t\t\t\t\t\t\t\t\t\t\t\t\t\t\t\t<span class=\"date-time\">22 Nisan 2026<\/span>\n\t\t\t\t\t\t\t\t\t\t\t\t\t\t\t\t\t\t\n\t\t\t\t\t\t\t\t\t\t\t\t\t\t\t\t\t<\/div>\n\t\t\t\t\t\t\t\t\n\t\t\t\t\t\t\t\t\t\t\t\t\t\t\t<\/div>\n\t\t\t\t\t\t\t\n\t\t\t\t\t\t<\/div>\n\t\t\t\t\t\t\t\n\t\t\t\t\t\t\t\t\t\t<\/article>\n\t\t\t\t\t\t\t\t<article class=\"item   \">\n\t\t\t\t\t\n\t\t\t\t\t\t\t\t\t\t\t<div class=\"article-content\">\n\t\t\t\t\t\t\t<div class=\"thumbnail-content\">\n\t\t\t\t\t\t\t\t\t\t\t\t\t\t\t<\/div>\n\t\t\t\t\t\t\t\n\t\t\t\t\t\t\t<div class=\"entry-content\">\n\t\t\t\t\t\t\t\t<div class=\"entry-meta-top\">\t\t\t\t\t\t\t\t\t\n\t\t\t\t\t\t\t\t\t\t\t\t\t\t\t\t\t\t<!-- Blog Categories -->\n\t\t\t\t\t\t\t\t\t<div class=\"cats-link\">\n\t\t\t\t\t\t\t\t\t\t<a href=\"https:\/\/www.acvit.com.tr\/magaza\/category\/genel\/\" rel=\"category tag\">Genel<\/a>\t\t\t\t\t\t\t\t\t<\/div>\n\t\t\t\t\t\t\t\t\t\t\t\t\t\t\t\t\t\t\n\t\t\t\t\t\t\t\t<\/div>\n\t\t\t\t\t\t\t\t\n\t\t\t\t\t\t\t\t<header>\n\t\t\t\t\t\t\t\t\t\t\t\t\t\t\t\t\t\t<h4 class=\"heading-title entry-title\">\n\t\t\t\t\t\t\t\t\t\t<a class=\"post-title\" href=\"https:\/\/www.acvit.com.tr\/magaza\/bahar-aylarinda-cilt-bakimi-nisanda-hangi-urunler-tercih-edilebilir\/\">Bahar Aylar\u0131nda Cilt Bak\u0131m\u0131: Nisan\u2019da Hangi \u00dcr\u00fcnler Tercih Edilebilir?<\/a>\n\t\t\t\t\t\t\t\t\t<\/h4>\n\t\t\t\t\t\t\t\t\t\t\t\t\t\t\t\t\t<\/header>\n\t\t\t\t\t\t\t\t\n\t\t\t\t\t\t\t\t\t\t\t\t\t\t\t\t<div class=\"excerpt\">K\u0131\u015f aylar\u0131n\u0131n ard\u0131ndan Nisan ile birlikte hava \u0131s\u0131nmaya, nem oran\u0131 ve g\u00fcne\u015fin etkisi de\u011fi\u015fmeye ba\u015flar. Bu ge\u00e7i\u015f d\u00f6nemi, cilt bak\u0131m rutininde de baz\u0131 k\u00fc\u00e7\u00fck dokunu\u015flar\u0131 g\u00fcndeme getirebilir. Cildin bu yeni d\u00f6neme daha konforlu uyum sa\u011flayabilmesi i\u00e7in,<\/div>\n\t\t\t\t\t\t\t\t\t\t\t\t\t\t\t\t\n\t\t\t\t\t\t\t\t\t\t\t\t\t\t\t\t<div class=\"entry-meta-bottom\">\n\t\t\t\t\t\t\t\n\t\t\t\t\t\t\t\t\t\t\t\t\t\t\t\t\t\t\t<span class=\"vcard author\">\n\t\t\t\t\t\t\t\t\t\t\t<span>BY<\/span>\n\t\t\t\t\t\t\t\t\t\t\t<a href=\"https:\/\/www.acvit.com.tr\/magaza\/author\/acvit\/\" title=\"acvit taraf\u0131ndan yaz\u0131lan yaz\u0131lar\" rel=\"author\">acvit<\/a>\t\t\t\t\t\t\t\t\t\t<\/span>\n\t\t\t\t\t\t\t\t\t\t\t\t\t\t\t\t\t\n\t\t\t\t\t\t\t\t\t\t\t\t\t\t\t\t\t\t\t<span class=\"date-time\">22 Nisan 2026<\/span>\n\t\t\t\t\t\t\t\t\t\t\t\t\t\t\t\t\t\t\n\t\t\t\t\t\t\t\t\t\t\t\t\t\t\t\t\t<\/div>\n\t\t\t\t\t\t\t\t\n\t\t\t\t\t\t\t\t\t\t\t\t\t\t\t<\/div>\n\t\t\t\t\t\t\t\n\t\t\t\t\t\t<\/div>\n\t\t\t\t\t\t\t\n\t\t\t\t\t\t\t\t\t\t<\/article>\n\t\t\t\t\t\t\t\t<article class=\"item   \">\n\t\t\t\t\t\n\t\t\t\t\t\t\t\t\t\t\t<div class=\"article-content\">\n\t\t\t\t\t\t\t<div class=\"thumbnail-content\">\n\t\t\t\t\t\t\t\t\t\t\t\t\t\t\t<\/div>\n\t\t\t\t\t\t\t\n\t\t\t\t\t\t\t<div class=\"entry-content\">\n\t\t\t\t\t\t\t\t<div class=\"entry-meta-top\">\t\t\t\t\t\t\t\t\t\n\t\t\t\t\t\t\t\t\t\t\t\t\t\t\t\t\t\t<!-- Blog Categories -->\n\t\t\t\t\t\t\t\t\t<div class=\"cats-link\">\n\t\t\t\t\t\t\t\t\t\t<a href=\"https:\/\/www.acvit.com.tr\/magaza\/category\/genel\/\" rel=\"category tag\">Genel<\/a>\t\t\t\t\t\t\t\t\t<\/div>\n\t\t\t\t\t\t\t\t\t\t\t\t\t\t\t\t\t\t\n\t\t\t\t\t\t\t\t<\/div>\n\t\t\t\t\t\t\t\t\n\t\t\t\t\t\t\t\t<header>\n\t\t\t\t\t\t\t\t\t\t\t\t\t\t\t\t\t\t<h4 class=\"heading-title entry-title\">\n\t\t\t\t\t\t\t\t\t\t<a class=\"post-title\" href=\"https:\/\/www.acvit.com.tr\/magaza\/kistan-yaza-gecerken-cilt-ve-vucut-bakimi-nasil-olmali\/\">K\u0131\u015ftan Yaza Ge\u00e7erken Cilt ve V\u00fccut Bak\u0131m\u0131 Nas\u0131l Olmal\u0131?<\/a>\n\t\t\t\t\t\t\t\t\t<\/h4>\n\t\t\t\t\t\t\t\t\t\t\t\t\t\t\t\t\t<\/header>\n\t\t\t\t\t\t\t\t\n\t\t\t\t\t\t\t\t\t\t\t\t\t\t\t\t<div class=\"excerpt\">K\u0131\u015f aylar\u0131n\u0131n yo\u011fun ve kurutucu etkilerinden \u00e7\u0131kan cilt, bahar ve yaz d\u00f6nemine ge\u00e7erken farkl\u0131 ihtiya\u00e7lar g\u00f6sterebilir. Bu ge\u00e7i\u015f s\u00fcrecinde bak\u0131m rutininde yap\u0131lacak k\u00fc\u00e7\u00fck de\u011fi\u015fiklikler, cildin daha dengeli ve canl\u0131 g\u00f6r\u00fcnmesine katk\u0131 sa\u011flayabilir. Her cilt yap\u0131s\u0131n\u0131n farkl\u0131<\/div>\n\t\t\t\t\t\t\t\t\t\t\t\t\t\t\t\t\n\t\t\t\t\t\t\t\t\t\t\t\t\t\t\t\t<div class=\"entry-meta-bottom\">\n\t\t\t\t\t\t\t\n\t\t\t\t\t\t\t\t\t\t\t\t\t\t\t\t\t\t\t<span class=\"vcard author\">\n\t\t\t\t\t\t\t\t\t\t\t<span>BY<\/span>\n\t\t\t\t\t\t\t\t\t\t\t<a href=\"https:\/\/www.acvit.com.tr\/magaza\/author\/acvit\/\" title=\"acvit taraf\u0131ndan yaz\u0131lan yaz\u0131lar\" rel=\"author\">acvit<\/a>\t\t\t\t\t\t\t\t\t\t<\/span>\n\t\t\t\t\t\t\t\t\t\t\t\t\t\t\t\t\t\n\t\t\t\t\t\t\t\t\t\t\t\t\t\t\t\t\t\t\t<span class=\"date-time\">22 Nisan 2026<\/span>\n\t\t\t\t\t\t\t\t\t\t\t\t\t\t\t\t\t\t\n\t\t\t\t\t\t\t\t\t\t\t\t\t\t\t\t\t<\/div>\n\t\t\t\t\t\t\t\t\n\t\t\t\t\t\t\t\t\t\t\t\t\t\t\t<\/div>\n\t\t\t\t\t\t\t\n\t\t\t\t\t\t<\/div>\n\t\t\t\t\t\t\t\n\t\t\t\t\t\t\t\t\t\t<\/article>\n\t\t\t\t\t\t\t\t<article class=\"item   \">\n\t\t\t\t\t\n\t\t\t\t\t\t\t\t\t\t\t<div class=\"article-content\">\n\t\t\t\t\t\t\t<div class=\"thumbnail-content\">\n\t\t\t\t\t\t\t\t\t\t\t\t\t\t\t<\/div>\n\t\t\t\t\t\t\t\n\t\t\t\t\t\t\t<div class=\"entry-content\">\n\t\t\t\t\t\t\t\t<div class=\"entry-meta-top\">\t\t\t\t\t\t\t\t\t\n\t\t\t\t\t\t\t\t\t\t\t\t\t\t\t\t\t\t<!-- Blog Categories -->\n\t\t\t\t\t\t\t\t\t<div class=\"cats-link\">\n\t\t\t\t\t\t\t\t\t\t<a href=\"https:\/\/www.acvit.com.tr\/magaza\/category\/genel\/\" rel=\"category tag\">Genel<\/a>\t\t\t\t\t\t\t\t\t<\/div>\n\t\t\t\t\t\t\t\t\t\t\t\t\t\t\t\t\t\t\n\t\t\t\t\t\t\t\t<\/div>\n\t\t\t\t\t\t\t\t\n\t\t\t\t\t\t\t\t<header>\n\t\t\t\t\t\t\t\t\t\t\t\t\t\t\t\t\t\t<h4 class=\"heading-title entry-title\">\n\t\t\t\t\t\t\t\t\t\t<a class=\"post-title\" href=\"https:\/\/www.acvit.com.tr\/magaza\/nisan-ayinda-cilt-bakimi-nasil-yapilmali\/\">Nisan Ay\u0131nda Cilt Bak\u0131m\u0131 Nas\u0131l Yap\u0131lmal\u0131?<\/a>\n\t\t\t\t\t\t\t\t\t<\/h4>\n\t\t\t\t\t\t\t\t\t\t\t\t\t\t\t\t\t<\/header>\n\t\t\t\t\t\t\t\t\n\t\t\t\t\t\t\t\t\t\t\t\t\t\t\t\t<div class=\"excerpt\">Mevsim ge\u00e7i\u015fleri, \u00f6zellikle de bahar\u0131n kendini hissettirdi\u011fi Nisan ay\u0131, cilt i\u00e7in hassas bir d\u00f6nem olabilir. K\u0131\u015f\u0131n so\u011fuk ve kuru etkilerinden \u00e7\u0131kan cilt, baharla birlikte de\u011fi\u015fen hava ko\u015fullar\u0131na uyum sa\u011flamaya \u00e7al\u0131\u015f\u0131r. Bu s\u00fcre\u00e7te ciltte kuruluk, matl\u0131k ya<\/div>\n\t\t\t\t\t\t\t\t\t\t\t\t\t\t\t\t\n\t\t\t\t\t\t\t\t\t\t\t\t\t\t\t\t<div class=\"entry-meta-bottom\">\n\t\t\t\t\t\t\t\n\t\t\t\t\t\t\t\t\t\t\t\t\t\t\t\t\t\t\t<span class=\"vcard author\">\n\t\t\t\t\t\t\t\t\t\t\t<span>BY<\/span>\n\t\t\t\t\t\t\t\t\t\t\t<a href=\"https:\/\/www.acvit.com.tr\/magaza\/author\/acvit\/\" title=\"acvit taraf\u0131ndan yaz\u0131lan yaz\u0131lar\" rel=\"author\">acvit<\/a>\t\t\t\t\t\t\t\t\t\t<\/span>\n\t\t\t\t\t\t\t\t\t\t\t\t\t\t\t\t\t\n\t\t\t\t\t\t\t\t\t\t\t\t\t\t\t\t\t\t\t<span class=\"date-time\">22 Nisan 2026<\/span>\n\t\t\t\t\t\t\t\t\t\t\t\t\t\t\t\t\t\t\n\t\t\t\t\t\t\t\t\t\t\t\t\t\t\t\t\t<\/div>\n\t\t\t\t\t\t\t\t\n\t\t\t\t\t\t\t\t\t\t\t\t\t\t\t<\/div>\n\t\t\t\t\t\t\t\n\t\t\t\t\t\t<\/div>\n\t\t\t\t\t\t\t\n\t\t\t\t\t\t\t\t\t\t<\/article>\n\t\t\t\t\t\t\t\t<article class=\"item   \">\n\t\t\t\t\t\n\t\t\t\t\t\t\t\t\t\t\t<div class=\"article-content\">\n\t\t\t\t\t\t\t<div class=\"thumbnail-content\">\n\t\t\t\t\t\t\t\t\t\t\t\t\t\t\t<\/div>\n\t\t\t\t\t\t\t\n\t\t\t\t\t\t\t<div class=\"entry-content\">\n\t\t\t\t\t\t\t\t<div class=\"entry-meta-top\">\t\t\t\t\t\t\t\t\t\n\t\t\t\t\t\t\t\t\t\t\t\t\t\t\t\t\t\t<!-- Blog Categories -->\n\t\t\t\t\t\t\t\t\t<div class=\"cats-link\">\n\t\t\t\t\t\t\t\t\t\t<a href=\"https:\/\/www.acvit.com.tr\/magaza\/category\/genel\/\" rel=\"category tag\">Genel<\/a>\t\t\t\t\t\t\t\t\t<\/div>\n\t\t\t\t\t\t\t\t\t\t\t\t\t\t\t\t\t\t\n\t\t\t\t\t\t\t\t<\/div>\n\t\t\t\t\t\t\t\t\n\t\t\t\t\t\t\t\t<header>\n\t\t\t\t\t\t\t\t\t\t\t\t\t\t\t\t\t\t<h4 class=\"heading-title entry-title\">\n\t\t\t\t\t\t\t\t\t\t<a class=\"post-title\" href=\"https:\/\/www.acvit.com.tr\/magaza\/gunes-kremlerindeki-pa-spf-uva-ve-uvb-ne-anlama-geliyor\/\">G\u00fcne\u015f Kremlerindeki PA &#8211; SPF &#8211; UVA ve UVB Ne Anlama Geliyor?<\/a>\n\t\t\t\t\t\t\t\t\t<\/h4>\n\t\t\t\t\t\t\t\t\t\t\t\t\t\t\t\t\t<\/header>\n\t\t\t\t\t\t\t\t\n\t\t\t\t\t\t\t\t\t\t\t\t\t\t\t\t<div class=\"excerpt\">PA Sistemi Ulusoy a\u00e7\u0131klamas\u0131nda, PA sisteminin cildi ya\u015flanma ve leke olu\u015fumuyla ili\u015fkilendirilen UVA \u0131\u015f\u0131nlar\u0131na kar\u015f\u0131 koruma derecesini ifade etti\u011fini belirtti. PA derecelendirmesinin \u201cPA+\u201d ile \u201cPA++++\u201d aras\u0131nda de\u011fi\u015fti\u011fini ifade eden Ulusoy, g\u00fcnl\u00fck kullan\u0131mda genellikle PA+++ seviyesinin tercih<\/div>\n\t\t\t\t\t\t\t\t\t\t\t\t\t\t\t\t\n\t\t\t\t\t\t\t\t\t\t\t\t\t\t\t\t<div class=\"entry-meta-bottom\">\n\t\t\t\t\t\t\t\n\t\t\t\t\t\t\t\t\t\t\t\t\t\t\t\t\t\t\t<span class=\"vcard author\">\n\t\t\t\t\t\t\t\t\t\t\t<span>BY<\/span>\n\t\t\t\t\t\t\t\t\t\t\t<a href=\"https:\/\/www.acvit.com.tr\/magaza\/author\/acvit\/\" title=\"acvit taraf\u0131ndan yaz\u0131lan yaz\u0131lar\" rel=\"author\">acvit<\/a>\t\t\t\t\t\t\t\t\t\t<\/span>\n\t\t\t\t\t\t\t\t\t\t\t\t\t\t\t\t\t\n\t\t\t\t\t\t\t\t\t\t\t\t\t\t\t\t\t\t\t<span class=\"date-time\">31 Mart 2026<\/span>\n\t\t\t\t\t\t\t\t\t\t\t\t\t\t\t\t\t\t\n\t\t\t\t\t\t\t\t\t\t\t\t\t\t\t\t\t<\/div>\n\t\t\t\t\t\t\t\t\n\t\t\t\t\t\t\t\t\t\t\t\t\t\t\t<\/div>\n\t\t\t\t\t\t\t\n\t\t\t\t\t\t<\/div>\n\t\t\t\t\t\t\t\n\t\t\t\t\t\t\t\t\t\t<\/article>\n\t\t\t\t\t\t\t\t<article class=\"item   \">\n\t\t\t\t\t\n\t\t\t\t\t\t\t\t\t\t\t<div class=\"article-content\">\n\t\t\t\t\t\t\t<div class=\"thumbnail-content\">\n\t\t\t\t\t\t\t\t\t\t\t\t\t\t\t<\/div>\n\t\t\t\t\t\t\t\n\t\t\t\t\t\t\t<div class=\"entry-content\">\n\t\t\t\t\t\t\t\t<div class=\"entry-meta-top\">\t\t\t\t\t\t\t\t\t\n\t\t\t\t\t\t\t\t\t\t\t\t\t\t\t\t\t\t<!-- Blog Categories -->\n\t\t\t\t\t\t\t\t\t<div class=\"cats-link\">\n\t\t\t\t\t\t\t\t\t\t<a href=\"https:\/\/www.acvit.com.tr\/magaza\/category\/genel\/\" rel=\"category tag\">Genel<\/a>\t\t\t\t\t\t\t\t\t<\/div>\n\t\t\t\t\t\t\t\t\t\t\t\t\t\t\t\t\t\t\n\t\t\t\t\t\t\t\t<\/div>\n\t\t\t\t\t\t\t\t\n\t\t\t\t\t\t\t\t<header>\n\t\t\t\t\t\t\t\t\t\t\t\t\t\t\t\t\t\t<h4 class=\"heading-title entry-title\">\n\t\t\t\t\t\t\t\t\t\t<a class=\"post-title\" href=\"https:\/\/www.acvit.com.tr\/magaza\/kas-bakimi-nasil-olmalidir-acvit-kas-sabitleyici-kas-bakim-rutininin-vazgecilmez-destekcisi\/\">Ka\u015f Bak\u0131m\u0131 Nas\u0131l Olmal\u0131d\u0131r? Acvit Ka\u015f Sabitleyicinin Ka\u015f Bak\u0131m Rutinininde Rol\u00fc<\/a>\n\t\t\t\t\t\t\t\t\t<\/h4>\n\t\t\t\t\t\t\t\t\t\t\t\t\t\t\t\t\t<\/header>\n\t\t\t\t\t\t\t\t\n\t\t\t\t\t\t\t\t\t\t\t\t\t\t\t\t<div class=\"excerpt\">Bak\u0131ml\u0131, G\u00fc\u00e7l\u00fc ve Do\u011fal Ka\u015flar \u0130\u00e7in Profesyonel Bak\u0131m Rehberi Ka\u015flar, y\u00fcz\u00fcn ifadesini tamamlayan en g\u00fc\u00e7l\u00fc detaylardan biridir. Do\u011fru bak\u0131m uygulamalar\u0131yla desteklenen ka\u015flar; daha dolgun, daha sa\u011fl\u0131kl\u0131 ve y\u00fcz hatlar\u0131yla kusursuz bir uyum i\u00e7inde g\u00f6r\u00fcn\u00fcr. Kozmetik d\u00fcnyas\u0131nda<\/div>\n\t\t\t\t\t\t\t\t\t\t\t\t\t\t\t\t\n\t\t\t\t\t\t\t\t\t\t\t\t\t\t\t\t<div class=\"entry-meta-bottom\">\n\t\t\t\t\t\t\t\n\t\t\t\t\t\t\t\t\t\t\t\t\t\t\t\t\t\t\t<span class=\"vcard author\">\n\t\t\t\t\t\t\t\t\t\t\t<span>BY<\/span>\n\t\t\t\t\t\t\t\t\t\t\t<a href=\"https:\/\/www.acvit.com.tr\/magaza\/author\/acvit\/\" title=\"acvit taraf\u0131ndan yaz\u0131lan yaz\u0131lar\" rel=\"author\">acvit<\/a>\t\t\t\t\t\t\t\t\t\t<\/span>\n\t\t\t\t\t\t\t\t\t\t\t\t\t\t\t\t\t\n\t\t\t\t\t\t\t\t\t\t\t\t\t\t\t\t\t\t\t<span class=\"date-time\">23 Aral\u0131k 2025<\/span>\n\t\t\t\t\t\t\t\t\t\t\t\t\t\t\t\t\t\t\n\t\t\t\t\t\t\t\t\t\t\t\t\t\t\t\t\t<\/div>\n\t\t\t\t\t\t\t\t\n\t\t\t\t\t\t\t\t\t\t\t\t\t\t\t<\/div>\n\t\t\t\t\t\t\t\n\t\t\t\t\t\t<\/div>\n\t\t\t\t\t\t\t\n\t\t\t\t\t\t\t\t\t\t<\/article>\n\t\t\t\t\t\t\t\t<article class=\"item   \">\n\t\t\t\t\t\n\t\t\t\t\t\t\t\t\t\t\t<div class=\"article-content\">\n\t\t\t\t\t\t\t<div class=\"thumbnail-content\">\n\t\t\t\t\t\t\t\t\t\t\t\t\t\t\t<\/div>\n\t\t\t\t\t\t\t\n\t\t\t\t\t\t\t<div class=\"entry-content\">\n\t\t\t\t\t\t\t\t<div class=\"entry-meta-top\">\t\t\t\t\t\t\t\t\t\n\t\t\t\t\t\t\t\t\t\t\t\t\t\t\t\t\t\t<!-- Blog Categories -->\n\t\t\t\t\t\t\t\t\t<div class=\"cats-link\">\n\t\t\t\t\t\t\t\t\t\t<a href=\"https:\/\/www.acvit.com.tr\/magaza\/category\/genel\/\" rel=\"category tag\">Genel<\/a>\t\t\t\t\t\t\t\t\t<\/div>\n\t\t\t\t\t\t\t\t\t\t\t\t\t\t\t\t\t\t\n\t\t\t\t\t\t\t\t<\/div>\n\t\t\t\t\t\t\t\t\n\t\t\t\t\t\t\t\t<header>\n\t\t\t\t\t\t\t\t\t\t\t\t\t\t\t\t\t\t<h4 class=\"heading-title entry-title\">\n\t\t\t\t\t\t\t\t\t\t<a class=\"post-title\" href=\"https:\/\/www.acvit.com.tr\/magaza\/yagli-ciltlerin-bakimi-nasil-olmalidir\/\">Ya\u011fl\u0131 Ciltlerin Bak\u0131m\u0131 Nas\u0131l Olmal\u0131d\u0131r?<\/a>\n\t\t\t\t\t\t\t\t\t<\/h4>\n\t\t\t\t\t\t\t\t\t\t\t\t\t\t\t\t\t<\/header>\n\t\t\t\t\t\t\t\t\n\t\t\t\t\t\t\t\t\t\t\t\t\t\t\t\t<div class=\"excerpt\">Acvit Kozmetik ile Dengeleyici &amp; Mat Etkili Cilt Rutini Ya\u011fl\u0131 ciltler; g\u00fcn i\u00e7inde parlamaya, g\u00f6zenek t\u0131kan\u0131kl\u0131\u011f\u0131na ve akne olu\u015fumuna daha yatk\u0131nd\u0131r. Ancak ya\u011fl\u0131 cilt de neme ihtiya\u00e7 duyar. Yanl\u0131\u015f \u00fcr\u00fcnler cildi kurutarak daha fazla ya\u011f \u00fcretimine<\/div>\n\t\t\t\t\t\t\t\t\t\t\t\t\t\t\t\t\n\t\t\t\t\t\t\t\t\t\t\t\t\t\t\t\t<div class=\"entry-meta-bottom\">\n\t\t\t\t\t\t\t\n\t\t\t\t\t\t\t\t\t\t\t\t\t\t\t\t\t\t\t<span class=\"vcard author\">\n\t\t\t\t\t\t\t\t\t\t\t<span>BY<\/span>\n\t\t\t\t\t\t\t\t\t\t\t<a href=\"https:\/\/www.acvit.com.tr\/magaza\/author\/acvit\/\" title=\"acvit taraf\u0131ndan yaz\u0131lan yaz\u0131lar\" rel=\"author\">acvit<\/a>\t\t\t\t\t\t\t\t\t\t<\/span>\n\t\t\t\t\t\t\t\t\t\t\t\t\t\t\t\t\t\n\t\t\t\t\t\t\t\t\t\t\t\t\t\t\t\t\t\t\t<span class=\"date-time\">22 Aral\u0131k 2025<\/span>\n\t\t\t\t\t\t\t\t\t\t\t\t\t\t\t\t\t\t\n\t\t\t\t\t\t\t\t\t\t\t\t\t\t\t\t\t<\/div>\n\t\t\t\t\t\t\t\t\n\t\t\t\t\t\t\t\t\t\t\t\t\t\t\t<\/div>\n\t\t\t\t\t\t\t\n\t\t\t\t\t\t<\/div>\n\t\t\t\t\t\t\t\n\t\t\t\t\t\t\t\t\t\t<\/article>\n\t\t\t\t\t\t\t\t<article class=\"item   \">\n\t\t\t\t\t\n\t\t\t\t\t\t\t\t\t\t\t<div class=\"article-content\">\n\t\t\t\t\t\t\t<div class=\"thumbnail-content\">\n\t\t\t\t\t\t\t\t\t\t\t\t\t\t\t<\/div>\n\t\t\t\t\t\t\t\n\t\t\t\t\t\t\t<div class=\"entry-content\">\n\t\t\t\t\t\t\t\t<div class=\"entry-meta-top\">\t\t\t\t\t\t\t\t\t\n\t\t\t\t\t\t\t\t\t\t\t\t\t\t\t\t\t\t<!-- Blog Categories -->\n\t\t\t\t\t\t\t\t\t<div class=\"cats-link\">\n\t\t\t\t\t\t\t\t\t\t<a href=\"https:\/\/www.acvit.com.tr\/magaza\/category\/genel\/\" rel=\"category tag\">Genel<\/a>\t\t\t\t\t\t\t\t\t<\/div>\n\t\t\t\t\t\t\t\t\t\t\t\t\t\t\t\t\t\t\n\t\t\t\t\t\t\t\t<\/div>\n\t\t\t\t\t\t\t\t\n\t\t\t\t\t\t\t\t<header>\n\t\t\t\t\t\t\t\t\t\t\t\t\t\t\t\t\t\t<h4 class=\"heading-title entry-title\">\n\t\t\t\t\t\t\t\t\t\t<a class=\"post-title\" href=\"https:\/\/www.acvit.com.tr\/magaza\/kuru-ciltler-icin-neler-yapilmalidir-iste-puf-noktalari\/\">Kuru ciltler i\u00e7in neler yap\u0131lmal\u0131d\u0131r. \u0130\u015fte p\u00fcf noktalar\u0131&#8230;<\/a>\n\t\t\t\t\t\t\t\t\t<\/h4>\n\t\t\t\t\t\t\t\t\t\t\t\t\t\t\t\t\t<\/header>\n\t\t\t\t\t\t\t\t\n\t\t\t\t\t\t\t\t\t\t\t\t\t\t\t\t<div class=\"excerpt\">Acvit kozmetik ile etkili nem ve bariyer bak\u0131m\u0131 Cilt kurulu\u011fu; mevsim ge\u00e7i\u015fleri, g\u00fcne\u015f, yanl\u0131\u015f \u00fcr\u00fcn se\u00e7imi, yetersiz nemlendirme ve cilt bariyerinin zay\u0131flamas\u0131yla ortaya \u00e7\u0131kar. Kuruluk yaln\u0131zca gerginlik hissi de\u011fil; mat g\u00f6r\u00fcn\u00fcm, pul pul d\u00f6k\u00fclme, hassasiyet ve<\/div>\n\t\t\t\t\t\t\t\t\t\t\t\t\t\t\t\t\n\t\t\t\t\t\t\t\t\t\t\t\t\t\t\t\t<div class=\"entry-meta-bottom\">\n\t\t\t\t\t\t\t\n\t\t\t\t\t\t\t\t\t\t\t\t\t\t\t\t\t\t\t<span class=\"vcard author\">\n\t\t\t\t\t\t\t\t\t\t\t<span>BY<\/span>\n\t\t\t\t\t\t\t\t\t\t\t<a href=\"https:\/\/www.acvit.com.tr\/magaza\/author\/acvit\/\" title=\"acvit taraf\u0131ndan yaz\u0131lan yaz\u0131lar\" rel=\"author\">acvit<\/a>\t\t\t\t\t\t\t\t\t\t<\/span>\n\t\t\t\t\t\t\t\t\t\t\t\t\t\t\t\t\t\n\t\t\t\t\t\t\t\t\t\t\t\t\t\t\t\t\t\t\t<span class=\"date-time\">22 Aral\u0131k 2025<\/span>\n\t\t\t\t\t\t\t\t\t\t\t\t\t\t\t\t\t\t\n\t\t\t\t\t\t\t\t\t\t\t\t\t\t\t\t\t<\/div>\n\t\t\t\t\t\t\t\t\n\t\t\t\t\t\t\t\t\t\t\t\t\t\t\t<\/div>\n\t\t\t\t\t\t\t\n\t\t\t\t\t\t<\/div>\n\t\t\t\t\t\t\t\n\t\t\t\t\t\t\t\t\t\t<\/article>\n\t\t\t\t\t\t\t\t<article class=\"item   \">\n\t\t\t\t\t\n\t\t\t\t\t\t\t\t\t\t\t<div class=\"article-content\">\n\t\t\t\t\t\t\t<div class=\"thumbnail-content\">\n\t\t\t\t\t\t\t\t\t\t\t\t\t\t\t<\/div>\n\t\t\t\t\t\t\t\n\t\t\t\t\t\t\t<div class=\"entry-content\">\n\t\t\t\t\t\t\t\t<div class=\"entry-meta-top\">\t\t\t\t\t\t\t\t\t\n\t\t\t\t\t\t\t\t\t\t\t\t\t\t\t\t\t\t<!-- Blog Categories -->\n\t\t\t\t\t\t\t\t\t<div class=\"cats-link\">\n\t\t\t\t\t\t\t\t\t\t<a href=\"https:\/\/www.acvit.com.tr\/magaza\/category\/genel\/\" rel=\"category tag\">Genel<\/a>\t\t\t\t\t\t\t\t\t<\/div>\n\t\t\t\t\t\t\t\t\t\t\t\t\t\t\t\t\t\t\n\t\t\t\t\t\t\t\t<\/div>\n\t\t\t\t\t\t\t\t\n\t\t\t\t\t\t\t\t<header>\n\t\t\t\t\t\t\t\t\t\t\t\t\t\t\t\t\t\t<h4 class=\"heading-title entry-title\">\n\t\t\t\t\t\t\t\t\t\t<a class=\"post-title\" href=\"https:\/\/www.acvit.com.tr\/magaza\/soguk-havalarda-cilt-bakiminda-nelere-dikkat-etmeliyiz\/\">So\u011fuk Havalarda Cilt Bak\u0131m\u0131nda Nelere Dikkat Etmeliyiz?<\/a>\n\t\t\t\t\t\t\t\t\t<\/h4>\n\t\t\t\t\t\t\t\t\t\t\t\t\t\t\t\t\t<\/header>\n\t\t\t\t\t\t\t\t\n\t\t\t\t\t\t\t\t\t\t\t\t\t\t\t\t<div class=\"excerpt\">So\u011fuk hava ko\u015fullar\u0131 cildin nem dengesini bozarak kuruluk, k\u0131zar\u0131kl\u0131k ve hassasiyet gibi sorunlara yol a\u00e7abilir. Bu nedenle k\u0131\u015f aylar\u0131nda cilt bak\u0131m\u0131nda baz\u0131 \u00f6nemli noktalara \u00f6zellikle dikkat edilmelidir. 1. Cilt Tipine Uygun \u00dcr\u00fcn Se\u00e7imi Her cilt tipi<\/div>\n\t\t\t\t\t\t\t\t\t\t\t\t\t\t\t\t\n\t\t\t\t\t\t\t\t\t\t\t\t\t\t\t\t<div class=\"entry-meta-bottom\">\n\t\t\t\t\t\t\t\n\t\t\t\t\t\t\t\t\t\t\t\t\t\t\t\t\t\t\t<span class=\"vcard author\">\n\t\t\t\t\t\t\t\t\t\t\t<span>BY<\/span>\n\t\t\t\t\t\t\t\t\t\t\t<a href=\"https:\/\/www.acvit.com.tr\/magaza\/author\/acvit\/\" title=\"acvit taraf\u0131ndan yaz\u0131lan yaz\u0131lar\" rel=\"author\">acvit<\/a>\t\t\t\t\t\t\t\t\t\t<\/span>\n\t\t\t\t\t\t\t\t\t\t\t\t\t\t\t\t\t\n\t\t\t\t\t\t\t\t\t\t\t\t\t\t\t\t\t\t\t<span class=\"date-time\">20 Aral\u0131k 2025<\/span>\n\t\t\t\t\t\t\t\t\t\t\t\t\t\t\t\t\t\t\n\t\t\t\t\t\t\t\t\t\t\t\t\t\t\t\t\t<\/div>\n\t\t\t\t\t\t\t\t\n\t\t\t\t\t\t\t\t\t\t\t\t\t\t\t<\/div>\n\t\t\t\t\t\t\t\n\t\t\t\t\t\t<\/div>\n\t\t\t\t\t\t\t\n\t\t\t\t\t\t\t\t\t\t<\/article>\n\t\t\t\t\t\t\t\t<article class=\"item   \">\n\t\t\t\t\t\n\t\t\t\t\t\t\t\t\t\t\t<div class=\"article-content\">\n\t\t\t\t\t\t\t<div class=\"thumbnail-content\">\n\t\t\t\t\t\t\t\t\t\t\t\t\t\t\t<\/div>\n\t\t\t\t\t\t\t\n\t\t\t\t\t\t\t<div class=\"entry-content\">\n\t\t\t\t\t\t\t\t<div class=\"entry-meta-top\">\t\t\t\t\t\t\t\t\t\n\t\t\t\t\t\t\t\t\t\t\t\t\t\t\t\t\t\t<!-- Blog Categories -->\n\t\t\t\t\t\t\t\t\t<div class=\"cats-link\">\n\t\t\t\t\t\t\t\t\t\t<a href=\"https:\/\/www.acvit.com.tr\/magaza\/category\/genel\/\" rel=\"category tag\">Genel<\/a>\t\t\t\t\t\t\t\t\t<\/div>\n\t\t\t\t\t\t\t\t\t\t\t\t\t\t\t\t\t\t\n\t\t\t\t\t\t\t\t<\/div>\n\t\t\t\t\t\t\t\t\n\t\t\t\t\t\t\t\t<header>\n\t\t\t\t\t\t\t\t\t\t\t\t\t\t\t\t\t\t<h4 class=\"heading-title entry-title\">\n\t\t\t\t\t\t\t\t\t\t<a class=\"post-title\" href=\"https:\/\/www.acvit.com.tr\/magaza\/soguk-havalarda-cilt-bakimi-nasil-yapilmalidir\/\">So\u011fuk Havalarda Cilt Bak\u0131m\u0131 Nas\u0131l Yap\u0131lmal\u0131d\u0131r?<\/a>\n\t\t\t\t\t\t\t\t\t<\/h4>\n\t\t\t\t\t\t\t\t\t\t\t\t\t\t\t\t\t<\/header>\n\t\t\t\t\t\t\t\t\n\t\t\t\t\t\t\t\t\t\t\t\t\t\t\t\t<div class=\"excerpt\">K\u0131\u015f aylar\u0131, cilt sa\u011fl\u0131\u011f\u0131n\u0131n en \u00e7ok zorland\u0131\u011f\u0131 d\u00f6nemlerin ba\u015f\u0131nda gelir. D\u00fc\u015fen hava s\u0131cakl\u0131klar\u0131, sert r\u00fczg\u00e2rlar ve kapal\u0131 alanlarda kullan\u0131lan \u0131s\u0131t\u0131c\u0131lar; cildin nem dengesini bozarak kuruluk, hassasiyet ve mat bir g\u00f6r\u00fcn\u00fcm olu\u015fmas\u0131na neden olabilir. Bu nedenle so\u011fuk<\/div>\n\t\t\t\t\t\t\t\t\t\t\t\t\t\t\t\t\n\t\t\t\t\t\t\t\t\t\t\t\t\t\t\t\t<div class=\"entry-meta-bottom\">\n\t\t\t\t\t\t\t\n\t\t\t\t\t\t\t\t\t\t\t\t\t\t\t\t\t\t\t<span class=\"vcard author\">\n\t\t\t\t\t\t\t\t\t\t\t<span>BY<\/span>\n\t\t\t\t\t\t\t\t\t\t\t<a href=\"https:\/\/www.acvit.com.tr\/magaza\/author\/acvit\/\" title=\"acvit taraf\u0131ndan yaz\u0131lan yaz\u0131lar\" rel=\"author\">acvit<\/a>\t\t\t\t\t\t\t\t\t\t<\/span>\n\t\t\t\t\t\t\t\t\t\t\t\t\t\t\t\t\t\n\t\t\t\t\t\t\t\t\t\t\t\t\t\t\t\t\t\t\t<span class=\"date-time\">20 Aral\u0131k 2025<\/span>\n\t\t\t\t\t\t\t\t\t\t\t\t\t\t\t\t\t\t\n\t\t\t\t\t\t\t\t\t\t\t\t\t\t\t\t\t<\/div>\n\t\t\t\t\t\t\t\t\n\t\t\t\t\t\t\t\t\t\t\t\t\t\t\t<\/div>\n\t\t\t\t\t\t\t\n\t\t\t\t\t\t<\/div>\n\t\t\t\t\t\t\t\n\t\t\t\t\t\t\t\t\t\t<\/article>\n\t\t\t\t\t\t\t\t<article class=\"item   \">\n\t\t\t\t\t\n\t\t\t\t\t\t\t\t\t\t\t<div class=\"article-content\">\n\t\t\t\t\t\t\t<div class=\"thumbnail-content\">\n\t\t\t\t\t\t\t\t\t\t\t\t\t\t\t<\/div>\n\t\t\t\t\t\t\t\n\t\t\t\t\t\t\t<div class=\"entry-content\">\n\t\t\t\t\t\t\t\t<div class=\"entry-meta-top\">\t\t\t\t\t\t\t\t\t\n\t\t\t\t\t\t\t\t\t\t\t\t\t\t\t\t\t\t<!-- Blog Categories -->\n\t\t\t\t\t\t\t\t\t<div class=\"cats-link\">\n\t\t\t\t\t\t\t\t\t\t<a href=\"https:\/\/www.acvit.com.tr\/magaza\/category\/genel\/\" rel=\"category tag\">Genel<\/a>\t\t\t\t\t\t\t\t\t<\/div>\n\t\t\t\t\t\t\t\t\t\t\t\t\t\t\t\t\t\t\n\t\t\t\t\t\t\t\t<\/div>\n\t\t\t\t\t\t\t\t\n\t\t\t\t\t\t\t\t<header>\n\t\t\t\t\t\t\t\t\t\t\t\t\t\t\t\t\t\t<h4 class=\"heading-title entry-title\">\n\t\t\t\t\t\t\t\t\t\t<a class=\"post-title\" href=\"https:\/\/www.acvit.com.tr\/magaza\/soguk-havalarda-cilt-bakiminin-puf-noktalari-nelerdir\/\">So\u011fuk Havalarda Cilt Bak\u0131m\u0131n\u0131n P\u00fcf Noktalar\u0131 Nelerdir<\/a>\n\t\t\t\t\t\t\t\t\t<\/h4>\n\t\t\t\t\t\t\t\t\t\t\t\t\t\t\t\t\t<\/header>\n\t\t\t\t\t\t\t\t\n\t\t\t\t\t\t\t\t\t\t\t\t\t\t\t\t<div class=\"excerpt\">1. Nemlendiriciyi Cilt Nemliyken Uygulay\u0131n Du\u015f veya y\u00fcz y\u0131kama sonras\u0131 cilt hafif nemliyken s\u00fcr\u00fclen nemlendirici, nemi ciltte daha iyi hapseder. 2. Yaz \u00dcr\u00fcnlerini K\u0131\u015fa Ta\u015f\u0131may\u0131n Yaz\u0131n kullan\u0131lan hafif jel yap\u0131l\u0131 \u00fcr\u00fcnler k\u0131\u015f\u0131n yetersiz kal\u0131r. Daha yo\u011fun,<\/div>\n\t\t\t\t\t\t\t\t\t\t\t\t\t\t\t\t\n\t\t\t\t\t\t\t\t\t\t\t\t\t\t\t\t<div class=\"entry-meta-bottom\">\n\t\t\t\t\t\t\t\n\t\t\t\t\t\t\t\t\t\t\t\t\t\t\t\t\t\t\t<span class=\"vcard author\">\n\t\t\t\t\t\t\t\t\t\t\t<span>BY<\/span>\n\t\t\t\t\t\t\t\t\t\t\t<a href=\"https:\/\/www.acvit.com.tr\/magaza\/author\/acvit\/\" title=\"acvit taraf\u0131ndan yaz\u0131lan yaz\u0131lar\" rel=\"author\">acvit<\/a>\t\t\t\t\t\t\t\t\t\t<\/span>\n\t\t\t\t\t\t\t\t\t\t\t\t\t\t\t\t\t\n\t\t\t\t\t\t\t\t\t\t\t\t\t\t\t\t\t\t\t<span class=\"date-time\">20 Aral\u0131k 2025<\/span>\n\t\t\t\t\t\t\t\t\t\t\t\t\t\t\t\t\t\t\n\t\t\t\t\t\t\t\t\t\t\t\t\t\t\t\t\t<\/div>\n\t\t\t\t\t\t\t\t\n\t\t\t\t\t\t\t\t\t\t\t\t\t\t\t<\/div>\n\t\t\t\t\t\t\t\n\t\t\t\t\t\t<\/div>\n\t\t\t\t\t\t\t\n\t\t\t\t\t\t\t\t\t\t<\/article>\n\t\t\t\t\t\t\t\t<article class=\"item   \">\n\t\t\t\t\t\n\t\t\t\t\t\t\t\t\t\t\t<div class=\"article-content\">\n\t\t\t\t\t\t\t<div class=\"thumbnail-content\">\n\t\t\t\t\t\t\t\t\t\t\t\t\t\t\t<\/div>\n\t\t\t\t\t\t\t\n\t\t\t\t\t\t\t<div class=\"entry-content\">\n\t\t\t\t\t\t\t\t<div class=\"entry-meta-top\">\t\t\t\t\t\t\t\t\t\n\t\t\t\t\t\t\t\t\t\t\t\t\t\t\t\t\t\t<!-- Blog Categories -->\n\t\t\t\t\t\t\t\t\t<div class=\"cats-link\">\n\t\t\t\t\t\t\t\t\t\t<a href=\"https:\/\/www.acvit.com.tr\/magaza\/category\/genel\/\" rel=\"category tag\">Genel<\/a>\t\t\t\t\t\t\t\t\t<\/div>\n\t\t\t\t\t\t\t\t\t\t\t\t\t\t\t\t\t\t\n\t\t\t\t\t\t\t\t<\/div>\n\t\t\t\t\t\t\t\t\n\t\t\t\t\t\t\t\t<header>\n\t\t\t\t\t\t\t\t\t\t\t\t\t\t\t\t\t\t<h4 class=\"heading-title entry-title\">\n\t\t\t\t\t\t\t\t\t\t<a class=\"post-title\" href=\"https:\/\/www.acvit.com.tr\/magaza\/acvit-hydra-milk-8d-nemlendirici-serum-cildiniz-icin-derinlemesine-nem-destegi\/\">Acvit Hydra Milk 8D Nemlendirici Serum: Cildiniz \u0130\u00e7in Derinlemesine Nem Deste\u011fi<\/a>\n\t\t\t\t\t\t\t\t\t<\/h4>\n\t\t\t\t\t\t\t\t\t\t\t\t\t\t\t\t\t<\/header>\n\t\t\t\t\t\t\t\t\n\t\t\t\t\t\t\t\t\t\t\t\t\t\t\t\t<div class=\"excerpt\">G\u00fcnl\u00fck cilt bak\u0131m\u0131nda nem, sa\u011fl\u0131kl\u0131 ve canl\u0131 bir cilt g\u00f6r\u00fcn\u00fcm\u00fc i\u00e7in temel bir gerekliliktir. Acvit Hydra Milk 8D Nemlendirici Serum, cildin farkl\u0131 katmanlar\u0131na ula\u015fmay\u0131 hedefleyen \u00f6zel form\u00fcl\u00fcyle bu noktada destek olabilir. 8D Hyaluronik Asit ile Derin<\/div>\n\t\t\t\t\t\t\t\t\t\t\t\t\t\t\t\t\n\t\t\t\t\t\t\t\t\t\t\t\t\t\t\t\t<div class=\"entry-meta-bottom\">\n\t\t\t\t\t\t\t\n\t\t\t\t\t\t\t\t\t\t\t\t\t\t\t\t\t\t\t<span class=\"vcard author\">\n\t\t\t\t\t\t\t\t\t\t\t<span>BY<\/span>\n\t\t\t\t\t\t\t\t\t\t\t<a href=\"https:\/\/www.acvit.com.tr\/magaza\/author\/acvit\/\" title=\"acvit taraf\u0131ndan yaz\u0131lan yaz\u0131lar\" rel=\"author\">acvit<\/a>\t\t\t\t\t\t\t\t\t\t<\/span>\n\t\t\t\t\t\t\t\t\t\t\t\t\t\t\t\t\t\n\t\t\t\t\t\t\t\t\t\t\t\t\t\t\t\t\t\t\t<span class=\"date-time\">25 Ekim 2025<\/span>\n\t\t\t\t\t\t\t\t\t\t\t\t\t\t\t\t\t\t\n\t\t\t\t\t\t\t\t\t\t\t\t\t\t\t\t\t<\/div>\n\t\t\t\t\t\t\t\t\n\t\t\t\t\t\t\t\t\t\t\t\t\t\t\t<\/div>\n\t\t\t\t\t\t\t\n\t\t\t\t\t\t<\/div>\n\t\t\t\t\t\t\t\n\t\t\t\t\t\t\t\t\t\t<\/article>\n\t\t\t\t\t\t\t\t<article class=\"item   \">\n\t\t\t\t\t\n\t\t\t\t\t\t\t\t\t\t\t<div class=\"article-content\">\n\t\t\t\t\t\t\t<div class=\"thumbnail-content\">\n\t\t\t\t\t\t\t\t\t\t\t\t\t\t\t<\/div>\n\t\t\t\t\t\t\t\n\t\t\t\t\t\t\t<div class=\"entry-content\">\n\t\t\t\t\t\t\t\t<div class=\"entry-meta-top\">\t\t\t\t\t\t\t\t\t\n\t\t\t\t\t\t\t\t\t\t\t\t\t\t\t\t\t\t<!-- Blog Categories -->\n\t\t\t\t\t\t\t\t\t<div class=\"cats-link\">\n\t\t\t\t\t\t\t\t\t\t<a href=\"https:\/\/www.acvit.com.tr\/magaza\/category\/genel\/\" rel=\"category tag\">Genel<\/a>\t\t\t\t\t\t\t\t\t<\/div>\n\t\t\t\t\t\t\t\t\t\t\t\t\t\t\t\t\t\t\n\t\t\t\t\t\t\t\t<\/div>\n\t\t\t\t\t\t\t\t\n\t\t\t\t\t\t\t\t<header>\n\t\t\t\t\t\t\t\t\t\t\t\t\t\t\t\t\t\t<h4 class=\"heading-title entry-title\">\n\t\t\t\t\t\t\t\t\t\t<a class=\"post-title\" href=\"https:\/\/www.acvit.com.tr\/magaza\/cildimizde-dogal-isilti-ve-denge-nasil-saglanabilir\/\">Cildimizde Do\u011fal I\u015f\u0131lt\u0131 ve Denge Nas\u0131l Sa\u011flanabilir<\/a>\n\t\t\t\t\t\t\t\t\t<\/h4>\n\t\t\t\t\t\t\t\t\t\t\t\t\t\t\t\t\t<\/header>\n\t\t\t\t\t\t\t\t\n\t\t\t\t\t\t\t\t\t\t\t\t\t\t\t\t<div class=\"excerpt\">I\u015f\u0131lt\u0131 18 \u2013 Bisabolol Ayd\u0131nlat\u0131c\u0131 Serum: Do\u011fal I\u015f\u0131lt\u0131 ve Denge Cilt tonunun e\u015fitlenmesi ve do\u011fal \u0131\u015f\u0131lt\u0131n\u0131n korunmas\u0131, sa\u011fl\u0131kl\u0131 bir cilt g\u00f6r\u00fcn\u00fcm\u00fcn\u00fcn temel unsurlar\u0131ndand\u0131r. \u00c7evresel fakt\u00f6rler, stres ve UV \u0131\u015f\u0131nlar\u0131 ciltte renk e\u015fitsizlikleri, lekelenmeler ve matla\u015fmaya yol<\/div>\n\t\t\t\t\t\t\t\t\t\t\t\t\t\t\t\t\n\t\t\t\t\t\t\t\t\t\t\t\t\t\t\t\t<div class=\"entry-meta-bottom\">\n\t\t\t\t\t\t\t\n\t\t\t\t\t\t\t\t\t\t\t\t\t\t\t\t\t\t\t<span class=\"vcard author\">\n\t\t\t\t\t\t\t\t\t\t\t<span>BY<\/span>\n\t\t\t\t\t\t\t\t\t\t\t<a href=\"https:\/\/www.acvit.com.tr\/magaza\/author\/acvit\/\" title=\"acvit taraf\u0131ndan yaz\u0131lan yaz\u0131lar\" rel=\"author\">acvit<\/a>\t\t\t\t\t\t\t\t\t\t<\/span>\n\t\t\t\t\t\t\t\t\t\t\t\t\t\t\t\t\t\n\t\t\t\t\t\t\t\t\t\t\t\t\t\t\t\t\t\t\t<span class=\"date-time\">15 Ekim 2025<\/span>\n\t\t\t\t\t\t\t\t\t\t\t\t\t\t\t\t\t\t\n\t\t\t\t\t\t\t\t\t\t\t\t\t\t\t\t\t<\/div>\n\t\t\t\t\t\t\t\t\n\t\t\t\t\t\t\t\t\t\t\t\t\t\t\t<\/div>\n\t\t\t\t\t\t\t\n\t\t\t\t\t\t<\/div>\n\t\t\t\t\t\t\t\n\t\t\t\t\t\t\t\t\t\t<\/article>\n\t\t\t\t\t\t\t\t<article class=\"item   \">\n\t\t\t\t\t\n\t\t\t\t\t\t\t\t\t\t\t<div class=\"article-content\">\n\t\t\t\t\t\t\t<div class=\"thumbnail-content\">\n\t\t\t\t\t\t\t\t\t\t\t\t\t\t\t<\/div>\n\t\t\t\t\t\t\t\n\t\t\t\t\t\t\t<div class=\"entry-content\">\n\t\t\t\t\t\t\t\t<div class=\"entry-meta-top\">\t\t\t\t\t\t\t\t\t\n\t\t\t\t\t\t\t\t\t\t\t\t\t\t\t\t\t\t<!-- Blog Categories -->\n\t\t\t\t\t\t\t\t\t<div class=\"cats-link\">\n\t\t\t\t\t\t\t\t\t\t<a href=\"https:\/\/www.acvit.com.tr\/magaza\/category\/genel\/\" rel=\"category tag\">Genel<\/a>\t\t\t\t\t\t\t\t\t<\/div>\n\t\t\t\t\t\t\t\t\t\t\t\t\t\t\t\t\t\t\n\t\t\t\t\t\t\t\t<\/div>\n\t\t\t\t\t\t\t\t\n\t\t\t\t\t\t\t\t<header>\n\t\t\t\t\t\t\t\t\t\t\t\t\t\t\t\t\t\t<h4 class=\"heading-title entry-title\">\n\t\t\t\t\t\t\t\t\t\t<a class=\"post-title\" href=\"https:\/\/www.acvit.com.tr\/magaza\/cok-katmanli-nem-destegi-ile-canli-cilt-acvit-hydra-milk-8d-nemlendirici-serum\/\">\u00c7ok Katmanl\u0131 Nem Deste\u011fi ile Canl\u0131 Cilt &#8211; Acvit Hydra Milk 8D Nemlendirici Serum<\/a>\n\t\t\t\t\t\t\t\t\t<\/h4>\n\t\t\t\t\t\t\t\t\t\t\t\t\t\t\t\t\t<\/header>\n\t\t\t\t\t\t\t\t\n\t\t\t\t\t\t\t\t\t\t\t\t\t\t\t\t<div class=\"excerpt\">Acvit Hydra Milk 8D Nemlendirici Serum, 8 boyutlu hyaluronik asit ve do\u011fal ya\u011flarla cilde derinlemesine nem, kadifemsi yumu\u015fakl\u0131k ve uzun s\u00fcreli nem zinciri kazand\u0131rmaya yard\u0131mc\u0131 olabilir. T\u00fcm cilt tipleri i\u00e7in uygun bir bak\u0131m deneyimi sunmay\u0131 hedefler.<\/div>\n\t\t\t\t\t\t\t\t\t\t\t\t\t\t\t\t\n\t\t\t\t\t\t\t\t\t\t\t\t\t\t\t\t<div class=\"entry-meta-bottom\">\n\t\t\t\t\t\t\t\n\t\t\t\t\t\t\t\t\t\t\t\t\t\t\t\t\t\t\t<span class=\"vcard author\">\n\t\t\t\t\t\t\t\t\t\t\t<span>BY<\/span>\n\t\t\t\t\t\t\t\t\t\t\t<a href=\"https:\/\/www.acvit.com.tr\/magaza\/author\/acvit\/\" title=\"acvit taraf\u0131ndan yaz\u0131lan yaz\u0131lar\" rel=\"author\">acvit<\/a>\t\t\t\t\t\t\t\t\t\t<\/span>\n\t\t\t\t\t\t\t\t\t\t\t\t\t\t\t\t\t\n\t\t\t\t\t\t\t\t\t\t\t\t\t\t\t\t\t\t\t<span class=\"date-time\">15 Ekim 2025<\/span>\n\t\t\t\t\t\t\t\t\t\t\t\t\t\t\t\t\t\t\n\t\t\t\t\t\t\t\t\t\t\t\t\t\t\t\t\t<\/div>\n\t\t\t\t\t\t\t\t\n\t\t\t\t\t\t\t\t\t\t\t\t\t\t\t<\/div>\n\t\t\t\t\t\t\t\n\t\t\t\t\t\t<\/div>\n\t\t\t\t\t\t\t\n\t\t\t\t\t\t\t\t\t\t<\/article>\n\t\t\t\t\t\t\t\t<article class=\"item   \">\n\t\t\t\t\t\n\t\t\t\t\t\t\t\t\t\t\t<div class=\"article-content\">\n\t\t\t\t\t\t\t<div class=\"thumbnail-content\">\n\t\t\t\t\t\t\t\t\t\t\t\t\t\t\t<\/div>\n\t\t\t\t\t\t\t\n\t\t\t\t\t\t\t<div class=\"entry-content\">\n\t\t\t\t\t\t\t\t<div class=\"entry-meta-top\">\t\t\t\t\t\t\t\t\t\n\t\t\t\t\t\t\t\t\t\t\t\t\t\t\t\t\t\t<!-- Blog Categories -->\n\t\t\t\t\t\t\t\t\t<div class=\"cats-link\">\n\t\t\t\t\t\t\t\t\t\t<a href=\"https:\/\/www.acvit.com.tr\/magaza\/category\/genel\/\" rel=\"category tag\">Genel<\/a>\t\t\t\t\t\t\t\t\t<\/div>\n\t\t\t\t\t\t\t\t\t\t\t\t\t\t\t\t\t\t\n\t\t\t\t\t\t\t\t<\/div>\n\t\t\t\t\t\t\t\t\n\t\t\t\t\t\t\t\t<header>\n\t\t\t\t\t\t\t\t\t\t\t\t\t\t\t\t\t\t<h4 class=\"heading-title entry-title\">\n\t\t\t\t\t\t\t\t\t\t<a class=\"post-title\" href=\"https:\/\/www.acvit.com.tr\/magaza\/9785-2\/\">Cildin Gen\u00e7lik Kayna\u011f\u0131na Bilimsel Dokunu\u015f &#8211; Acvit Hibrit Collagen Peptides Serum<\/a>\n\t\t\t\t\t\t\t\t\t<\/h4>\n\t\t\t\t\t\t\t\t\t\t\t\t\t\t\t\t\t<\/header>\n\t\t\t\t\t\t\t\t\n\t\t\t\t\t\t\t\t\t\t\t\t\t\t\t\t<div class=\"excerpt\">Cilt ya\u015f ald\u0131k\u00e7a kolajen \u00fcretimi azal\u0131r, bu da elastikiyet kayb\u0131, ince \u00e7izgiler ve mat bir g\u00f6r\u00fcn\u00fcmle sonu\u00e7lanabilir.Acvit Hibrit Collagen Peptides Serum, cildin do\u011fal kolajen yap\u0131s\u0131n\u0131 desteklemeye ve yo\u011fun nem kazand\u0131rmaya yard\u0131mc\u0131 olmak \u00fczere geli\u015ftirilmi\u015f yeni nesil<\/div>\n\t\t\t\t\t\t\t\t\t\t\t\t\t\t\t\t\n\t\t\t\t\t\t\t\t\t\t\t\t\t\t\t\t<div class=\"entry-meta-bottom\">\n\t\t\t\t\t\t\t\n\t\t\t\t\t\t\t\t\t\t\t\t\t\t\t\t\t\t\t<span class=\"vcard author\">\n\t\t\t\t\t\t\t\t\t\t\t<span>BY<\/span>\n\t\t\t\t\t\t\t\t\t\t\t<a href=\"https:\/\/www.acvit.com.tr\/magaza\/author\/acvit\/\" title=\"acvit taraf\u0131ndan yaz\u0131lan yaz\u0131lar\" rel=\"author\">acvit<\/a>\t\t\t\t\t\t\t\t\t\t<\/span>\n\t\t\t\t\t\t\t\t\t\t\t\t\t\t\t\t\t\n\t\t\t\t\t\t\t\t\t\t\t\t\t\t\t\t\t\t\t<span class=\"date-time\">15 Ekim 2025<\/span>\n\t\t\t\t\t\t\t\t\t\t\t\t\t\t\t\t\t\t\n\t\t\t\t\t\t\t\t\t\t\t\t\t\t\t\t\t<\/div>\n\t\t\t\t\t\t\t\t\n\t\t\t\t\t\t\t\t\t\t\t\t\t\t\t<\/div>\n\t\t\t\t\t\t\t\n\t\t\t\t\t\t<\/div>\n\t\t\t\t\t\t\t\n\t\t\t\t\t\t\t\t\t\t<\/article>\n\t\t\t\t\t\t\t\t<article class=\"item   \">\n\t\t\t\t\t\n\t\t\t\t\t\t\t\t\t\t\t<div class=\"article-content\">\n\t\t\t\t\t\t\t<div class=\"thumbnail-content\">\n\t\t\t\t\t\t\t\t\t\t\t\t\t\t\t<\/div>\n\t\t\t\t\t\t\t\n\t\t\t\t\t\t\t<div class=\"entry-content\">\n\t\t\t\t\t\t\t\t<div class=\"entry-meta-top\">\t\t\t\t\t\t\t\t\t\n\t\t\t\t\t\t\t\t\t\t\t\t\t\t\t\t\t\t<!-- Blog Categories -->\n\t\t\t\t\t\t\t\t\t<div class=\"cats-link\">\n\t\t\t\t\t\t\t\t\t\t<a href=\"https:\/\/www.acvit.com.tr\/magaza\/category\/genel\/\" rel=\"category tag\">Genel<\/a>\t\t\t\t\t\t\t\t\t<\/div>\n\t\t\t\t\t\t\t\t\t\t\t\t\t\t\t\t\t\t\n\t\t\t\t\t\t\t\t<\/div>\n\t\t\t\t\t\t\t\t\n\t\t\t\t\t\t\t\t<header>\n\t\t\t\t\t\t\t\t\t\t\t\t\t\t\t\t\t\t<h4 class=\"heading-title entry-title\">\n\t\t\t\t\t\t\t\t\t\t<a class=\"post-title\" href=\"https:\/\/www.acvit.com.tr\/magaza\/saclarda-dogal-guc-ve-denge-arayisi-acvit-anti-grey-hair-growth-serum\/\">Sa\u00e7larda Do\u011fal G\u00fc\u00e7 ve Denge Aray\u0131\u015f\u0131 &#8211; Acvit Anti Grey Hair Growth Serum<\/a>\n\t\t\t\t\t\t\t\t\t<\/h4>\n\t\t\t\t\t\t\t\t\t\t\t\t\t\t\t\t\t<\/header>\n\t\t\t\t\t\t\t\t\n\t\t\t\t\t\t\t\t\t\t\t\t\t\t\t\t<div class=\"excerpt\">Sa\u00e7lar\u0131n beyazlamas\u0131, d\u00f6k\u00fclmesi ya da yo\u011funlu\u011funu kaybetmesi yaln\u0131zca genetik de\u011fil; stres, \u00e7evresel fakt\u00f6rler ve beslenme al\u0131\u015fkanl\u0131klar\u0131yla da yak\u0131ndan ili\u015fkilidir. Acvit Anti Grey Hair Growth Serum, sa\u00e7 k\u00f6klerini desteklemeye, do\u011fal rengin korunmas\u0131na ve sa\u00e7\u0131n sa\u011fl\u0131kl\u0131 yap\u0131s\u0131na yeniden<\/div>\n\t\t\t\t\t\t\t\t\t\t\t\t\t\t\t\t\n\t\t\t\t\t\t\t\t\t\t\t\t\t\t\t\t<div class=\"entry-meta-bottom\">\n\t\t\t\t\t\t\t\n\t\t\t\t\t\t\t\t\t\t\t\t\t\t\t\t\t\t\t<span class=\"vcard author\">\n\t\t\t\t\t\t\t\t\t\t\t<span>BY<\/span>\n\t\t\t\t\t\t\t\t\t\t\t<a href=\"https:\/\/www.acvit.com.tr\/magaza\/author\/acvit\/\" title=\"acvit taraf\u0131ndan yaz\u0131lan yaz\u0131lar\" rel=\"author\">acvit<\/a>\t\t\t\t\t\t\t\t\t\t<\/span>\n\t\t\t\t\t\t\t\t\t\t\t\t\t\t\t\t\t\n\t\t\t\t\t\t\t\t\t\t\t\t\t\t\t\t\t\t\t<span class=\"date-time\">15 Ekim 2025<\/span>\n\t\t\t\t\t\t\t\t\t\t\t\t\t\t\t\t\t\t\n\t\t\t\t\t\t\t\t\t\t\t\t\t\t\t\t\t<\/div>\n\t\t\t\t\t\t\t\t\n\t\t\t\t\t\t\t\t\t\t\t\t\t\t\t<\/div>\n\t\t\t\t\t\t\t\n\t\t\t\t\t\t<\/div>\n\t\t\t\t\t\t\t\n\t\t\t\t\t\t\t\t\t\t<\/article>\n\t\t\t\t\t\t\t\t<article class=\"item   \">\n\t\t\t\t\t\n\t\t\t\t\t\t\t\t\t\t\t<div class=\"article-content\">\n\t\t\t\t\t\t\t<div class=\"thumbnail-content\">\n\t\t\t\t\t\t\t\t\t\t\t\t\t\t\t<\/div>\n\t\t\t\t\t\t\t\n\t\t\t\t\t\t\t<div class=\"entry-content\">\n\t\t\t\t\t\t\t\t<div class=\"entry-meta-top\">\t\t\t\t\t\t\t\t\t\n\t\t\t\t\t\t\t\t\t\t\t\t\t\t\t\t\t\t<!-- Blog Categories -->\n\t\t\t\t\t\t\t\t\t<div class=\"cats-link\">\n\t\t\t\t\t\t\t\t\t\t<a href=\"https:\/\/www.acvit.com.tr\/magaza\/category\/genel\/\" rel=\"category tag\">Genel<\/a>\t\t\t\t\t\t\t\t\t<\/div>\n\t\t\t\t\t\t\t\t\t\t\t\t\t\t\t\t\t\t\n\t\t\t\t\t\t\t\t<\/div>\n\t\t\t\t\t\t\t\t\n\t\t\t\t\t\t\t\t<header>\n\t\t\t\t\t\t\t\t\t\t\t\t\t\t\t\t\t\t<h4 class=\"heading-title entry-title\">\n\t\t\t\t\t\t\t\t\t\t<a class=\"post-title\" href=\"https:\/\/www.acvit.com.tr\/magaza\/cilt-dengesini-yeniden-kesfet-acvit-4d-balance-repair-hydration-creamle\/\">Cilt Dengesini Yeniden Ke\u015ffetmenin Yolu &#8211; Acvit 4D Balance Repair &amp; Hydration Cream<\/a>\n\t\t\t\t\t\t\t\t\t<\/h4>\n\t\t\t\t\t\t\t\t\t\t\t\t\t\t\t\t\t<\/header>\n\t\t\t\t\t\t\t\t\n\t\t\t\t\t\t\t\t\t\t\t\t\t\t\t\t<div class=\"excerpt\">Cildimiz, g\u00fcn boyu maruz kald\u0131\u011f\u0131 \u00e7evresel stres fakt\u00f6rleri, hava kirlili\u011fi, g\u00fcne\u015f \u0131\u015f\u0131nlar\u0131 ve yo\u011fun ya\u015fam temposu nedeniyle zamanla bariyer b\u00fct\u00fcnl\u00fc\u011f\u00fcn\u00fc kaybedebilir. Bu durum, kuruluk, hassasiyet, mat g\u00f6r\u00fcn\u00fcm ve ince \u00e7izgiler gibi etkilerle kendini g\u00f6sterebilir. Acvit 4D<\/div>\n\t\t\t\t\t\t\t\t\t\t\t\t\t\t\t\t\n\t\t\t\t\t\t\t\t\t\t\t\t\t\t\t\t<div class=\"entry-meta-bottom\">\n\t\t\t\t\t\t\t\n\t\t\t\t\t\t\t\t\t\t\t\t\t\t\t\t\t\t\t<span class=\"vcard author\">\n\t\t\t\t\t\t\t\t\t\t\t<span>BY<\/span>\n\t\t\t\t\t\t\t\t\t\t\t<a href=\"https:\/\/www.acvit.com.tr\/magaza\/author\/acvit\/\" title=\"acvit taraf\u0131ndan yaz\u0131lan yaz\u0131lar\" rel=\"author\">acvit<\/a>\t\t\t\t\t\t\t\t\t\t<\/span>\n\t\t\t\t\t\t\t\t\t\t\t\t\t\t\t\t\t\n\t\t\t\t\t\t\t\t\t\t\t\t\t\t\t\t\t\t\t<span class=\"date-time\">15 Ekim 2025<\/span>\n\t\t\t\t\t\t\t\t\t\t\t\t\t\t\t\t\t\t\n\t\t\t\t\t\t\t\t\t\t\t\t\t\t\t\t\t<\/div>\n\t\t\t\t\t\t\t\t\n\t\t\t\t\t\t\t\t\t\t\t\t\t\t\t<\/div>\n\t\t\t\t\t\t\t\n\t\t\t\t\t\t<\/div>\n\t\t\t\t\t\t\t\n\t\t\t\t\t\t\t\t\t\t<\/article>\n\t\t\t\t\t\t\t\t<article class=\"item   \">\n\t\t\t\t\t\n\t\t\t\t\t\t\t\t\t\t\t<div class=\"article-content\">\n\t\t\t\t\t\t\t<div class=\"thumbnail-content\">\n\t\t\t\t\t\t\t\t\t\t\t\t\t\t\t<\/div>\n\t\t\t\t\t\t\t\n\t\t\t\t\t\t\t<div class=\"entry-content\">\n\t\t\t\t\t\t\t\t<div class=\"entry-meta-top\">\t\t\t\t\t\t\t\t\t\n\t\t\t\t\t\t\t\t\t\t\t\t\t\t\t\t\t\t<!-- Blog Categories -->\n\t\t\t\t\t\t\t\t\t<div class=\"cats-link\">\n\t\t\t\t\t\t\t\t\t\t<a href=\"https:\/\/www.acvit.com.tr\/magaza\/category\/genel\/\" rel=\"category tag\">Genel<\/a>\t\t\t\t\t\t\t\t\t<\/div>\n\t\t\t\t\t\t\t\t\t\t\t\t\t\t\t\t\t\t\n\t\t\t\t\t\t\t\t<\/div>\n\t\t\t\t\t\t\t\t\n\t\t\t\t\t\t\t\t<header>\n\t\t\t\t\t\t\t\t\t\t\t\t\t\t\t\t\t\t<h4 class=\"heading-title entry-title\">\n\t\t\t\t\t\t\t\t\t\t<a class=\"post-title\" href=\"https:\/\/www.acvit.com.tr\/magaza\/hydro-boost-cilt-uzerindeki-etkileri\/\">Hydro Boost, Cilt \u00fczerindeki etkileri<\/a>\n\t\t\t\t\t\t\t\t\t<\/h4>\n\t\t\t\t\t\t\t\t\t\t\t\t\t\t\t\t\t<\/header>\n\t\t\t\t\t\t\t\t\n\t\t\t\t\t\t\t\t\t\t\t\t\t\t\t\t<div class=\"excerpt\">Hydro Boost, ciltteki nem seviyesini dengelemeye ve korumaya yard\u0131mc\u0131 olan bir bak\u0131m yakla\u015f\u0131m\u0131d\u0131r. Cildimiz do\u011fal olarak su kaybeder; bu kay\u0131p, \u00e7evresel fakt\u00f6rler (g\u00fcne\u015f, r\u00fczg\u00e2r, klima, hava kirlili\u011fi), yo\u011fun makyaj kullan\u0131m\u0131 veya yanl\u0131\u015f temizleme al\u0131\u015fkanl\u0131klar\u0131yla daha da<\/div>\n\t\t\t\t\t\t\t\t\t\t\t\t\t\t\t\t\n\t\t\t\t\t\t\t\t\t\t\t\t\t\t\t\t<div class=\"entry-meta-bottom\">\n\t\t\t\t\t\t\t\n\t\t\t\t\t\t\t\t\t\t\t\t\t\t\t\t\t\t\t<span class=\"vcard author\">\n\t\t\t\t\t\t\t\t\t\t\t<span>BY<\/span>\n\t\t\t\t\t\t\t\t\t\t\t<a href=\"https:\/\/www.acvit.com.tr\/magaza\/author\/acvit\/\" title=\"acvit taraf\u0131ndan yaz\u0131lan yaz\u0131lar\" rel=\"author\">acvit<\/a>\t\t\t\t\t\t\t\t\t\t<\/span>\n\t\t\t\t\t\t\t\t\t\t\t\t\t\t\t\t\t\n\t\t\t\t\t\t\t\t\t\t\t\t\t\t\t\t\t\t\t<span class=\"date-time\">9 Ekim 2025<\/span>\n\t\t\t\t\t\t\t\t\t\t\t\t\t\t\t\t\t\t\n\t\t\t\t\t\t\t\t\t\t\t\t\t\t\t\t\t<\/div>\n\t\t\t\t\t\t\t\t\n\t\t\t\t\t\t\t\t\t\t\t\t\t\t\t<\/div>\n\t\t\t\t\t\t\t\n\t\t\t\t\t\t<\/div>\n\t\t\t\t\t\t\t\n\t\t\t\t\t\t\t\t\t\t<\/article>\n\t\t\t\t\t\t\t\t<article class=\"item   \">\n\t\t\t\t\t\n\t\t\t\t\t\t\t\t\t\t\t<div class=\"article-content\">\n\t\t\t\t\t\t\t<div class=\"thumbnail-content\">\n\t\t\t\t\t\t\t\t\t\t\t\t\t\t\t<\/div>\n\t\t\t\t\t\t\t\n\t\t\t\t\t\t\t<div class=\"entry-content\">\n\t\t\t\t\t\t\t\t<div class=\"entry-meta-top\">\t\t\t\t\t\t\t\t\t\n\t\t\t\t\t\t\t\t\t\t\t\t\t\t\t\t\t\t<!-- Blog Categories -->\n\t\t\t\t\t\t\t\t\t<div class=\"cats-link\">\n\t\t\t\t\t\t\t\t\t\t<a href=\"https:\/\/www.acvit.com.tr\/magaza\/category\/genel\/\" rel=\"category tag\">Genel<\/a>\t\t\t\t\t\t\t\t\t<\/div>\n\t\t\t\t\t\t\t\t\t\t\t\t\t\t\t\t\t\t\n\t\t\t\t\t\t\t\t<\/div>\n\t\t\t\t\t\t\t\t\n\t\t\t\t\t\t\t\t<header>\n\t\t\t\t\t\t\t\t\t\t\t\t\t\t\t\t\t\t<h4 class=\"heading-title entry-title\">\n\t\t\t\t\t\t\t\t\t\t<a class=\"post-title\" href=\"https:\/\/www.acvit.com.tr\/magaza\/dis-genital-bolgedeki-kararmalardan-nasil-kurtulabiliriz\/\">D\u0131\u015f Genital B\u00f6lgedeki Kararmalardan Nas\u0131l Kurtulabiliriz?<\/a>\n\t\t\t\t\t\t\t\t\t<\/h4>\n\t\t\t\t\t\t\t\t\t\t\t\t\t\t\t\t\t<\/header>\n\t\t\t\t\t\t\t\t\n\t\t\t\t\t\t\t\t\t\t\t\t\t\t\t\t<div class=\"excerpt\">D\u0131\u015f genital b\u00f6lge, cilt yap\u0131s\u0131 ve pigmentasyonu a\u00e7\u0131s\u0131ndan v\u00fccudun di\u011fer b\u00f6lgelerinden farkl\u0131l\u0131k g\u00f6sterebilir. Baz\u0131 ki\u015filerde bu b\u00f6lgede koyula\u015fma veya renk farkl\u0131l\u0131klar\u0131 g\u00f6r\u00fclebilir; bu durum genellikle hormonal de\u011fi\u015fiklikler, s\u00fcrt\u00fcnme, hamilelik, ya\u015flanma veya cilt tipine ba\u011fl\u0131 olarak ortaya<\/div>\n\t\t\t\t\t\t\t\t\t\t\t\t\t\t\t\t\n\t\t\t\t\t\t\t\t\t\t\t\t\t\t\t\t<div class=\"entry-meta-bottom\">\n\t\t\t\t\t\t\t\n\t\t\t\t\t\t\t\t\t\t\t\t\t\t\t\t\t\t\t<span class=\"vcard author\">\n\t\t\t\t\t\t\t\t\t\t\t<span>BY<\/span>\n\t\t\t\t\t\t\t\t\t\t\t<a href=\"https:\/\/www.acvit.com.tr\/magaza\/author\/acvit\/\" title=\"acvit taraf\u0131ndan yaz\u0131lan yaz\u0131lar\" rel=\"author\">acvit<\/a>\t\t\t\t\t\t\t\t\t\t<\/span>\n\t\t\t\t\t\t\t\t\t\t\t\t\t\t\t\t\t\n\t\t\t\t\t\t\t\t\t\t\t\t\t\t\t\t\t\t\t<span class=\"date-time\">7 Ekim 2025<\/span>\n\t\t\t\t\t\t\t\t\t\t\t\t\t\t\t\t\t\t\n\t\t\t\t\t\t\t\t\t\t\t\t\t\t\t\t\t<\/div>\n\t\t\t\t\t\t\t\t\n\t\t\t\t\t\t\t\t\t\t\t\t\t\t\t<\/div>\n\t\t\t\t\t\t\t\n\t\t\t\t\t\t<\/div>\n\t\t\t\t\t\t\t\n\t\t\t\t\t\t\t\t\t\t<\/article>\n\t\t\t\t\t\t\t\t<article class=\"item   \">\n\t\t\t\t\t\n\t\t\t\t\t\t\t\t\t\t\t<div class=\"article-content\">\n\t\t\t\t\t\t\t<div class=\"thumbnail-content\">\n\t\t\t\t\t\t\t\t\t\t\t\t\t\t\t<\/div>\n\t\t\t\t\t\t\t\n\t\t\t\t\t\t\t<div class=\"entry-content\">\n\t\t\t\t\t\t\t\t<div class=\"entry-meta-top\">\t\t\t\t\t\t\t\t\t\n\t\t\t\t\t\t\t\t\t\t\t\t\t\t\t\t\t\t<!-- Blog Categories -->\n\t\t\t\t\t\t\t\t\t<div class=\"cats-link\">\n\t\t\t\t\t\t\t\t\t\t<a href=\"https:\/\/www.acvit.com.tr\/magaza\/category\/genel\/\" rel=\"category tag\">Genel<\/a>\t\t\t\t\t\t\t\t\t<\/div>\n\t\t\t\t\t\t\t\t\t\t\t\t\t\t\t\t\t\t\n\t\t\t\t\t\t\t\t<\/div>\n\t\t\t\t\t\t\t\t\n\t\t\t\t\t\t\t\t<header>\n\t\t\t\t\t\t\t\t\t\t\t\t\t\t\t\t\t\t<h4 class=\"heading-title entry-title\">\n\t\t\t\t\t\t\t\t\t\t<a class=\"post-title\" href=\"https:\/\/www.acvit.com.tr\/magaza\/makyaj-temizliginde-dikkat-edilmesi-gereken-hususlar\/\">Makyaj Temizli\u011finde Dikkat Edilmesi Gereken Hususlar<\/a>\n\t\t\t\t\t\t\t\t\t<\/h4>\n\t\t\t\t\t\t\t\t\t\t\t\t\t\t\t\t\t<\/header>\n\t\t\t\t\t\t\t\t\n\t\t\t\t\t\t\t\t\t\t\t\t\t\t\t\t<div class=\"excerpt\">Makyaj, cilde estetik bir dokunu\u015f sa\u011flar; ancak g\u00fcn sonunda temizlenmemesi g\u00f6zeneklerin t\u0131kanmas\u0131na, sivilce olu\u015fumuna veya ciltte matla\u015fmaya katk\u0131da bulunabilir. Bu nedenle do\u011fru ve etkili makyaj temizli\u011fi, cilt sa\u011fl\u0131\u011f\u0131n\u0131 desteklemek a\u00e7\u0131s\u0131ndan \u00f6nemli olabilir. 1. Nazik ve Etkili<\/div>\n\t\t\t\t\t\t\t\t\t\t\t\t\t\t\t\t\n\t\t\t\t\t\t\t\t\t\t\t\t\t\t\t\t<div class=\"entry-meta-bottom\">\n\t\t\t\t\t\t\t\n\t\t\t\t\t\t\t\t\t\t\t\t\t\t\t\t\t\t\t<span class=\"vcard author\">\n\t\t\t\t\t\t\t\t\t\t\t<span>BY<\/span>\n\t\t\t\t\t\t\t\t\t\t\t<a href=\"https:\/\/www.acvit.com.tr\/magaza\/author\/acvit\/\" title=\"acvit taraf\u0131ndan yaz\u0131lan yaz\u0131lar\" rel=\"author\">acvit<\/a>\t\t\t\t\t\t\t\t\t\t<\/span>\n\t\t\t\t\t\t\t\t\t\t\t\t\t\t\t\t\t\n\t\t\t\t\t\t\t\t\t\t\t\t\t\t\t\t\t\t\t<span class=\"date-time\">7 Ekim 2025<\/span>\n\t\t\t\t\t\t\t\t\t\t\t\t\t\t\t\t\t\t\n\t\t\t\t\t\t\t\t\t\t\t\t\t\t\t\t\t<\/div>\n\t\t\t\t\t\t\t\t\n\t\t\t\t\t\t\t\t\t\t\t\t\t\t\t<\/div>\n\t\t\t\t\t\t\t\n\t\t\t\t\t\t<\/div>\n\t\t\t\t\t\t\t\n\t\t\t\t\t\t\t\t\t\t<\/article>\n\t\t\t\t\t\t\t\t<article class=\"item   \">\n\t\t\t\t\t\n\t\t\t\t\t\t\t\t\t\t\t<div class=\"article-content\">\n\t\t\t\t\t\t\t<div class=\"thumbnail-content\">\n\t\t\t\t\t\t\t\t\t\t\t\t\t\t\t<\/div>\n\t\t\t\t\t\t\t\n\t\t\t\t\t\t\t<div class=\"entry-content\">\n\t\t\t\t\t\t\t\t<div class=\"entry-meta-top\">\t\t\t\t\t\t\t\t\t\n\t\t\t\t\t\t\t\t\t\t\t\t\t\t\t\t\t\t<!-- Blog Categories -->\n\t\t\t\t\t\t\t\t\t<div class=\"cats-link\">\n\t\t\t\t\t\t\t\t\t\t<a href=\"https:\/\/www.acvit.com.tr\/magaza\/category\/genel\/\" rel=\"category tag\">Genel<\/a>\t\t\t\t\t\t\t\t\t<\/div>\n\t\t\t\t\t\t\t\t\t\t\t\t\t\t\t\t\t\t\n\t\t\t\t\t\t\t\t<\/div>\n\t\t\t\t\t\t\t\t\n\t\t\t\t\t\t\t\t<header>\n\t\t\t\t\t\t\t\t\t\t\t\t\t\t\t\t\t\t<h4 class=\"heading-title entry-title\">\n\t\t\t\t\t\t\t\t\t\t<a class=\"post-title\" href=\"https:\/\/www.acvit.com.tr\/magaza\/vucut-hijyeninde-ve-vucut-kokusunda-dikkat-edilmesi-gereken-hususlar\/\">V\u00fccut Hijyeninde ve V\u00fccut Kokusunda Dikkat Edilmesi Gereken Hususlar<\/a>\n\t\t\t\t\t\t\t\t\t<\/h4>\n\t\t\t\t\t\t\t\t\t\t\t\t\t\t\t\t\t<\/header>\n\t\t\t\t\t\t\t\t\n\t\t\t\t\t\t\t\t\t\t\t\t\t\t\t\t<div class=\"excerpt\">V\u00fccut hijyeni, sa\u011fl\u0131kl\u0131 bir ya\u015fam\u0131n temel ta\u015flar\u0131ndan biridir. Cilt, v\u00fccudumuzu d\u0131\u015f etkenlerden koruyan en b\u00fcy\u00fck organ oldu\u011fu i\u00e7in d\u00fczenli bak\u0131m ve temizlik hem estetik g\u00f6r\u00fcn\u00fcm hem de sa\u011fl\u0131k a\u00e7\u0131s\u0131ndan b\u00fcy\u00fck \u00f6nem ta\u015f\u0131r. 1. D\u00fczenli Banyo Almak<\/div>\n\t\t\t\t\t\t\t\t\t\t\t\t\t\t\t\t\n\t\t\t\t\t\t\t\t\t\t\t\t\t\t\t\t<div class=\"entry-meta-bottom\">\n\t\t\t\t\t\t\t\n\t\t\t\t\t\t\t\t\t\t\t\t\t\t\t\t\t\t\t<span class=\"vcard author\">\n\t\t\t\t\t\t\t\t\t\t\t<span>BY<\/span>\n\t\t\t\t\t\t\t\t\t\t\t<a href=\"https:\/\/www.acvit.com.tr\/magaza\/author\/acvit\/\" title=\"acvit taraf\u0131ndan yaz\u0131lan yaz\u0131lar\" rel=\"author\">acvit<\/a>\t\t\t\t\t\t\t\t\t\t<\/span>\n\t\t\t\t\t\t\t\t\t\t\t\t\t\t\t\t\t\n\t\t\t\t\t\t\t\t\t\t\t\t\t\t\t\t\t\t\t<span class=\"date-time\">7 Ekim 2025<\/span>\n\t\t\t\t\t\t\t\t\t\t\t\t\t\t\t\t\t\t\n\t\t\t\t\t\t\t\t\t\t\t\t\t\t\t\t\t<\/div>\n\t\t\t\t\t\t\t\t\n\t\t\t\t\t\t\t\t\t\t\t\t\t\t\t<\/div>\n\t\t\t\t\t\t\t\n\t\t\t\t\t\t<\/div>\n\t\t\t\t\t\t\t\n\t\t\t\t\t\t\t\t\t\t<\/article>\n\t\t\t\t\t\t\t\t<article class=\"item   \">\n\t\t\t\t\t\n\t\t\t\t\t\t\t\t\t\t\t<div class=\"article-content\">\n\t\t\t\t\t\t\t<div class=\"thumbnail-content\">\n\t\t\t\t\t\t\t\t\t\t\t\t\t\t\t<\/div>\n\t\t\t\t\t\t\t\n\t\t\t\t\t\t\t<div class=\"entry-content\">\n\t\t\t\t\t\t\t\t<div class=\"entry-meta-top\">\t\t\t\t\t\t\t\t\t\n\t\t\t\t\t\t\t\t\t\t\t\t\t\t\t\t\t\t<!-- Blog Categories -->\n\t\t\t\t\t\t\t\t\t<div class=\"cats-link\">\n\t\t\t\t\t\t\t\t\t\t<a href=\"https:\/\/www.acvit.com.tr\/magaza\/category\/genel\/\" rel=\"category tag\">Genel<\/a>\t\t\t\t\t\t\t\t\t<\/div>\n\t\t\t\t\t\t\t\t\t\t\t\t\t\t\t\t\t\t\n\t\t\t\t\t\t\t\t<\/div>\n\t\t\t\t\t\t\t\t\n\t\t\t\t\t\t\t\t<header>\n\t\t\t\t\t\t\t\t\t\t\t\t\t\t\t\t\t\t<h4 class=\"heading-title entry-title\">\n\t\t\t\t\t\t\t\t\t\t<a class=\"post-title\" href=\"https:\/\/www.acvit.com.tr\/magaza\/kda-nedir-ne-ise-yarar-hyaluronik-asitte-molekuler-agirligin-rolu\/\">kDa Nedir, Ne \u0130\u015fe Yarar? Hyaluronik Asit&#8217;te Molek\u00fcler A\u011f\u0131rl\u0131\u011f\u0131n Rol\u00fc<\/a>\n\t\t\t\t\t\t\t\t\t<\/h4>\n\t\t\t\t\t\t\t\t\t\t\t\t\t\t\t\t\t<\/header>\n\t\t\t\t\t\t\t\t\n\t\t\t\t\t\t\t\t\t\t\t\t\t\t\t\t<div class=\"excerpt\">Hyaluronik asit (HA) ve t\u00fcrevleri, farkl\u0131 molek\u00fcler a\u011f\u0131rl\u0131klara sahiptir. Bu a\u011f\u0131rl\u0131klar kDa (kilodalton) birimiyle ifade edilir ve ciltte hangi katmana etki edeceklerini belirler. B\u00f6ylece, \u00fcr\u00fcn\u00fcn nemlendirme ve bak\u0131m etkisi \u015fekillenir. \ud83d\udd0d Neden \u00d6nemlidir? Molek\u00fcler A\u011f\u0131rl\u0131k ve<\/div>\n\t\t\t\t\t\t\t\t\t\t\t\t\t\t\t\t\n\t\t\t\t\t\t\t\t\t\t\t\t\t\t\t\t<div class=\"entry-meta-bottom\">\n\t\t\t\t\t\t\t\n\t\t\t\t\t\t\t\t\t\t\t\t\t\t\t\t\t\t\t<span class=\"vcard author\">\n\t\t\t\t\t\t\t\t\t\t\t<span>BY<\/span>\n\t\t\t\t\t\t\t\t\t\t\t<a href=\"https:\/\/www.acvit.com.tr\/magaza\/author\/acvit\/\" title=\"acvit taraf\u0131ndan yaz\u0131lan yaz\u0131lar\" rel=\"author\">acvit<\/a>\t\t\t\t\t\t\t\t\t\t<\/span>\n\t\t\t\t\t\t\t\t\t\t\t\t\t\t\t\t\t\n\t\t\t\t\t\t\t\t\t\t\t\t\t\t\t\t\t\t\t<span class=\"date-time\">6 Ekim 2025<\/span>\n\t\t\t\t\t\t\t\t\t\t\t\t\t\t\t\t\t\t\n\t\t\t\t\t\t\t\t\t\t\t\t\t\t\t\t\t<\/div>\n\t\t\t\t\t\t\t\t\n\t\t\t\t\t\t\t\t\t\t\t\t\t\t\t<\/div>\n\t\t\t\t\t\t\t\n\t\t\t\t\t\t<\/div>\n\t\t\t\t\t\t\t\n\t\t\t\t\t\t\t\t\t\t<\/article>\n\t\t\t\t\t\t\t\t<article class=\"item   \">\n\t\t\t\t\t\n\t\t\t\t\t\t\t\t\t\t\t<div class=\"article-content\">\n\t\t\t\t\t\t\t<div class=\"thumbnail-content\">\n\t\t\t\t\t\t\t\t\t\t\t\t\t\t\t<\/div>\n\t\t\t\t\t\t\t\n\t\t\t\t\t\t\t<div class=\"entry-content\">\n\t\t\t\t\t\t\t\t<div class=\"entry-meta-top\">\t\t\t\t\t\t\t\t\t\n\t\t\t\t\t\t\t\t\t\t\t\t\t\t\t\t\t\t<!-- Blog Categories -->\n\t\t\t\t\t\t\t\t\t<div class=\"cats-link\">\n\t\t\t\t\t\t\t\t\t\t<a href=\"https:\/\/www.acvit.com.tr\/magaza\/category\/genel\/\" rel=\"category tag\">Genel<\/a>\t\t\t\t\t\t\t\t\t<\/div>\n\t\t\t\t\t\t\t\t\t\t\t\t\t\t\t\t\t\t\n\t\t\t\t\t\t\t\t<\/div>\n\t\t\t\t\t\t\t\t\n\t\t\t\t\t\t\t\t<header>\n\t\t\t\t\t\t\t\t\t\t\t\t\t\t\t\t\t\t<h4 class=\"heading-title entry-title\">\n\t\t\t\t\t\t\t\t\t\t<a class=\"post-title\" href=\"https:\/\/www.acvit.com.tr\/magaza\/cildi-onarmanin-en-etkili-bilimsel-yontemi\/\">Cildi Onarman\u0131n En Etkili Bilimsel Y\u00f6ntemi<\/a>\n\t\t\t\t\t\t\t\t\t<\/h4>\n\t\t\t\t\t\t\t\t\t\t\t\t\t\t\t\t\t<\/header>\n\t\t\t\t\t\t\t\t\n\t\t\t\t\t\t\t\t\t\t\t\t\t\t\t\t<div class=\"excerpt\">Cilt, d\u0131\u015f etkenlere kar\u015f\u0131 ilk savunma hatt\u0131m\u0131zd\u0131r. G\u00fcne\u015f \u0131\u015f\u0131nlar\u0131, hava kirlili\u011fi, stres, yanl\u0131\u015f \u00fcr\u00fcn kullan\u0131m\u0131 gibi bir\u00e7ok fakt\u00f6r zamanla cilt bariyerini zay\u0131flat\u0131r. Modern do\u011fal \u00fcr\u00fcnlerle yap\u0131lan \u00a0yakla\u015f\u0131mlar, bu hasar\u0131 yaln\u0131zca y\u00fczeyde de\u011fil, h\u00fccresel d\u00fczeyde hedef alarak<\/div>\n\t\t\t\t\t\t\t\t\t\t\t\t\t\t\t\t\n\t\t\t\t\t\t\t\t\t\t\t\t\t\t\t\t<div class=\"entry-meta-bottom\">\n\t\t\t\t\t\t\t\n\t\t\t\t\t\t\t\t\t\t\t\t\t\t\t\t\t\t\t<span class=\"vcard author\">\n\t\t\t\t\t\t\t\t\t\t\t<span>BY<\/span>\n\t\t\t\t\t\t\t\t\t\t\t<a href=\"https:\/\/www.acvit.com.tr\/magaza\/author\/acvit\/\" title=\"acvit taraf\u0131ndan yaz\u0131lan yaz\u0131lar\" rel=\"author\">acvit<\/a>\t\t\t\t\t\t\t\t\t\t<\/span>\n\t\t\t\t\t\t\t\t\t\t\t\t\t\t\t\t\t\n\t\t\t\t\t\t\t\t\t\t\t\t\t\t\t\t\t\t\t<span class=\"date-time\">6 Ekim 2025<\/span>\n\t\t\t\t\t\t\t\t\t\t\t\t\t\t\t\t\t\t\n\t\t\t\t\t\t\t\t\t\t\t\t\t\t\t\t\t<\/div>\n\t\t\t\t\t\t\t\t\n\t\t\t\t\t\t\t\t\t\t\t\t\t\t\t<\/div>\n\t\t\t\t\t\t\t\n\t\t\t\t\t\t<\/div>\n\t\t\t\t\t\t\t\n\t\t\t\t\t\t\t\t\t\t<\/article>\n\t\t\t\t\t\t\t\t<article class=\"item   \">\n\t\t\t\t\t\n\t\t\t\t\t\t\t\t\t\t\t<div class=\"article-content\">\n\t\t\t\t\t\t\t<div class=\"thumbnail-content\">\n\t\t\t\t\t\t\t\t\t\t\t\t\t\t\t<\/div>\n\t\t\t\t\t\t\t\n\t\t\t\t\t\t\t<div class=\"entry-content\">\n\t\t\t\t\t\t\t\t<div class=\"entry-meta-top\">\t\t\t\t\t\t\t\t\t\n\t\t\t\t\t\t\t\t\t\t\t\t\t\t\t\t\t\t<!-- Blog Categories -->\n\t\t\t\t\t\t\t\t\t<div class=\"cats-link\">\n\t\t\t\t\t\t\t\t\t\t<a href=\"https:\/\/www.acvit.com.tr\/magaza\/category\/genel\/\" rel=\"category tag\">Genel<\/a>\t\t\t\t\t\t\t\t\t<\/div>\n\t\t\t\t\t\t\t\t\t\t\t\t\t\t\t\t\t\t\n\t\t\t\t\t\t\t\t<\/div>\n\t\t\t\t\t\t\t\t\n\t\t\t\t\t\t\t\t<header>\n\t\t\t\t\t\t\t\t\t\t\t\t\t\t\t\t\t\t<h4 class=\"heading-title entry-title\">\n\t\t\t\t\t\t\t\t\t\t<a class=\"post-title\" href=\"https:\/\/www.acvit.com.tr\/magaza\/surdurulebilir-yasam-tarzi-icin-sifir-atik-onerileri\/\">S\u00fcrd\u00fcr\u00fclebilir Ya\u015fam Tarz\u0131 \u0130\u00e7in S\u0131f\u0131r At\u0131k \u00d6nerileri<\/a>\n\t\t\t\t\t\t\t\t\t<\/h4>\n\t\t\t\t\t\t\t\t\t\t\t\t\t\t\t\t\t<\/header>\n\t\t\t\t\t\t\t\t\n\t\t\t\t\t\t\t\t\t\t\t\t\t\t\t\t<div class=\"excerpt\">Kozmetik \u00dcr\u00fcnlerinde Do\u011faya Sayg\u0131l\u0131, Bilin\u00e7li Se\u00e7imler Daha ya\u015fanabilir bir d\u00fcnya i\u00e7in at\u0131lmas\u0131 gereken en \u00f6nemli ad\u0131mlardan biri, ki\u015fisel t\u00fcketim al\u0131\u015fkanl\u0131klar\u0131m\u0131z\u0131 d\u00f6n\u00fc\u015ft\u00fcrmektir. G\u00fczellik ve ki\u015fisel bak\u0131m rutinlerimiz, d\u00fc\u015f\u00fcnd\u00fc\u011f\u00fcm\u00fczden \u00e7ok daha fazla at\u0131k \u00fcretmektedir. Plastik ambalajlar, mikroplastikler, kimyasal<\/div>\n\t\t\t\t\t\t\t\t\t\t\t\t\t\t\t\t\n\t\t\t\t\t\t\t\t\t\t\t\t\t\t\t\t<div class=\"entry-meta-bottom\">\n\t\t\t\t\t\t\t\n\t\t\t\t\t\t\t\t\t\t\t\t\t\t\t\t\t\t\t<span class=\"vcard author\">\n\t\t\t\t\t\t\t\t\t\t\t<span>BY<\/span>\n\t\t\t\t\t\t\t\t\t\t\t<a href=\"https:\/\/www.acvit.com.tr\/magaza\/author\/acvit\/\" title=\"acvit taraf\u0131ndan yaz\u0131lan yaz\u0131lar\" rel=\"author\">acvit<\/a>\t\t\t\t\t\t\t\t\t\t<\/span>\n\t\t\t\t\t\t\t\t\t\t\t\t\t\t\t\t\t\n\t\t\t\t\t\t\t\t\t\t\t\t\t\t\t\t\t\t\t<span class=\"date-time\">25 Eyl\u00fcl 2025<\/span>\n\t\t\t\t\t\t\t\t\t\t\t\t\t\t\t\t\t\t\n\t\t\t\t\t\t\t\t\t\t\t\t\t\t\t\t\t<\/div>\n\t\t\t\t\t\t\t\t\n\t\t\t\t\t\t\t\t\t\t\t\t\t\t\t<\/div>\n\t\t\t\t\t\t\t\n\t\t\t\t\t\t<\/div>\n\t\t\t\t\t\t\t\n\t\t\t\t\t\t\t\t\t\t<\/article>\n\t\t\t\t\t\t\t\t<article class=\"item   \">\n\t\t\t\t\t\n\t\t\t\t\t\t\t\t\t\t\t<div class=\"article-content\">\n\t\t\t\t\t\t\t<div class=\"thumbnail-content\">\n\t\t\t\t\t\t\t\t\t\t\t\t\t\t\t<\/div>\n\t\t\t\t\t\t\t\n\t\t\t\t\t\t\t<div class=\"entry-content\">\n\t\t\t\t\t\t\t\t<div class=\"entry-meta-top\">\t\t\t\t\t\t\t\t\t\n\t\t\t\t\t\t\t\t\t\t\t\t\t\t\t\t\t\t<!-- Blog Categories -->\n\t\t\t\t\t\t\t\t\t<div class=\"cats-link\">\n\t\t\t\t\t\t\t\t\t\t<a href=\"https:\/\/www.acvit.com.tr\/magaza\/category\/genel\/\" rel=\"category tag\">Genel<\/a>\t\t\t\t\t\t\t\t\t<\/div>\n\t\t\t\t\t\t\t\t\t\t\t\t\t\t\t\t\t\t\n\t\t\t\t\t\t\t\t<\/div>\n\t\t\t\t\t\t\t\t\n\t\t\t\t\t\t\t\t<header>\n\t\t\t\t\t\t\t\t\t\t\t\t\t\t\t\t\t\t<h4 class=\"heading-title entry-title\">\n\t\t\t\t\t\t\t\t\t\t<a class=\"post-title\" href=\"https:\/\/www.acvit.com.tr\/magaza\/vucut-nemlendirme-icin-bilmeniz-gereken-tum-puf-noktalar\/\">V\u00fccut nemlendirme i\u00e7in bilmeniz gereken t\u00fcm p\u00fcf noktalar<\/a>\n\t\t\t\t\t\t\t\t\t<\/h4>\n\t\t\t\t\t\t\t\t\t\t\t\t\t\t\t\t\t<\/header>\n\t\t\t\t\t\t\t\t\n\t\t\t\t\t\t\t\t\t\t\t\t\t\t\t\t<div class=\"excerpt\">V\u00fccut nemlendirmede ba\u015far\u0131, sadece nemlendirici kullanmakla de\u011fil, do\u011fru zamanda, do\u011fru \u00fcr\u00fcnle ve do\u011fru teknikle uygulamakla ilgilidir. \u0130\u015fte etkili bir v\u00fccut nemlendirme i\u00e7in bilmen gereken t\u00fcm p\u00fcf noktalar: Do\u011fru Zaman: Du\u015ftan Hemen Sonra Nemlendirmek Nemli cilt =<\/div>\n\t\t\t\t\t\t\t\t\t\t\t\t\t\t\t\t\n\t\t\t\t\t\t\t\t\t\t\t\t\t\t\t\t<div class=\"entry-meta-bottom\">\n\t\t\t\t\t\t\t\n\t\t\t\t\t\t\t\t\t\t\t\t\t\t\t\t\t\t\t<span class=\"vcard author\">\n\t\t\t\t\t\t\t\t\t\t\t<span>BY<\/span>\n\t\t\t\t\t\t\t\t\t\t\t<a href=\"https:\/\/www.acvit.com.tr\/magaza\/author\/acvit\/\" title=\"acvit taraf\u0131ndan yaz\u0131lan yaz\u0131lar\" rel=\"author\">acvit<\/a>\t\t\t\t\t\t\t\t\t\t<\/span>\n\t\t\t\t\t\t\t\t\t\t\t\t\t\t\t\t\t\n\t\t\t\t\t\t\t\t\t\t\t\t\t\t\t\t\t\t\t<span class=\"date-time\">18 Eyl\u00fcl 2025<\/span>\n\t\t\t\t\t\t\t\t\t\t\t\t\t\t\t\t\t\t\n\t\t\t\t\t\t\t\t\t\t\t\t\t\t\t\t\t<\/div>\n\t\t\t\t\t\t\t\t\n\t\t\t\t\t\t\t\t\t\t\t\t\t\t\t<\/div>\n\t\t\t\t\t\t\t\n\t\t\t\t\t\t<\/div>\n\t\t\t\t\t\t\t\n\t\t\t\t\t\t\t\t\t\t<\/article>\n\t\t\t\t\t\t\t\t<article class=\"item   \">\n\t\t\t\t\t\n\t\t\t\t\t\t\t\t\t\t\t<div class=\"article-content\">\n\t\t\t\t\t\t\t<div class=\"thumbnail-content\">\n\t\t\t\t\t\t\t\t\t\t\t\t\t\t\t<\/div>\n\t\t\t\t\t\t\t\n\t\t\t\t\t\t\t<div class=\"entry-content\">\n\t\t\t\t\t\t\t\t<div class=\"entry-meta-top\">\t\t\t\t\t\t\t\t\t\n\t\t\t\t\t\t\t\t\t\t\t\t\t\t\t\t\t\t<!-- Blog Categories -->\n\t\t\t\t\t\t\t\t\t<div class=\"cats-link\">\n\t\t\t\t\t\t\t\t\t\t<a href=\"https:\/\/www.acvit.com.tr\/magaza\/category\/genel\/\" rel=\"category tag\">Genel<\/a>\t\t\t\t\t\t\t\t\t<\/div>\n\t\t\t\t\t\t\t\t\t\t\t\t\t\t\t\t\t\t\n\t\t\t\t\t\t\t\t<\/div>\n\t\t\t\t\t\t\t\t\n\t\t\t\t\t\t\t\t<header>\n\t\t\t\t\t\t\t\t\t\t\t\t\t\t\t\t\t\t<h4 class=\"heading-title entry-title\">\n\t\t\t\t\t\t\t\t\t\t<a class=\"post-title\" href=\"https:\/\/www.acvit.com.tr\/magaza\/vucut-bakimi-yaparken-dikkat-edilmesi-gereken-temel-noktalar\/\">V\u00fccut bak\u0131m\u0131 yaparken dikkat edilmesi gereken temel noktalar<\/a>\n\t\t\t\t\t\t\t\t\t<\/h4>\n\t\t\t\t\t\t\t\t\t\t\t\t\t\t\t\t\t<\/header>\n\t\t\t\t\t\t\t\t\n\t\t\t\t\t\t\t\t\t\t\t\t\t\t\t\t<div class=\"excerpt\">V\u00fccut bak\u0131m\u0131, sadece estetik de\u011fil, sa\u011fl\u0131k a\u00e7\u0131s\u0131ndan da olduk\u00e7a \u00f6nemli bir rutindir. Cildin sa\u011fl\u0131kl\u0131, yumu\u015fak, nemli ve g\u00fc\u00e7l\u00fc kalmas\u0131 i\u00e7in d\u00fczenli bak\u0131m \u015fartt\u0131r. \u0130\u015fte v\u00fccut bak\u0131m\u0131 yaparken dikkat edilmesi gereken temel noktalar: Cilt Temizli\u011fi neden \u00f6nelidir<\/div>\n\t\t\t\t\t\t\t\t\t\t\t\t\t\t\t\t\n\t\t\t\t\t\t\t\t\t\t\t\t\t\t\t\t<div class=\"entry-meta-bottom\">\n\t\t\t\t\t\t\t\n\t\t\t\t\t\t\t\t\t\t\t\t\t\t\t\t\t\t\t<span class=\"vcard author\">\n\t\t\t\t\t\t\t\t\t\t\t<span>BY<\/span>\n\t\t\t\t\t\t\t\t\t\t\t<a href=\"https:\/\/www.acvit.com.tr\/magaza\/author\/acvit\/\" title=\"acvit taraf\u0131ndan yaz\u0131lan yaz\u0131lar\" rel=\"author\">acvit<\/a>\t\t\t\t\t\t\t\t\t\t<\/span>\n\t\t\t\t\t\t\t\t\t\t\t\t\t\t\t\t\t\n\t\t\t\t\t\t\t\t\t\t\t\t\t\t\t\t\t\t\t<span class=\"date-time\">18 Eyl\u00fcl 2025<\/span>\n\t\t\t\t\t\t\t\t\t\t\t\t\t\t\t\t\t\t\n\t\t\t\t\t\t\t\t\t\t\t\t\t\t\t\t\t<\/div>\n\t\t\t\t\t\t\t\t\n\t\t\t\t\t\t\t\t\t\t\t\t\t\t\t<\/div>\n\t\t\t\t\t\t\t\n\t\t\t\t\t\t<\/div>\n\t\t\t\t\t\t\t\n\t\t\t\t\t\t\t\t\t\t<\/article>\n\t\t\t\t\t\t\t\t<article class=\"item   \">\n\t\t\t\t\t\n\t\t\t\t\t\t\t\t\t\t\t<div class=\"article-content\">\n\t\t\t\t\t\t\t<div class=\"thumbnail-content\">\n\t\t\t\t\t\t\t\t\t\t\t\t\t\t\t<\/div>\n\t\t\t\t\t\t\t\n\t\t\t\t\t\t\t<div class=\"entry-content\">\n\t\t\t\t\t\t\t\t<div class=\"entry-meta-top\">\t\t\t\t\t\t\t\t\t\n\t\t\t\t\t\t\t\t\t\t\t\t\t\t\t\t\t\t<!-- Blog Categories -->\n\t\t\t\t\t\t\t\t\t<div class=\"cats-link\">\n\t\t\t\t\t\t\t\t\t\t<a href=\"https:\/\/www.acvit.com.tr\/magaza\/category\/genel\/\" rel=\"category tag\">Genel<\/a>\t\t\t\t\t\t\t\t\t<\/div>\n\t\t\t\t\t\t\t\t\t\t\t\t\t\t\t\t\t\t\n\t\t\t\t\t\t\t\t<\/div>\n\t\t\t\t\t\t\t\t\n\t\t\t\t\t\t\t\t<header>\n\t\t\t\t\t\t\t\t\t\t\t\t\t\t\t\t\t\t<h4 class=\"heading-title entry-title\">\n\t\t\t\t\t\t\t\t\t\t<a class=\"post-title\" href=\"https:\/\/www.acvit.com.tr\/magaza\/sac-neden-dokulur-sac-dokulmesi-icin-ne-tur-onlemler-alabiliriz\/\">Sa\u00e7 neden d\u00f6k\u00fcl\u00fcr? Sa\u00e7 d\u00f6k\u00fclmesi i\u00e7in ne t\u00fcr \u00f6nlemler alabiliriz?<\/a>\n\t\t\t\t\t\t\t\t\t<\/h4>\n\t\t\t\t\t\t\t\t\t\t\t\t\t\t\t\t\t<\/header>\n\t\t\t\t\t\t\t\t\n\t\t\t\t\t\t\t\t\t\t\t\t\t\t\t\t<div class=\"excerpt\">Sa\u00e7 d\u00f6k\u00fclmesi bir\u00e7ok farkl\u0131 nedene ba\u011fl\u0131 olarak ortaya \u00e7\u0131kabilir. Bu nedenler genetik, hormonal, \u00e7evresel, fiziksel ya da psikolojik olabilir. A\u015fa\u011f\u0131da sa\u00e7 d\u00f6k\u00fclmesinin en yayg\u0131n nedenlerini bulabilirsin: 1. Genetik Fakt\u00f6rler (Androgenetik Alopesi) 2. Hormonel Dengesizlikler 3. Stres<\/div>\n\t\t\t\t\t\t\t\t\t\t\t\t\t\t\t\t\n\t\t\t\t\t\t\t\t\t\t\t\t\t\t\t\t<div class=\"entry-meta-bottom\">\n\t\t\t\t\t\t\t\n\t\t\t\t\t\t\t\t\t\t\t\t\t\t\t\t\t\t\t<span class=\"vcard author\">\n\t\t\t\t\t\t\t\t\t\t\t<span>BY<\/span>\n\t\t\t\t\t\t\t\t\t\t\t<a href=\"https:\/\/www.acvit.com.tr\/magaza\/author\/acvit\/\" title=\"acvit taraf\u0131ndan yaz\u0131lan yaz\u0131lar\" rel=\"author\">acvit<\/a>\t\t\t\t\t\t\t\t\t\t<\/span>\n\t\t\t\t\t\t\t\t\t\t\t\t\t\t\t\t\t\n\t\t\t\t\t\t\t\t\t\t\t\t\t\t\t\t\t\t\t<span class=\"date-time\">18 Eyl\u00fcl 2025<\/span>\n\t\t\t\t\t\t\t\t\t\t\t\t\t\t\t\t\t\t\n\t\t\t\t\t\t\t\t\t\t\t\t\t\t\t\t\t<\/div>\n\t\t\t\t\t\t\t\t\n\t\t\t\t\t\t\t\t\t\t\t\t\t\t\t<\/div>\n\t\t\t\t\t\t\t\n\t\t\t\t\t\t<\/div>\n\t\t\t\t\t\t\t\n\t\t\t\t\t\t\t\t\t\t<\/article>\n\t\t\t\t\t\t\t\t<article class=\"item   \">\n\t\t\t\t\t\n\t\t\t\t\t\t\t\t\t\t\t<div class=\"article-content\">\n\t\t\t\t\t\t\t<div class=\"thumbnail-content\">\n\t\t\t\t\t\t\t\t\t\t\t\t\t\t\t<\/div>\n\t\t\t\t\t\t\t\n\t\t\t\t\t\t\t<div class=\"entry-content\">\n\t\t\t\t\t\t\t\t<div class=\"entry-meta-top\">\t\t\t\t\t\t\t\t\t\n\t\t\t\t\t\t\t\t\t\t\t\t\t\t\t\t\t\t<!-- Blog Categories -->\n\t\t\t\t\t\t\t\t\t<div class=\"cats-link\">\n\t\t\t\t\t\t\t\t\t\t<a href=\"https:\/\/www.acvit.com.tr\/magaza\/category\/genel\/\" rel=\"category tag\">Genel<\/a>\t\t\t\t\t\t\t\t\t<\/div>\n\t\t\t\t\t\t\t\t\t\t\t\t\t\t\t\t\t\t\n\t\t\t\t\t\t\t\t<\/div>\n\t\t\t\t\t\t\t\t\n\t\t\t\t\t\t\t\t<header>\n\t\t\t\t\t\t\t\t\t\t\t\t\t\t\t\t\t\t<h4 class=\"heading-title entry-title\">\n\t\t\t\t\t\t\t\t\t\t<a class=\"post-title\" href=\"https:\/\/www.acvit.com.tr\/magaza\/sac-tipine-gore-sampuan-ve-maske-secerken-dikkat-edilmesi-gereken-puf-noktalar\/\">Sa\u00e7 tipine g\u00f6re \u015fampuan ve maske se\u00e7erken dikkat edilmesi gereken p\u00fcf noktalar<\/a>\n\t\t\t\t\t\t\t\t\t<\/h4>\n\t\t\t\t\t\t\t\t\t\t\t\t\t\t\t\t\t<\/header>\n\t\t\t\t\t\t\t\t\n\t\t\t\t\t\t\t\t\t\t\t\t\t\t\t\t<div class=\"excerpt\">Sa\u00e7 tipine uygun \u015fampuan ve sa\u00e7 maskesi se\u00e7mek, sa\u00e7 sa\u011fl\u0131\u011f\u0131n\u0131 koruman\u0131n ve en iyi g\u00f6r\u00fcn\u00fcm\u00fc elde etmenin temel yollar\u0131ndan biridir. Her sa\u00e7 tipi farkl\u0131 ihtiya\u00e7lara sahiptir. A\u015fa\u011f\u0131da sa\u00e7 tipine g\u00f6re \u015fampuan ve maske se\u00e7erken dikkat edilmesi<\/div>\n\t\t\t\t\t\t\t\t\t\t\t\t\t\t\t\t\n\t\t\t\t\t\t\t\t\t\t\t\t\t\t\t\t<div class=\"entry-meta-bottom\">\n\t\t\t\t\t\t\t\n\t\t\t\t\t\t\t\t\t\t\t\t\t\t\t\t\t\t\t<span class=\"vcard author\">\n\t\t\t\t\t\t\t\t\t\t\t<span>BY<\/span>\n\t\t\t\t\t\t\t\t\t\t\t<a href=\"https:\/\/www.acvit.com.tr\/magaza\/author\/acvit\/\" title=\"acvit taraf\u0131ndan yaz\u0131lan yaz\u0131lar\" rel=\"author\">acvit<\/a>\t\t\t\t\t\t\t\t\t\t<\/span>\n\t\t\t\t\t\t\t\t\t\t\t\t\t\t\t\t\t\n\t\t\t\t\t\t\t\t\t\t\t\t\t\t\t\t\t\t\t<span class=\"date-time\">18 Eyl\u00fcl 2025<\/span>\n\t\t\t\t\t\t\t\t\t\t\t\t\t\t\t\t\t\t\n\t\t\t\t\t\t\t\t\t\t\t\t\t\t\t\t\t<\/div>\n\t\t\t\t\t\t\t\t\n\t\t\t\t\t\t\t\t\t\t\t\t\t\t\t<\/div>\n\t\t\t\t\t\t\t\n\t\t\t\t\t\t<\/div>\n\t\t\t\t\t\t\t\n\t\t\t\t\t\t\t\t\t\t<\/article>\n\t\t\t\t\t\t\t\t<article class=\"item   \">\n\t\t\t\t\t\n\t\t\t\t\t\t\t\t\t\t\t<div class=\"article-content\">\n\t\t\t\t\t\t\t<div class=\"thumbnail-content\">\n\t\t\t\t\t\t\t\t\t\t\t\t\t\t\t<\/div>\n\t\t\t\t\t\t\t\n\t\t\t\t\t\t\t<div class=\"entry-content\">\n\t\t\t\t\t\t\t\t<div class=\"entry-meta-top\">\t\t\t\t\t\t\t\t\t\n\t\t\t\t\t\t\t\t\t\t\t\t\t\t\t\t\t\t<!-- Blog Categories -->\n\t\t\t\t\t\t\t\t\t<div class=\"cats-link\">\n\t\t\t\t\t\t\t\t\t\t<a href=\"https:\/\/www.acvit.com.tr\/magaza\/category\/genel\/\" rel=\"category tag\">Genel<\/a>\t\t\t\t\t\t\t\t\t<\/div>\n\t\t\t\t\t\t\t\t\t\t\t\t\t\t\t\t\t\t\n\t\t\t\t\t\t\t\t<\/div>\n\t\t\t\t\t\t\t\t\n\t\t\t\t\t\t\t\t<header>\n\t\t\t\t\t\t\t\t\t\t\t\t\t\t\t\t\t\t<h4 class=\"heading-title entry-title\">\n\t\t\t\t\t\t\t\t\t\t<a class=\"post-title\" href=\"https:\/\/www.acvit.com.tr\/magaza\/neden-dogal-kozmetik-urunler-tercih-etmeliyiz\/\">Neden do\u011fal kozmetik \u00fcr\u00fcnler tercih etmeliyiz<\/a>\n\t\t\t\t\t\t\t\t\t<\/h4>\n\t\t\t\t\t\t\t\t\t\t\t\t\t\t\t\t\t<\/header>\n\t\t\t\t\t\t\t\t\n\t\t\t\t\t\t\t\t\t\t\t\t\t\t\t\t<div class=\"excerpt\">Do\u011fal kozmetik \u00fcr\u00fcnleri tercih etmek, sadece cilt sa\u011fl\u0131\u011f\u0131 a\u00e7\u0131s\u0131ndan de\u011fil, \u00e7evre ve genel ya\u015fam kalitesi a\u00e7\u0131s\u0131ndan da bir\u00e7ok avantaj sunar. \u0130\u015fte do\u011fal kozmetik \u00fcr\u00fcnlerini tercih etmenin nedenleri ve p\u00fcf noktalar\u0131: 1. Cilt Dostu \u0130\u00e7erikler Kimler i\u00e7in<\/div>\n\t\t\t\t\t\t\t\t\t\t\t\t\t\t\t\t\n\t\t\t\t\t\t\t\t\t\t\t\t\t\t\t\t<div class=\"entry-meta-bottom\">\n\t\t\t\t\t\t\t\n\t\t\t\t\t\t\t\t\t\t\t\t\t\t\t\t\t\t\t<span class=\"vcard author\">\n\t\t\t\t\t\t\t\t\t\t\t<span>BY<\/span>\n\t\t\t\t\t\t\t\t\t\t\t<a href=\"https:\/\/www.acvit.com.tr\/magaza\/author\/acvit\/\" title=\"acvit taraf\u0131ndan yaz\u0131lan yaz\u0131lar\" rel=\"author\">acvit<\/a>\t\t\t\t\t\t\t\t\t\t<\/span>\n\t\t\t\t\t\t\t\t\t\t\t\t\t\t\t\t\t\n\t\t\t\t\t\t\t\t\t\t\t\t\t\t\t\t\t\t\t<span class=\"date-time\">16 Eyl\u00fcl 2025<\/span>\n\t\t\t\t\t\t\t\t\t\t\t\t\t\t\t\t\t\t\n\t\t\t\t\t\t\t\t\t\t\t\t\t\t\t\t\t<\/div>\n\t\t\t\t\t\t\t\t\n\t\t\t\t\t\t\t\t\t\t\t\t\t\t\t<\/div>\n\t\t\t\t\t\t\t\n\t\t\t\t\t\t<\/div>\n\t\t\t\t\t\t\t\n\t\t\t\t\t\t\t\t\t\t<\/article>\n\t\t\t\t\t\t\t\t<article class=\"item   \">\n\t\t\t\t\t\n\t\t\t\t\t\t\t\t\t\t\t<div class=\"article-content\">\n\t\t\t\t\t\t\t<div class=\"thumbnail-content\">\n\t\t\t\t\t\t\t\t\t\t\t\t\t\t\t<\/div>\n\t\t\t\t\t\t\t\n\t\t\t\t\t\t\t<div class=\"entry-content\">\n\t\t\t\t\t\t\t\t<div class=\"entry-meta-top\">\t\t\t\t\t\t\t\t\t\n\t\t\t\t\t\t\t\t\t\t\t\t\t\t\t\t\t\t<!-- Blog Categories -->\n\t\t\t\t\t\t\t\t\t<div class=\"cats-link\">\n\t\t\t\t\t\t\t\t\t\t<a href=\"https:\/\/www.acvit.com.tr\/magaza\/category\/genel\/\" rel=\"category tag\">Genel<\/a>\t\t\t\t\t\t\t\t\t<\/div>\n\t\t\t\t\t\t\t\t\t\t\t\t\t\t\t\t\t\t\n\t\t\t\t\t\t\t\t<\/div>\n\t\t\t\t\t\t\t\t\n\t\t\t\t\t\t\t\t<header>\n\t\t\t\t\t\t\t\t\t\t\t\t\t\t\t\t\t\t<h4 class=\"heading-title entry-title\">\n\t\t\t\t\t\t\t\t\t\t<a class=\"post-title\" href=\"https:\/\/www.acvit.com.tr\/magaza\/cilt-bariyeri-sagligi-ne-demek-iste-puf-noktalar\/\">Cilt Bariyeri Sa\u011fl\u0131\u011f\u0131 Ne Demek? \u0130\u015fte P\u00fcf Noktalar&#8230;<\/a>\n\t\t\t\t\t\t\t\t\t<\/h4>\n\t\t\t\t\t\t\t\t\t\t\t\t\t\t\t\t\t<\/header>\n\t\t\t\t\t\t\t\t\n\t\t\t\t\t\t\t\t\t\t\t\t\t\t\t\t<div class=\"excerpt\">Cilt bariyeri sa\u011fl\u0131\u011f\u0131, cildin en d\u0131\u015f tabakas\u0131 olan stratum corneum&#8216;un (korneum tabakas\u0131) koruyucu i\u015flevini sa\u011fl\u0131kl\u0131 \u015fekilde yerine getirmesi anlam\u0131na gelir. Bu tabaka, cildi d\u0131\u015f etkenlere kar\u015f\u0131 koruyan ve nem kayb\u0131n\u0131 \u00f6nleyen do\u011fal bir savunma hatt\u0131d\u0131r. \ud83d\udee1\ufe0f<\/div>\n\t\t\t\t\t\t\t\t\t\t\t\t\t\t\t\t\n\t\t\t\t\t\t\t\t\t\t\t\t\t\t\t\t<div class=\"entry-meta-bottom\">\n\t\t\t\t\t\t\t\n\t\t\t\t\t\t\t\t\t\t\t\t\t\t\t\t\t\t\t<span class=\"vcard author\">\n\t\t\t\t\t\t\t\t\t\t\t<span>BY<\/span>\n\t\t\t\t\t\t\t\t\t\t\t<a href=\"https:\/\/www.acvit.com.tr\/magaza\/author\/acvit\/\" title=\"acvit taraf\u0131ndan yaz\u0131lan yaz\u0131lar\" rel=\"author\">acvit<\/a>\t\t\t\t\t\t\t\t\t\t<\/span>\n\t\t\t\t\t\t\t\t\t\t\t\t\t\t\t\t\t\n\t\t\t\t\t\t\t\t\t\t\t\t\t\t\t\t\t\t\t<span class=\"date-time\">16 Eyl\u00fcl 2025<\/span>\n\t\t\t\t\t\t\t\t\t\t\t\t\t\t\t\t\t\t\n\t\t\t\t\t\t\t\t\t\t\t\t\t\t\t\t\t<\/div>\n\t\t\t\t\t\t\t\t\n\t\t\t\t\t\t\t\t\t\t\t\t\t\t\t<\/div>\n\t\t\t\t\t\t\t\n\t\t\t\t\t\t<\/div>\n\t\t\t\t\t\t\t\n\t\t\t\t\t\t\t\t\t\t<\/article>\n\t\t\t\t\t\t\t\t<article class=\"item   \">\n\t\t\t\t\t\n\t\t\t\t\t\t\t\t\t\t\t<div class=\"article-content\">\n\t\t\t\t\t\t\t<div class=\"thumbnail-content\">\n\t\t\t\t\t\t\t\t\t\t\t\t\t\t\t<\/div>\n\t\t\t\t\t\t\t\n\t\t\t\t\t\t\t<div class=\"entry-content\">\n\t\t\t\t\t\t\t\t<div class=\"entry-meta-top\">\t\t\t\t\t\t\t\t\t\n\t\t\t\t\t\t\t\t\t\t\t\t\t\t\t\t\t\t<!-- Blog Categories -->\n\t\t\t\t\t\t\t\t\t<div class=\"cats-link\">\n\t\t\t\t\t\t\t\t\t\t<a href=\"https:\/\/www.acvit.com.tr\/magaza\/category\/genel\/\" rel=\"category tag\">Genel<\/a>\t\t\t\t\t\t\t\t\t<\/div>\n\t\t\t\t\t\t\t\t\t\t\t\t\t\t\t\t\t\t\n\t\t\t\t\t\t\t\t<\/div>\n\t\t\t\t\t\t\t\t\n\t\t\t\t\t\t\t\t<header>\n\t\t\t\t\t\t\t\t\t\t\t\t\t\t\t\t\t\t<h4 class=\"heading-title entry-title\">\n\t\t\t\t\t\t\t\t\t\t<a class=\"post-title\" href=\"https:\/\/www.acvit.com.tr\/magaza\/cilt-tipine-gore-uygun-kozmetik-urunlerini-secerken-puf-noktalar\/\">Cilt Tipine G\u00f6re Uygun Kozmetik \u00dcr\u00fcnlerini Se\u00e7erken P\u00fcf Noktalar<\/a>\n\t\t\t\t\t\t\t\t\t<\/h4>\n\t\t\t\t\t\t\t\t\t\t\t\t\t\t\t\t\t<\/header>\n\t\t\t\t\t\t\t\t\n\t\t\t\t\t\t\t\t\t\t\t\t\t\t\t\t<div class=\"excerpt\">Cilt tipine uygun kozmetik \u00fcr\u00fcnleri se\u00e7mek, cilt sa\u011fl\u0131\u011f\u0131n\u0131 koruman\u0131n ve ya\u015flanmay\u0131 geciktirmenin temel ad\u0131mlar\u0131ndan biridir. Yanl\u0131\u015f \u00fcr\u00fcn se\u00e7imi, ciltte sivilce, kuruluk, hassasiyet ya da tahri\u015fe yol a\u00e7abilir. \u0130\u015fte cilt tipine g\u00f6re do\u011fru kozmetik \u00fcr\u00fcn se\u00e7menin p\u00fcf<\/div>\n\t\t\t\t\t\t\t\t\t\t\t\t\t\t\t\t\n\t\t\t\t\t\t\t\t\t\t\t\t\t\t\t\t<div class=\"entry-meta-bottom\">\n\t\t\t\t\t\t\t\n\t\t\t\t\t\t\t\t\t\t\t\t\t\t\t\t\t\t\t<span class=\"vcard author\">\n\t\t\t\t\t\t\t\t\t\t\t<span>BY<\/span>\n\t\t\t\t\t\t\t\t\t\t\t<a href=\"https:\/\/www.acvit.com.tr\/magaza\/author\/acvit\/\" title=\"acvit taraf\u0131ndan yaz\u0131lan yaz\u0131lar\" rel=\"author\">acvit<\/a>\t\t\t\t\t\t\t\t\t\t<\/span>\n\t\t\t\t\t\t\t\t\t\t\t\t\t\t\t\t\t\n\t\t\t\t\t\t\t\t\t\t\t\t\t\t\t\t\t\t\t<span class=\"date-time\">15 Eyl\u00fcl 2025<\/span>\n\t\t\t\t\t\t\t\t\t\t\t\t\t\t\t\t\t\t\n\t\t\t\t\t\t\t\t\t\t\t\t\t\t\t\t\t<\/div>\n\t\t\t\t\t\t\t\t\n\t\t\t\t\t\t\t\t\t\t\t\t\t\t\t<\/div>\n\t\t\t\t\t\t\t\n\t\t\t\t\t\t<\/div>\n\t\t\t\t\t\t\t\n\t\t\t\t\t\t\t\t\t\t<\/article>\n\t\t\t\t\t\t\t\t<article class=\"item   \">\n\t\t\t\t\t\n\t\t\t\t\t\t\t\t\t\t\t<div class=\"article-content\">\n\t\t\t\t\t\t\t<div class=\"thumbnail-content\">\n\t\t\t\t\t\t\t\t\t\t\t\t\t\t\t<\/div>\n\t\t\t\t\t\t\t\n\t\t\t\t\t\t\t<div class=\"entry-content\">\n\t\t\t\t\t\t\t\t<div class=\"entry-meta-top\">\t\t\t\t\t\t\t\t\t\n\t\t\t\t\t\t\t\t\t\t\t\t\t\t\t\t\t\t<!-- Blog Categories -->\n\t\t\t\t\t\t\t\t\t<div class=\"cats-link\">\n\t\t\t\t\t\t\t\t\t\t<a href=\"https:\/\/www.acvit.com.tr\/magaza\/category\/genel\/\" rel=\"category tag\">Genel<\/a>\t\t\t\t\t\t\t\t\t<\/div>\n\t\t\t\t\t\t\t\t\t\t\t\t\t\t\t\t\t\t\n\t\t\t\t\t\t\t\t<\/div>\n\t\t\t\t\t\t\t\t\n\t\t\t\t\t\t\t\t<header>\n\t\t\t\t\t\t\t\t\t\t\t\t\t\t\t\t\t\t<h4 class=\"heading-title entry-title\">\n\t\t\t\t\t\t\t\t\t\t<a class=\"post-title\" href=\"https:\/\/www.acvit.com.tr\/magaza\/cilt-yaslanmamasi-icin-neler-yapmaliyiz-iste-puf-noktalari\/\">Cilt Ya\u015flanmamas\u0131 i\u00e7in neler yapmal\u0131y\u0131z. \u0130\u015fte p\u00fcf noktalar\u0131\u2026<\/a>\n\t\t\t\t\t\t\t\t\t<\/h4>\n\t\t\t\t\t\t\t\t\t\t\t\t\t\t\t\t\t<\/header>\n\t\t\t\t\t\t\t\t\n\t\t\t\t\t\t\t\t\t\t\t\t\t\t\t\t<div class=\"excerpt\">Cilt ya\u015flanmas\u0131n\u0131 \u00f6nlemek veya geciktirmek, hem g\u00f6r\u00fcn\u00fcm hem de cilt sa\u011fl\u0131\u011f\u0131 a\u00e7\u0131s\u0131ndan \u00f6nemlidir. Ya\u015flanma tamamen durdurulamaz ama do\u011fru bak\u0131m ve ya\u015fam tarz\u0131 ile belirgin \u00f6l\u00e7\u00fcde yava\u015flat\u0131labilir. \u0130\u015fte cilt ya\u015flanmas\u0131n\u0131 \u00f6nlemek i\u00e7in en etkili p\u00fcf noktalar: 1.<\/div>\n\t\t\t\t\t\t\t\t\t\t\t\t\t\t\t\t\n\t\t\t\t\t\t\t\t\t\t\t\t\t\t\t\t<div class=\"entry-meta-bottom\">\n\t\t\t\t\t\t\t\n\t\t\t\t\t\t\t\t\t\t\t\t\t\t\t\t\t\t\t<span class=\"vcard author\">\n\t\t\t\t\t\t\t\t\t\t\t<span>BY<\/span>\n\t\t\t\t\t\t\t\t\t\t\t<a href=\"https:\/\/www.acvit.com.tr\/magaza\/author\/acvit\/\" title=\"acvit taraf\u0131ndan yaz\u0131lan yaz\u0131lar\" rel=\"author\">acvit<\/a>\t\t\t\t\t\t\t\t\t\t<\/span>\n\t\t\t\t\t\t\t\t\t\t\t\t\t\t\t\t\t\n\t\t\t\t\t\t\t\t\t\t\t\t\t\t\t\t\t\t\t<span class=\"date-time\">15 Eyl\u00fcl 2025<\/span>\n\t\t\t\t\t\t\t\t\t\t\t\t\t\t\t\t\t\t\n\t\t\t\t\t\t\t\t\t\t\t\t\t\t\t\t\t<\/div>\n\t\t\t\t\t\t\t\t\n\t\t\t\t\t\t\t\t\t\t\t\t\t\t\t<\/div>\n\t\t\t\t\t\t\t\n\t\t\t\t\t\t<\/div>\n\t\t\t\t\t\t\t\n\t\t\t\t\t\t\t\t\t\t<\/article>\n\t\t\t\t\t\t\t\t<article class=\"item   \">\n\t\t\t\t\t\n\t\t\t\t\t\t\t\t\t\t\t<div class=\"article-content\">\n\t\t\t\t\t\t\t<div class=\"thumbnail-content\">\n\t\t\t\t\t\t\t\t\t\t\t\t\t\t\t<\/div>\n\t\t\t\t\t\t\t\n\t\t\t\t\t\t\t<div class=\"entry-content\">\n\t\t\t\t\t\t\t\t<div class=\"entry-meta-top\">\t\t\t\t\t\t\t\t\t\n\t\t\t\t\t\t\t\t\t\t\t\t\t\t\t\t\t\t<!-- Blog Categories -->\n\t\t\t\t\t\t\t\t\t<div class=\"cats-link\">\n\t\t\t\t\t\t\t\t\t\t<a href=\"https:\/\/www.acvit.com.tr\/magaza\/category\/genel\/\" rel=\"category tag\">Genel<\/a>\t\t\t\t\t\t\t\t\t<\/div>\n\t\t\t\t\t\t\t\t\t\t\t\t\t\t\t\t\t\t\n\t\t\t\t\t\t\t\t<\/div>\n\t\t\t\t\t\t\t\t\n\t\t\t\t\t\t\t\t<header>\n\t\t\t\t\t\t\t\t\t\t\t\t\t\t\t\t\t\t<h4 class=\"heading-title entry-title\">\n\t\t\t\t\t\t\t\t\t\t<a class=\"post-title\" href=\"https:\/\/www.acvit.com.tr\/magaza\/vucutta-korunmasi-gereken-hassas-bolgeler-ve-uyarilar\/\">V\u00fccutta Korunmas\u0131 Gereken Hassas B\u00f6lgeler ve Uyar\u0131lar<\/a>\n\t\t\t\t\t\t\t\t\t<\/h4>\n\t\t\t\t\t\t\t\t\t\t\t\t\t\t\t\t\t<\/header>\n\t\t\t\t\t\t\t\t\n\t\t\t\t\t\t\t\t\t\t\t\t\t\t\t\t<div class=\"excerpt\">V\u00fccut sa\u011fl\u0131\u011f\u0131n\u0131 ve g\u00fczelli\u011fini korumak i\u00e7in baz\u0131 b\u00f6lgeler \u00f6zel dikkat ve koruma ister. Bu b\u00f6lgeler genellikle hassas yap\u0131ya sahiptir, \u00e7evresel fakt\u00f6rlerden kolay etkilenir ya da ihmal edildi\u011finde cilt sorunlar\u0131 ortaya \u00e7\u0131kabilir. \u0130\u015fte v\u00fccutta korunmas\u0131 gereken yerler<\/div>\n\t\t\t\t\t\t\t\t\t\t\t\t\t\t\t\t\n\t\t\t\t\t\t\t\t\t\t\t\t\t\t\t\t<div class=\"entry-meta-bottom\">\n\t\t\t\t\t\t\t\n\t\t\t\t\t\t\t\t\t\t\t\t\t\t\t\t\t\t\t<span class=\"vcard author\">\n\t\t\t\t\t\t\t\t\t\t\t<span>BY<\/span>\n\t\t\t\t\t\t\t\t\t\t\t<a href=\"https:\/\/www.acvit.com.tr\/magaza\/author\/acvit\/\" title=\"acvit taraf\u0131ndan yaz\u0131lan yaz\u0131lar\" rel=\"author\">acvit<\/a>\t\t\t\t\t\t\t\t\t\t<\/span>\n\t\t\t\t\t\t\t\t\t\t\t\t\t\t\t\t\t\n\t\t\t\t\t\t\t\t\t\t\t\t\t\t\t\t\t\t\t<span class=\"date-time\">13 Eyl\u00fcl 2025<\/span>\n\t\t\t\t\t\t\t\t\t\t\t\t\t\t\t\t\t\t\n\t\t\t\t\t\t\t\t\t\t\t\t\t\t\t\t\t<\/div>\n\t\t\t\t\t\t\t\t\n\t\t\t\t\t\t\t\t\t\t\t\t\t\t\t<\/div>\n\t\t\t\t\t\t\t\n\t\t\t\t\t\t<\/div>\n\t\t\t\t\t\t\t\n\t\t\t\t\t\t\t\t\t\t<\/article>\n\t\t\t\t\t\t\t\t<article class=\"item   \">\n\t\t\t\t\t\n\t\t\t\t\t\t\t\t\t\t\t<div class=\"article-content\">\n\t\t\t\t\t\t\t<div class=\"thumbnail-content\">\n\t\t\t\t\t\t\t\t\t\t\t\t\t\t\t<\/div>\n\t\t\t\t\t\t\t\n\t\t\t\t\t\t\t<div class=\"entry-content\">\n\t\t\t\t\t\t\t\t<div class=\"entry-meta-top\">\t\t\t\t\t\t\t\t\t\n\t\t\t\t\t\t\t\t\t\t\t\t\t\t\t\t\t\t<!-- Blog Categories -->\n\t\t\t\t\t\t\t\t\t<div class=\"cats-link\">\n\t\t\t\t\t\t\t\t\t\t<a href=\"https:\/\/www.acvit.com.tr\/magaza\/category\/genel\/\" rel=\"category tag\">Genel<\/a>\t\t\t\t\t\t\t\t\t<\/div>\n\t\t\t\t\t\t\t\t\t\t\t\t\t\t\t\t\t\t\n\t\t\t\t\t\t\t\t<\/div>\n\t\t\t\t\t\t\t\t\n\t\t\t\t\t\t\t\t<header>\n\t\t\t\t\t\t\t\t\t\t\t\t\t\t\t\t\t\t<h4 class=\"heading-title entry-title\">\n\t\t\t\t\t\t\t\t\t\t<a class=\"post-title\" href=\"https:\/\/www.acvit.com.tr\/magaza\/cilt-nemlendirme-en-onemli-puf-noktalari\/\">Cilt Nemlendirme: En \u00d6nemli P\u00fcf Noktalar\u0131<\/a>\n\t\t\t\t\t\t\t\t\t<\/h4>\n\t\t\t\t\t\t\t\t\t\t\t\t\t\t\t\t\t<\/header>\n\t\t\t\t\t\t\t\t\n\t\t\t\t\t\t\t\t\t\t\t\t\t\t\t\t<div class=\"excerpt\">Cilt nemlendirme, sa\u011fl\u0131kl\u0131, gen\u00e7 ve dengeli bir cilt yap\u0131s\u0131n\u0131n en temel ad\u0131mlar\u0131ndan biridir. Yanl\u0131\u015f nemlendirme, ciltte kuruluk, pullanma, sivilce ya da erken ya\u015flanma gibi sorunlara yol a\u00e7abilir. \u0130\u015fte cilt nemlendirme i\u00e7in en \u00f6nemli p\u00fcf noktalar\u0131: 1.<\/div>\n\t\t\t\t\t\t\t\t\t\t\t\t\t\t\t\t\n\t\t\t\t\t\t\t\t\t\t\t\t\t\t\t\t<div class=\"entry-meta-bottom\">\n\t\t\t\t\t\t\t\n\t\t\t\t\t\t\t\t\t\t\t\t\t\t\t\t\t\t\t<span class=\"vcard author\">\n\t\t\t\t\t\t\t\t\t\t\t<span>BY<\/span>\n\t\t\t\t\t\t\t\t\t\t\t<a href=\"https:\/\/www.acvit.com.tr\/magaza\/author\/acvit\/\" title=\"acvit taraf\u0131ndan yaz\u0131lan yaz\u0131lar\" rel=\"author\">acvit<\/a>\t\t\t\t\t\t\t\t\t\t<\/span>\n\t\t\t\t\t\t\t\t\t\t\t\t\t\t\t\t\t\n\t\t\t\t\t\t\t\t\t\t\t\t\t\t\t\t\t\t\t<span class=\"date-time\">13 Eyl\u00fcl 2025<\/span>\n\t\t\t\t\t\t\t\t\t\t\t\t\t\t\t\t\t\t\n\t\t\t\t\t\t\t\t\t\t\t\t\t\t\t\t\t<\/div>\n\t\t\t\t\t\t\t\t\n\t\t\t\t\t\t\t\t\t\t\t\t\t\t\t<\/div>\n\t\t\t\t\t\t\t\n\t\t\t\t\t\t<\/div>\n\t\t\t\t\t\t\t\n\t\t\t\t\t\t\t\t\t\t<\/article>\n\t\t\t\t\t\t\t\t<article class=\"item   \">\n\t\t\t\t\t\n\t\t\t\t\t\t\t\t\t\t\t<div class=\"article-content\">\n\t\t\t\t\t\t\t<div class=\"thumbnail-content\">\n\t\t\t\t\t\t\t\t\t\t\t\t\t\t\t<\/div>\n\t\t\t\t\t\t\t\n\t\t\t\t\t\t\t<div class=\"entry-content\">\n\t\t\t\t\t\t\t\t<div class=\"entry-meta-top\">\t\t\t\t\t\t\t\t\t\n\t\t\t\t\t\t\t\t\t\t\t\t\t\t\t\t\t\t<!-- Blog Categories -->\n\t\t\t\t\t\t\t\t\t<div class=\"cats-link\">\n\t\t\t\t\t\t\t\t\t\t<a href=\"https:\/\/www.acvit.com.tr\/magaza\/category\/genel\/\" rel=\"category tag\">Genel<\/a>\t\t\t\t\t\t\t\t\t<\/div>\n\t\t\t\t\t\t\t\t\t\t\t\t\t\t\t\t\t\t\n\t\t\t\t\t\t\t\t<\/div>\n\t\t\t\t\t\t\t\t\n\t\t\t\t\t\t\t\t<header>\n\t\t\t\t\t\t\t\t\t\t\t\t\t\t\t\t\t\t<h4 class=\"heading-title entry-title\">\n\t\t\t\t\t\t\t\t\t\t<a class=\"post-title\" href=\"https:\/\/www.acvit.com.tr\/magaza\/cilt-temizligi-icin-onemli-puf-noktalari\/\">Cilt temizli\u011fi i\u00e7in \u00f6nemli p\u00fcf noktalar\u0131<\/a>\n\t\t\t\t\t\t\t\t\t<\/h4>\n\t\t\t\t\t\t\t\t\t\t\t\t\t\t\t\t\t<\/header>\n\t\t\t\t\t\t\t\t\n\t\t\t\t\t\t\t\t\t\t\t\t\t\t\t\t<div class=\"excerpt\">Cilt temizli\u011fi, sa\u011fl\u0131kl\u0131 ve parlak bir cilt i\u00e7in en temel ama en kritik ad\u0131md\u0131r. Yanl\u0131\u015f yap\u0131lan temizlik, cildin dengesini bozabilir, akne ve tahri\u015fe neden olabilir. \u0130\u015fte cilt temizli\u011fi i\u00e7in \u00f6nemli p\u00fcf noktalar\u0131 Cilt Temizli\u011finde Dikkat Edilmesi<\/div>\n\t\t\t\t\t\t\t\t\t\t\t\t\t\t\t\t\n\t\t\t\t\t\t\t\t\t\t\t\t\t\t\t\t<div class=\"entry-meta-bottom\">\n\t\t\t\t\t\t\t\n\t\t\t\t\t\t\t\t\t\t\t\t\t\t\t\t\t\t\t<span class=\"vcard author\">\n\t\t\t\t\t\t\t\t\t\t\t<span>BY<\/span>\n\t\t\t\t\t\t\t\t\t\t\t<a href=\"https:\/\/www.acvit.com.tr\/magaza\/author\/acvit\/\" title=\"acvit taraf\u0131ndan yaz\u0131lan yaz\u0131lar\" rel=\"author\">acvit<\/a>\t\t\t\t\t\t\t\t\t\t<\/span>\n\t\t\t\t\t\t\t\t\t\t\t\t\t\t\t\t\t\n\t\t\t\t\t\t\t\t\t\t\t\t\t\t\t\t\t\t\t<span class=\"date-time\">13 Eyl\u00fcl 2025<\/span>\n\t\t\t\t\t\t\t\t\t\t\t\t\t\t\t\t\t\t\n\t\t\t\t\t\t\t\t\t\t\t\t\t\t\t\t\t<\/div>\n\t\t\t\t\t\t\t\t\n\t\t\t\t\t\t\t\t\t\t\t\t\t\t\t<\/div>\n\t\t\t\t\t\t\t\n\t\t\t\t\t\t<\/div>\n\t\t\t\t\t\t\t\n\t\t\t\t\t\t\t\t\t\t<\/article>\n\t\t\t\t\t\t\t\t<article class=\"item   \">\n\t\t\t\t\t\n\t\t\t\t\t\t\t\t\t\t\t<div class=\"article-content\">\n\t\t\t\t\t\t\t<div class=\"thumbnail-content\">\n\t\t\t\t\t\t\t\t\t\t\t\t\t\t\t<\/div>\n\t\t\t\t\t\t\t\n\t\t\t\t\t\t\t<div class=\"entry-content\">\n\t\t\t\t\t\t\t\t<div class=\"entry-meta-top\">\t\t\t\t\t\t\t\t\t\n\t\t\t\t\t\t\t\t\t\t\t\t\t\t\t\t\t\t<!-- Blog Categories -->\n\t\t\t\t\t\t\t\t\t<div class=\"cats-link\">\n\t\t\t\t\t\t\t\t\t\t<a href=\"https:\/\/www.acvit.com.tr\/magaza\/category\/genel\/\" rel=\"category tag\">Genel<\/a>\t\t\t\t\t\t\t\t\t<\/div>\n\t\t\t\t\t\t\t\t\t\t\t\t\t\t\t\t\t\t\n\t\t\t\t\t\t\t\t<\/div>\n\t\t\t\t\t\t\t\t\n\t\t\t\t\t\t\t\t<header>\n\t\t\t\t\t\t\t\t\t\t\t\t\t\t\t\t\t\t<h4 class=\"heading-title entry-title\">\n\t\t\t\t\t\t\t\t\t\t<a class=\"post-title\" href=\"https:\/\/www.acvit.com.tr\/magaza\/kasinan-parmak-aralarina-bakim-onerileri\/\">Ka\u015f\u0131nan parmak aralar\u0131na bak\u0131m \u00f6nerileri<\/a>\n\t\t\t\t\t\t\t\t\t<\/h4>\n\t\t\t\t\t\t\t\t\t\t\t\t\t\t\t\t\t<\/header>\n\t\t\t\t\t\t\t\t\n\t\t\t\t\t\t\t\t\t\t\t\t\t\t\t\t<div class=\"excerpt\">Nedeni Belirleyin Ka\u015f\u0131nt\u0131n\u0131n nedenini anlamak, do\u011fru tedavi i\u00e7in \u00e7ok \u00f6nemlidir: Temizlik ve Kuruluk Do\u011fal Y\u00f6ntemler (Hafif vakalarda) E\u011fer ka\u015f\u0131nt\u0131 hafifse ve a\u00e7\u0131k yara yoksa denenebilir. Eczane \u00dcr\u00fcnleri E\u011fer mantar \u015f\u00fcphesi varsa: Ka\u015f\u0131may\u0131n Ka\u015f\u0131nt\u0131y\u0131 ka\u015f\u0131mak deriyi tahri\u015f<\/div>\n\t\t\t\t\t\t\t\t\t\t\t\t\t\t\t\t\n\t\t\t\t\t\t\t\t\t\t\t\t\t\t\t\t<div class=\"entry-meta-bottom\">\n\t\t\t\t\t\t\t\n\t\t\t\t\t\t\t\t\t\t\t\t\t\t\t\t\t\t\t<span class=\"vcard author\">\n\t\t\t\t\t\t\t\t\t\t\t<span>BY<\/span>\n\t\t\t\t\t\t\t\t\t\t\t<a href=\"https:\/\/www.acvit.com.tr\/magaza\/author\/acvit\/\" title=\"acvit taraf\u0131ndan yaz\u0131lan yaz\u0131lar\" rel=\"author\">acvit<\/a>\t\t\t\t\t\t\t\t\t\t<\/span>\n\t\t\t\t\t\t\t\t\t\t\t\t\t\t\t\t\t\n\t\t\t\t\t\t\t\t\t\t\t\t\t\t\t\t\t\t\t<span class=\"date-time\">12 Eyl\u00fcl 2025<\/span>\n\t\t\t\t\t\t\t\t\t\t\t\t\t\t\t\t\t\t\n\t\t\t\t\t\t\t\t\t\t\t\t\t\t\t\t\t<\/div>\n\t\t\t\t\t\t\t\t\n\t\t\t\t\t\t\t\t\t\t\t\t\t\t\t<\/div>\n\t\t\t\t\t\t\t\n\t\t\t\t\t\t<\/div>\n\t\t\t\t\t\t\t\n\t\t\t\t\t\t\t\t\t\t<\/article>\n\t\t\t\t\t\t\t\t<article class=\"item   \">\n\t\t\t\t\t\n\t\t\t\t\t\t\t\t\t\t\t<div class=\"article-content\">\n\t\t\t\t\t\t\t<div class=\"thumbnail-content\">\n\t\t\t\t\t\t\t\t\t\t\t\t\t\t\t<\/div>\n\t\t\t\t\t\t\t\n\t\t\t\t\t\t\t<div class=\"entry-content\">\n\t\t\t\t\t\t\t\t<div class=\"entry-meta-top\">\t\t\t\t\t\t\t\t\t\n\t\t\t\t\t\t\t\t\t\t\t\t\t\t\t\t\t\t<!-- Blog Categories -->\n\t\t\t\t\t\t\t\t\t<div class=\"cats-link\">\n\t\t\t\t\t\t\t\t\t\t<a href=\"https:\/\/www.acvit.com.tr\/magaza\/category\/genel\/\" rel=\"category tag\">Genel<\/a>\t\t\t\t\t\t\t\t\t<\/div>\n\t\t\t\t\t\t\t\t\t\t\t\t\t\t\t\t\t\t\n\t\t\t\t\t\t\t\t<\/div>\n\t\t\t\t\t\t\t\t\n\t\t\t\t\t\t\t\t<header>\n\t\t\t\t\t\t\t\t\t\t\t\t\t\t\t\t\t\t<h4 class=\"heading-title entry-title\">\n\t\t\t\t\t\t\t\t\t\t<a class=\"post-title\" href=\"https:\/\/www.acvit.com.tr\/magaza\/catlayan-ayak-topuklarina-nasil-bakim-yapmaliyiz\/\">\u00c7atlayan ayak topuklar\u0131na nas\u0131l bak\u0131m yapmal\u0131y\u0131z<\/a>\n\t\t\t\t\t\t\t\t\t<\/h4>\n\t\t\t\t\t\t\t\t\t\t\t\t\t\t\t\t\t<\/header>\n\t\t\t\t\t\t\t\t\n\t\t\t\t\t\t\t\t\t\t\t\t\t\t\t\t<div class=\"excerpt\">\u00c7atlayan topuklar hem rahats\u0131z edici hem de ilerledi\u011finde a\u011fr\u0131l\u0131 olabilir. Do\u011fru bak\u0131m yap\u0131ld\u0131\u011f\u0131nda k\u0131sa s\u00fcrede iyile\u015febilir. \u0130\u015fte \u00e7atlayan topuklar i\u00e7in etkili bak\u0131m \u00f6nerileri: Evde Do\u011fal Bak\u0131m Y\u00f6ntemleri Ayaklar\u0131 D\u00fczenli Olarak Il\u0131k Suda Bekletin Nemlendirme (Her G\u00fcn)<\/div>\n\t\t\t\t\t\t\t\t\t\t\t\t\t\t\t\t\n\t\t\t\t\t\t\t\t\t\t\t\t\t\t\t\t<div class=\"entry-meta-bottom\">\n\t\t\t\t\t\t\t\n\t\t\t\t\t\t\t\t\t\t\t\t\t\t\t\t\t\t\t<span class=\"vcard author\">\n\t\t\t\t\t\t\t\t\t\t\t<span>BY<\/span>\n\t\t\t\t\t\t\t\t\t\t\t<a href=\"https:\/\/www.acvit.com.tr\/magaza\/author\/acvit\/\" title=\"acvit taraf\u0131ndan yaz\u0131lan yaz\u0131lar\" rel=\"author\">acvit<\/a>\t\t\t\t\t\t\t\t\t\t<\/span>\n\t\t\t\t\t\t\t\t\t\t\t\t\t\t\t\t\t\n\t\t\t\t\t\t\t\t\t\t\t\t\t\t\t\t\t\t\t<span class=\"date-time\">12 Eyl\u00fcl 2025<\/span>\n\t\t\t\t\t\t\t\t\t\t\t\t\t\t\t\t\t\t\n\t\t\t\t\t\t\t\t\t\t\t\t\t\t\t\t\t<\/div>\n\t\t\t\t\t\t\t\t\n\t\t\t\t\t\t\t\t\t\t\t\t\t\t\t<\/div>\n\t\t\t\t\t\t\t\n\t\t\t\t\t\t<\/div>\n\t\t\t\t\t\t\t\n\t\t\t\t\t\t\t\t\t\t<\/article>\n\t\t\t\t\t\t\t\t<article class=\"item   \">\n\t\t\t\t\t\n\t\t\t\t\t\t\t\t\t\t\t<div class=\"article-content\">\n\t\t\t\t\t\t\t<div class=\"thumbnail-content\">\n\t\t\t\t\t\t\t\t\t\t\t\t\t\t\t<\/div>\n\t\t\t\t\t\t\t\n\t\t\t\t\t\t\t<div class=\"entry-content\">\n\t\t\t\t\t\t\t\t<div class=\"entry-meta-top\">\t\t\t\t\t\t\t\t\t\n\t\t\t\t\t\t\t\t\t\t\t\t\t\t\t\t\t\t<!-- Blog Categories -->\n\t\t\t\t\t\t\t\t\t<div class=\"cats-link\">\n\t\t\t\t\t\t\t\t\t\t<a href=\"https:\/\/www.acvit.com.tr\/magaza\/category\/genel\/\" rel=\"category tag\">Genel<\/a>\t\t\t\t\t\t\t\t\t<\/div>\n\t\t\t\t\t\t\t\t\t\t\t\t\t\t\t\t\t\t\n\t\t\t\t\t\t\t\t<\/div>\n\t\t\t\t\t\t\t\t\n\t\t\t\t\t\t\t\t<header>\n\t\t\t\t\t\t\t\t\t\t\t\t\t\t\t\t\t\t<h4 class=\"heading-title entry-title\">\n\t\t\t\t\t\t\t\t\t\t<a class=\"post-title\" href=\"https:\/\/www.acvit.com.tr\/magaza\/eylul-ayinda-cilt-bakim-rutini-icin-oneriler\/\">Eyl\u00fcl ay\u0131nda cilt bak\u0131m rutini i\u00e7in \u00f6neriler<\/a>\n\t\t\t\t\t\t\t\t\t<\/h4>\n\t\t\t\t\t\t\t\t\t\t\t\t\t\t\t\t\t<\/header>\n\t\t\t\t\t\t\t\t\n\t\t\t\t\t\t\t\t\t\t\t\t\t\t\t\t<div class=\"excerpt\">Yaz\u0131n Ard\u0131ndan Cildi Onar\u0131n G\u00fcne\u015f lekeleri ve mat g\u00f6r\u00fcn\u00fcm**: Yazdan kalan g\u00fcne\u015f lekeleri i\u00e7in **C vitamini serumlar\u0131** ve **hafif asitli peelingler (AHA, BHA)** kullan\u0131labilir. * **Nem kayb\u0131**: Cildin su kayb\u0131n\u0131 telafi etmek i\u00e7in **hyaluronik asit i\u00e7eren<\/div>\n\t\t\t\t\t\t\t\t\t\t\t\t\t\t\t\t\n\t\t\t\t\t\t\t\t\t\t\t\t\t\t\t\t<div class=\"entry-meta-bottom\">\n\t\t\t\t\t\t\t\n\t\t\t\t\t\t\t\t\t\t\t\t\t\t\t\t\t\t\t<span class=\"vcard author\">\n\t\t\t\t\t\t\t\t\t\t\t<span>BY<\/span>\n\t\t\t\t\t\t\t\t\t\t\t<a href=\"https:\/\/www.acvit.com.tr\/magaza\/author\/acvit\/\" title=\"acvit taraf\u0131ndan yaz\u0131lan yaz\u0131lar\" rel=\"author\">acvit<\/a>\t\t\t\t\t\t\t\t\t\t<\/span>\n\t\t\t\t\t\t\t\t\t\t\t\t\t\t\t\t\t\n\t\t\t\t\t\t\t\t\t\t\t\t\t\t\t\t\t\t\t<span class=\"date-time\">12 Eyl\u00fcl 2025<\/span>\n\t\t\t\t\t\t\t\t\t\t\t\t\t\t\t\t\t\t\n\t\t\t\t\t\t\t\t\t\t\t\t\t\t\t\t\t<\/div>\n\t\t\t\t\t\t\t\t\n\t\t\t\t\t\t\t\t\t\t\t\t\t\t\t<\/div>\n\t\t\t\t\t\t\t\n\t\t\t\t\t\t<\/div>\n\t\t\t\t\t\t\t\n\t\t\t\t\t\t\t\t\t\t<\/article>\n\t\t\t\t\t\t\t\t<article class=\"item   \">\n\t\t\t\t\t\n\t\t\t\t\t\t\t\t\t\t\t<div class=\"article-content\">\n\t\t\t\t\t\t\t<div class=\"thumbnail-content\">\n\t\t\t\t\t\t\t\t\t\t\t\t\t\t\t<\/div>\n\t\t\t\t\t\t\t\n\t\t\t\t\t\t\t<div class=\"entry-content\">\n\t\t\t\t\t\t\t\t<div class=\"entry-meta-top\">\t\t\t\t\t\t\t\t\t\n\t\t\t\t\t\t\t\t\t\t\t\t\t\t\t\t\t\t<!-- Blog Categories -->\n\t\t\t\t\t\t\t\t\t<div class=\"cats-link\">\n\t\t\t\t\t\t\t\t\t\t<a href=\"https:\/\/www.acvit.com.tr\/magaza\/category\/genel\/\" rel=\"category tag\">Genel<\/a>\t\t\t\t\t\t\t\t\t<\/div>\n\t\t\t\t\t\t\t\t\t\t\t\t\t\t\t\t\t\t\n\t\t\t\t\t\t\t\t<\/div>\n\t\t\t\t\t\t\t\t\n\t\t\t\t\t\t\t\t<header>\n\t\t\t\t\t\t\t\t\t\t\t\t\t\t\t\t\t\t<h4 class=\"heading-title entry-title\">\n\t\t\t\t\t\t\t\t\t\t<a class=\"post-title\" href=\"https:\/\/www.acvit.com.tr\/magaza\/mikroplastik-nedir-mikroplastiklerin-zararlari-nelerdir-mikroplastik-zararlarindan-kurtulmak-icin-neler-yapmaliyiz\/\">Mikroplastik Nedir? Mikroplastiklerin Zararlar\u0131 Nelerdir? Mikroplastik zararlar\u0131ndan kurtulmak i\u00e7in Neler yapmal\u0131y\u0131z?<\/a>\n\t\t\t\t\t\t\t\t\t<\/h4>\n\t\t\t\t\t\t\t\t\t\t\t\t\t\t\t\t\t<\/header>\n\t\t\t\t\t\t\t\t\n\t\t\t\t\t\t\t\t\t\t\t\t\t\t\t\t<div class=\"excerpt\">Mikroplastikler, boyutu 5 milimetreden k\u00fc\u00e7\u00fck olan, \u00e7\u0131plak g\u00f6zle zor g\u00f6r\u00fclen k\u00fc\u00e7\u00fck plastik par\u00e7ac\u0131klar\u0131d\u0131r. Nereden Gelirler? Mikroplastikler iki \u015fekilde olu\u015fur: Neden Zararl\u0131d\u0131r? Bu y\u00fczden neden yasaklan\u0131yor? K\u0131saca Tan\u0131m: Mikroplastik, plastik \u00fcr\u00fcnlerin \u00e7ok k\u00fc\u00e7\u00fck par\u00e7ac\u0131klar\u0131d\u0131r; \u00e7evreye ve sa\u011fl\u0131\u011fa<\/div>\n\t\t\t\t\t\t\t\t\t\t\t\t\t\t\t\t\n\t\t\t\t\t\t\t\t\t\t\t\t\t\t\t\t<div class=\"entry-meta-bottom\">\n\t\t\t\t\t\t\t\n\t\t\t\t\t\t\t\t\t\t\t\t\t\t\t\t\t\t\t<span class=\"vcard author\">\n\t\t\t\t\t\t\t\t\t\t\t<span>BY<\/span>\n\t\t\t\t\t\t\t\t\t\t\t<a href=\"https:\/\/www.acvit.com.tr\/magaza\/author\/acvit\/\" title=\"acvit taraf\u0131ndan yaz\u0131lan yaz\u0131lar\" rel=\"author\">acvit<\/a>\t\t\t\t\t\t\t\t\t\t<\/span>\n\t\t\t\t\t\t\t\t\t\t\t\t\t\t\t\t\t\n\t\t\t\t\t\t\t\t\t\t\t\t\t\t\t\t\t\t\t<span class=\"date-time\">26 A\u011fustos 2025<\/span>\n\t\t\t\t\t\t\t\t\t\t\t\t\t\t\t\t\t\t\n\t\t\t\t\t\t\t\t\t\t\t\t\t\t\t\t\t<\/div>\n\t\t\t\t\t\t\t\t\n\t\t\t\t\t\t\t\t\t\t\t\t\t\t\t<\/div>\n\t\t\t\t\t\t\t\n\t\t\t\t\t\t<\/div>\n\t\t\t\t\t\t\t\n\t\t\t\t\t\t\t\t\t\t<\/article>\n\t\t\t\t\t\t\t\t<article class=\"item   \">\n\t\t\t\t\t\n\t\t\t\t\t\t\t\t\t\t\t<div class=\"article-content\">\n\t\t\t\t\t\t\t<div class=\"thumbnail-content\">\n\t\t\t\t\t\t\t\t\t\t\t\t\t\t\t<\/div>\n\t\t\t\t\t\t\t\n\t\t\t\t\t\t\t<div class=\"entry-content\">\n\t\t\t\t\t\t\t\t<div class=\"entry-meta-top\">\t\t\t\t\t\t\t\t\t\n\t\t\t\t\t\t\t\t\t\t\t\t\t\t\t\t\t\t<!-- Blog Categories -->\n\t\t\t\t\t\t\t\t\t<div class=\"cats-link\">\n\t\t\t\t\t\t\t\t\t\t<a href=\"https:\/\/www.acvit.com.tr\/magaza\/category\/genel\/\" rel=\"category tag\">Genel<\/a>\t\t\t\t\t\t\t\t\t<\/div>\n\t\t\t\t\t\t\t\t\t\t\t\t\t\t\t\t\t\t\n\t\t\t\t\t\t\t\t<\/div>\n\t\t\t\t\t\t\t\t\n\t\t\t\t\t\t\t\t<header>\n\t\t\t\t\t\t\t\t\t\t\t\t\t\t\t\t\t\t<h4 class=\"heading-title entry-title\">\n\t\t\t\t\t\t\t\t\t\t<a class=\"post-title\" href=\"https:\/\/www.acvit.com.tr\/magaza\/tatil-donusu-gunes-yaniklari-icin-nasil-bir-yol-izlemeliyiz\/\">Tatil D\u00f6n\u00fc\u015f\u00fc G\u00fcne\u015f Yan\u0131klar\u0131 \u0130\u00e7in Nas\u0131l Bir Yol \u0130zlemeliyiz?<\/a>\n\t\t\t\t\t\t\t\t\t<\/h4>\n\t\t\t\t\t\t\t\t\t\t\t\t\t\t\t\t\t<\/header>\n\t\t\t\t\t\t\t\t\n\t\t\t\t\t\t\t\t\t\t\t\t\t\t\t\t<div class=\"excerpt\">Tatilin en keyifli anlar\u0131ndan biri g\u00fcne\u015fin tad\u0131n\u0131 \u00e7\u0131karmakt\u0131r. Ancak ne yaz\u0131k ki bazen g\u00fcne\u015fe fazla maruz kalmak, ciltte a\u011fr\u0131l\u0131 ve rahats\u0131z edici g\u00fcne\u015f yan\u0131klar\u0131na yol a\u00e7abiliyor. Tatil sonras\u0131 eve d\u00f6nd\u00fc\u011f\u00fcn\u00fczde bronz bir ten hayal ederken, kar\u015f\u0131n\u0131za<\/div>\n\t\t\t\t\t\t\t\t\t\t\t\t\t\t\t\t\n\t\t\t\t\t\t\t\t\t\t\t\t\t\t\t\t<div class=\"entry-meta-bottom\">\n\t\t\t\t\t\t\t\n\t\t\t\t\t\t\t\t\t\t\t\t\t\t\t\t\t\t\t<span class=\"vcard author\">\n\t\t\t\t\t\t\t\t\t\t\t<span>BY<\/span>\n\t\t\t\t\t\t\t\t\t\t\t<a href=\"https:\/\/www.acvit.com.tr\/magaza\/author\/acvit\/\" title=\"acvit taraf\u0131ndan yaz\u0131lan yaz\u0131lar\" rel=\"author\">acvit<\/a>\t\t\t\t\t\t\t\t\t\t<\/span>\n\t\t\t\t\t\t\t\t\t\t\t\t\t\t\t\t\t\n\t\t\t\t\t\t\t\t\t\t\t\t\t\t\t\t\t\t\t<span class=\"date-time\">19 A\u011fustos 2025<\/span>\n\t\t\t\t\t\t\t\t\t\t\t\t\t\t\t\t\t\t\n\t\t\t\t\t\t\t\t\t\t\t\t\t\t\t\t\t<\/div>\n\t\t\t\t\t\t\t\t\n\t\t\t\t\t\t\t\t\t\t\t\t\t\t\t<\/div>\n\t\t\t\t\t\t\t\n\t\t\t\t\t\t<\/div>\n\t\t\t\t\t\t\t\n\t\t\t\t\t\t\t\t\t\t<\/article>\n\t\t\t\t\t\t\t\t<article class=\"item   \">\n\t\t\t\t\t\n\t\t\t\t\t\t\t\t\t\t\t<div class=\"article-content\">\n\t\t\t\t\t\t\t<div class=\"thumbnail-content\">\n\t\t\t\t\t\t\t\t\t\t\t\t\t\t\t<\/div>\n\t\t\t\t\t\t\t\n\t\t\t\t\t\t\t<div class=\"entry-content\">\n\t\t\t\t\t\t\t\t<div class=\"entry-meta-top\">\t\t\t\t\t\t\t\t\t\n\t\t\t\t\t\t\t\t\t\t\t\t\t\t\t\t\t\t<!-- Blog Categories -->\n\t\t\t\t\t\t\t\t\t<div class=\"cats-link\">\n\t\t\t\t\t\t\t\t\t\t<a href=\"https:\/\/www.acvit.com.tr\/magaza\/category\/genel\/\" rel=\"category tag\">Genel<\/a>\t\t\t\t\t\t\t\t\t<\/div>\n\t\t\t\t\t\t\t\t\t\t\t\t\t\t\t\t\t\t\n\t\t\t\t\t\t\t\t<\/div>\n\t\t\t\t\t\t\t\t\n\t\t\t\t\t\t\t\t<header>\n\t\t\t\t\t\t\t\t\t\t\t\t\t\t\t\t\t\t<h4 class=\"heading-title entry-title\">\n\t\t\t\t\t\t\t\t\t\t<a class=\"post-title\" href=\"https:\/\/www.acvit.com.tr\/magaza\/tatil-sonrasi-cilt-bakimi-cildinizi-yenilemenin-altin-kurallari\/\">Tatil Sonras\u0131 Cilt Bak\u0131m\u0131: Cildinizi Yenilemenin Alt\u0131n Kurallar\u0131<\/a>\n\t\t\t\t\t\t\t\t\t<\/h4>\n\t\t\t\t\t\t\t\t\t\t\t\t\t\t\t\t\t<\/header>\n\t\t\t\t\t\t\t\t\n\t\t\t\t\t\t\t\t\t\t\t\t\t\t\t\t<div class=\"excerpt\">Tatil sonras\u0131 eve d\u00f6nerken sadece g\u00fczel an\u0131lar ve bronz bir ten de\u011fil; ayn\u0131 zamanda y\u0131pranm\u0131\u015f, nemsiz ve hassasla\u015fm\u0131\u015f bir ciltle de kar\u015f\u0131 kar\u015f\u0131ya kalabilirsiniz. G\u00fcne\u015f \u0131\u015f\u0131nlar\u0131, deniz tuzu, havuzdaki klor, r\u00fczg\u00e2r ve hava de\u011fi\u015fimi; ciltte kuruluk,<\/div>\n\t\t\t\t\t\t\t\t\t\t\t\t\t\t\t\t\n\t\t\t\t\t\t\t\t\t\t\t\t\t\t\t\t<div class=\"entry-meta-bottom\">\n\t\t\t\t\t\t\t\n\t\t\t\t\t\t\t\t\t\t\t\t\t\t\t\t\t\t\t<span class=\"vcard author\">\n\t\t\t\t\t\t\t\t\t\t\t<span>BY<\/span>\n\t\t\t\t\t\t\t\t\t\t\t<a href=\"https:\/\/www.acvit.com.tr\/magaza\/author\/acvit\/\" title=\"acvit taraf\u0131ndan yaz\u0131lan yaz\u0131lar\" rel=\"author\">acvit<\/a>\t\t\t\t\t\t\t\t\t\t<\/span>\n\t\t\t\t\t\t\t\t\t\t\t\t\t\t\t\t\t\n\t\t\t\t\t\t\t\t\t\t\t\t\t\t\t\t\t\t\t<span class=\"date-time\">19 A\u011fustos 2025<\/span>\n\t\t\t\t\t\t\t\t\t\t\t\t\t\t\t\t\t\t\n\t\t\t\t\t\t\t\t\t\t\t\t\t\t\t\t\t<\/div>\n\t\t\t\t\t\t\t\t\n\t\t\t\t\t\t\t\t\t\t\t\t\t\t\t<\/div>\n\t\t\t\t\t\t\t\n\t\t\t\t\t\t<\/div>\n\t\t\t\t\t\t\t\n\t\t\t\t\t\t\t\t\t\t<\/article>\n\t\t\t\t\t\t\t\t<article class=\"item   \">\n\t\t\t\t\t\n\t\t\t\t\t\t\t\t\t\t\t<div class=\"article-content\">\n\t\t\t\t\t\t\t<div class=\"thumbnail-content\">\n\t\t\t\t\t\t\t\t\t\t\t\t\t\t\t<\/div>\n\t\t\t\t\t\t\t\n\t\t\t\t\t\t\t<div class=\"entry-content\">\n\t\t\t\t\t\t\t\t<div class=\"entry-meta-top\">\t\t\t\t\t\t\t\t\t\n\t\t\t\t\t\t\t\t\t\t\t\t\t\t\t\t\t\t<!-- Blog Categories -->\n\t\t\t\t\t\t\t\t\t<div class=\"cats-link\">\n\t\t\t\t\t\t\t\t\t\t<a href=\"https:\/\/www.acvit.com.tr\/magaza\/category\/genel\/\" rel=\"category tag\">Genel<\/a>\t\t\t\t\t\t\t\t\t<\/div>\n\t\t\t\t\t\t\t\t\t\t\t\t\t\t\t\t\t\t\n\t\t\t\t\t\t\t\t<\/div>\n\t\t\t\t\t\t\t\t\n\t\t\t\t\t\t\t\t<header>\n\t\t\t\t\t\t\t\t\t\t\t\t\t\t\t\t\t\t<h4 class=\"heading-title entry-title\">\n\t\t\t\t\t\t\t\t\t\t<a class=\"post-title\" href=\"https:\/\/www.acvit.com.tr\/magaza\/cilt-lekeleri-icin-ne-yapmaliyiz\/\">Cilt lekeleri i\u00e7in ne yapmal\u0131y\u0131z?<\/a>\n\t\t\t\t\t\t\t\t\t<\/h4>\n\t\t\t\t\t\t\t\t\t\t\t\t\t\t\t\t\t<\/header>\n\t\t\t\t\t\t\t\t\n\t\t\t\t\t\t\t\t\t\t\t\t\t\t\t\t<div class=\"excerpt\">Cilt Lekeleri \u0130\u00e7in En Etkili Aktif \u0130\u00e7erikler | C Vitamini, Niacinamide, AHA\/BHA, Retinol Cilt lekelerine kar\u015f\u0131 C vitamini, niacinamide, AHA\/BHA ve retinol ile ayd\u0131nl\u0131k ve e\u015fit tonlu bir cilt nas\u0131l elde edilir? Ad\u0131m ad\u0131m rehber burada!<\/div>\n\t\t\t\t\t\t\t\t\t\t\t\t\t\t\t\t\n\t\t\t\t\t\t\t\t\t\t\t\t\t\t\t\t<div class=\"entry-meta-bottom\">\n\t\t\t\t\t\t\t\n\t\t\t\t\t\t\t\t\t\t\t\t\t\t\t\t\t\t\t<span class=\"vcard author\">\n\t\t\t\t\t\t\t\t\t\t\t<span>BY<\/span>\n\t\t\t\t\t\t\t\t\t\t\t<a href=\"https:\/\/www.acvit.com.tr\/magaza\/author\/acvit\/\" title=\"acvit taraf\u0131ndan yaz\u0131lan yaz\u0131lar\" rel=\"author\">acvit<\/a>\t\t\t\t\t\t\t\t\t\t<\/span>\n\t\t\t\t\t\t\t\t\t\t\t\t\t\t\t\t\t\n\t\t\t\t\t\t\t\t\t\t\t\t\t\t\t\t\t\t\t<span class=\"date-time\">26 Temmuz 2025<\/span>\n\t\t\t\t\t\t\t\t\t\t\t\t\t\t\t\t\t\t\n\t\t\t\t\t\t\t\t\t\t\t\t\t\t\t\t\t<\/div>\n\t\t\t\t\t\t\t\t\n\t\t\t\t\t\t\t\t\t\t\t\t\t\t\t<\/div>\n\t\t\t\t\t\t\t\n\t\t\t\t\t\t<\/div>\n\t\t\t\t\t\t\t\n\t\t\t\t\t\t\t\t\t\t<\/article>\n\t\t\t\t\t\t\t\t<article class=\"item   \">\n\t\t\t\t\t\n\t\t\t\t\t\t\t\t\t\t\t<div class=\"article-content\">\n\t\t\t\t\t\t\t<div class=\"thumbnail-content\">\n\t\t\t\t\t\t\t\t\t\t\t\t\t\t\t<\/div>\n\t\t\t\t\t\t\t\n\t\t\t\t\t\t\t<div class=\"entry-content\">\n\t\t\t\t\t\t\t\t<div class=\"entry-meta-top\">\t\t\t\t\t\t\t\t\t\n\t\t\t\t\t\t\t\t\t\t\t\t\t\t\t\t\t\t<!-- Blog Categories -->\n\t\t\t\t\t\t\t\t\t<div class=\"cats-link\">\n\t\t\t\t\t\t\t\t\t\t<a href=\"https:\/\/www.acvit.com.tr\/magaza\/category\/genel\/\" rel=\"category tag\">Genel<\/a>\t\t\t\t\t\t\t\t\t<\/div>\n\t\t\t\t\t\t\t\t\t\t\t\t\t\t\t\t\t\t\n\t\t\t\t\t\t\t\t<\/div>\n\t\t\t\t\t\t\t\t\n\t\t\t\t\t\t\t\t<header>\n\t\t\t\t\t\t\t\t\t\t\t\t\t\t\t\t\t\t<h4 class=\"heading-title entry-title\">\n\t\t\t\t\t\t\t\t\t\t<a class=\"post-title\" href=\"https:\/\/www.acvit.com.tr\/magaza\/deniz-sonrasi-cilt-bakiminin-incelikleri\/\">Deniz sonras\u0131 cilt bak\u0131m\u0131n\u0131n incelikleri<\/a>\n\t\t\t\t\t\t\t\t\t<\/h4>\n\t\t\t\t\t\t\t\t\t\t\t\t\t\t\t\t\t<\/header>\n\t\t\t\t\t\t\t\t\n\t\t\t\t\t\t\t\t\t\t\t\t\t\t\t\t<div class=\"excerpt\">Deniz sonras\u0131 cilt bak\u0131m\u0131, g\u00fcne\u015fin, tuzun ve r\u00fczg\u00e2r\u0131n y\u0131prat\u0131c\u0131 etkilerini onarmak ve cildi rahatlatmak i\u00e7in olduk\u00e7a \u00f6nemlidir. A\u015fa\u011f\u0131da ad\u0131m ad\u0131m, etkili ve basit bir deniz sonras\u0131 cilt bak\u0131m rutini bulabilirsin: Deniz Sonras\u0131 Cilt Bak\u0131m\u0131: \u0130ncelikler ve<\/div>\n\t\t\t\t\t\t\t\t\t\t\t\t\t\t\t\t\n\t\t\t\t\t\t\t\t\t\t\t\t\t\t\t\t<div class=\"entry-meta-bottom\">\n\t\t\t\t\t\t\t\n\t\t\t\t\t\t\t\t\t\t\t\t\t\t\t\t\t\t\t<span class=\"vcard author\">\n\t\t\t\t\t\t\t\t\t\t\t<span>BY<\/span>\n\t\t\t\t\t\t\t\t\t\t\t<a href=\"https:\/\/www.acvit.com.tr\/magaza\/author\/acvit\/\" title=\"acvit taraf\u0131ndan yaz\u0131lan yaz\u0131lar\" rel=\"author\">acvit<\/a>\t\t\t\t\t\t\t\t\t\t<\/span>\n\t\t\t\t\t\t\t\t\t\t\t\t\t\t\t\t\t\n\t\t\t\t\t\t\t\t\t\t\t\t\t\t\t\t\t\t\t<span class=\"date-time\">5 Temmuz 2025<\/span>\n\t\t\t\t\t\t\t\t\t\t\t\t\t\t\t\t\t\t\n\t\t\t\t\t\t\t\t\t\t\t\t\t\t\t\t\t<\/div>\n\t\t\t\t\t\t\t\t\n\t\t\t\t\t\t\t\t\t\t\t\t\t\t\t<\/div>\n\t\t\t\t\t\t\t\n\t\t\t\t\t\t<\/div>\n\t\t\t\t\t\t\t\n\t\t\t\t\t\t\t\t\t\t<\/article>\n\t\t\t\t\t\t\t\t<article class=\"item   \">\n\t\t\t\t\t\n\t\t\t\t\t\t\t\t\t\t\t<div class=\"article-content\">\n\t\t\t\t\t\t\t<div class=\"thumbnail-content\">\n\t\t\t\t\t\t\t\t\t\t\t\t\t\t\t<\/div>\n\t\t\t\t\t\t\t\n\t\t\t\t\t\t\t<div class=\"entry-content\">\n\t\t\t\t\t\t\t\t<div class=\"entry-meta-top\">\t\t\t\t\t\t\t\t\t\n\t\t\t\t\t\t\t\t\t\t\t\t\t\t\t\t\t\t<!-- Blog Categories -->\n\t\t\t\t\t\t\t\t\t<div class=\"cats-link\">\n\t\t\t\t\t\t\t\t\t\t<a href=\"https:\/\/www.acvit.com.tr\/magaza\/category\/genel\/\" rel=\"category tag\">Genel<\/a>\t\t\t\t\t\t\t\t\t<\/div>\n\t\t\t\t\t\t\t\t\t\t\t\t\t\t\t\t\t\t\n\t\t\t\t\t\t\t\t<\/div>\n\t\t\t\t\t\t\t\t\n\t\t\t\t\t\t\t\t<header>\n\t\t\t\t\t\t\t\t\t\t\t\t\t\t\t\t\t\t<h4 class=\"heading-title entry-title\">\n\t\t\t\t\t\t\t\t\t\t<a class=\"post-title\" href=\"https:\/\/www.acvit.com.tr\/magaza\/denize-girmeden-once-cildimizle-alakali-nelere-dikkat-etmeliyiz\/\">Denize girmeden \u00f6nce cildimizle alakal\u0131 nelere dikkat etmeliyiz<\/a>\n\t\t\t\t\t\t\t\t\t<\/h4>\n\t\t\t\t\t\t\t\t\t\t\t\t\t\t\t\t\t<\/header>\n\t\t\t\t\t\t\t\t\n\t\t\t\t\t\t\t\t\t\t\t\t\t\t\t\t<div class=\"excerpt\">Denize girmeden \u00f6nce cildini korumak i\u00e7in birka\u00e7 \u00f6nemli noktaya dikkat etmek gerekiyor. Tuzlu su, g\u00fcne\u015f \u0131\u015f\u0131nlar\u0131 ve r\u00fczgar birle\u015fti\u011finde cildi kurutabilir, hatta zarar verebilir. \u0130\u015fte denize girmeden \u00f6nce cilt sa\u011fl\u0131\u011f\u0131n\u0131 korumak i\u00e7in yapman gerekenler: Denize Girmeden<\/div>\n\t\t\t\t\t\t\t\t\t\t\t\t\t\t\t\t\n\t\t\t\t\t\t\t\t\t\t\t\t\t\t\t\t<div class=\"entry-meta-bottom\">\n\t\t\t\t\t\t\t\n\t\t\t\t\t\t\t\t\t\t\t\t\t\t\t\t\t\t\t<span class=\"vcard author\">\n\t\t\t\t\t\t\t\t\t\t\t<span>BY<\/span>\n\t\t\t\t\t\t\t\t\t\t\t<a href=\"https:\/\/www.acvit.com.tr\/magaza\/author\/acvit\/\" title=\"acvit taraf\u0131ndan yaz\u0131lan yaz\u0131lar\" rel=\"author\">acvit<\/a>\t\t\t\t\t\t\t\t\t\t<\/span>\n\t\t\t\t\t\t\t\t\t\t\t\t\t\t\t\t\t\n\t\t\t\t\t\t\t\t\t\t\t\t\t\t\t\t\t\t\t<span class=\"date-time\">5 Temmuz 2025<\/span>\n\t\t\t\t\t\t\t\t\t\t\t\t\t\t\t\t\t\t\n\t\t\t\t\t\t\t\t\t\t\t\t\t\t\t\t\t<\/div>\n\t\t\t\t\t\t\t\t\n\t\t\t\t\t\t\t\t\t\t\t\t\t\t\t<\/div>\n\t\t\t\t\t\t\t\n\t\t\t\t\t\t<\/div>\n\t\t\t\t\t\t\t\n\t\t\t\t\t\t\t\t\t\t<\/article>\n\t\t\t\t\t\t\t\t<article class=\"item   \">\n\t\t\t\t\t\n\t\t\t\t\t\t\t\t\t\t\t<div class=\"article-content\">\n\t\t\t\t\t\t\t<div class=\"thumbnail-content\">\n\t\t\t\t\t\t\t\t\t\t\t\t\t\t\t<\/div>\n\t\t\t\t\t\t\t\n\t\t\t\t\t\t\t<div class=\"entry-content\">\n\t\t\t\t\t\t\t\t<div class=\"entry-meta-top\">\t\t\t\t\t\t\t\t\t\n\t\t\t\t\t\t\t\t\t\t\t\t\t\t\t\t\t\t<!-- Blog Categories -->\n\t\t\t\t\t\t\t\t\t<div class=\"cats-link\">\n\t\t\t\t\t\t\t\t\t\t<a href=\"https:\/\/www.acvit.com.tr\/magaza\/category\/genel\/\" rel=\"category tag\">Genel<\/a>\t\t\t\t\t\t\t\t\t<\/div>\n\t\t\t\t\t\t\t\t\t\t\t\t\t\t\t\t\t\t\n\t\t\t\t\t\t\t\t<\/div>\n\t\t\t\t\t\t\t\t\n\t\t\t\t\t\t\t\t<header>\n\t\t\t\t\t\t\t\t\t\t\t\t\t\t\t\t\t\t<h4 class=\"heading-title entry-title\">\n\t\t\t\t\t\t\t\t\t\t<a class=\"post-title\" href=\"https:\/\/www.acvit.com.tr\/magaza\/cok-sicak-havalarda-cilt-bakimini-nasil-yapalim\/\">\u00c7ok s\u0131cak havalarda cilt bak\u0131m\u0131n\u0131 nas\u0131l yapal\u0131m<\/a>\n\t\t\t\t\t\t\t\t\t<\/h4>\n\t\t\t\t\t\t\t\t\t\t\t\t\t\t\t\t\t<\/header>\n\t\t\t\t\t\t\t\t\n\t\t\t\t\t\t\t\t\t\t\t\t\t\t\t\t<div class=\"excerpt\">\u00c7ok s\u0131cak havalarda cilt bak\u0131m\u0131, hem cildi korumak hem de ferah tutmak a\u00e7\u0131s\u0131ndan olduk\u00e7a \u00f6nemlidir. A\u015fa\u011f\u0131da s\u0131cak havalarda cilt bak\u0131m\u0131n\u0131 sa\u011fl\u0131kl\u0131 ve etkili \u015fekilde yapman\u0131z i\u00e7in baz\u0131 \u00f6neriler yer al\u0131yor: G\u00fcne\u015f Koruyucu Kullan\u0131n (SPF) &nbsp;Cildi Nemli<\/div>\n\t\t\t\t\t\t\t\t\t\t\t\t\t\t\t\t\n\t\t\t\t\t\t\t\t\t\t\t\t\t\t\t\t<div class=\"entry-meta-bottom\">\n\t\t\t\t\t\t\t\n\t\t\t\t\t\t\t\t\t\t\t\t\t\t\t\t\t\t\t<span class=\"vcard author\">\n\t\t\t\t\t\t\t\t\t\t\t<span>BY<\/span>\n\t\t\t\t\t\t\t\t\t\t\t<a href=\"https:\/\/www.acvit.com.tr\/magaza\/author\/acvit\/\" title=\"acvit taraf\u0131ndan yaz\u0131lan yaz\u0131lar\" rel=\"author\">acvit<\/a>\t\t\t\t\t\t\t\t\t\t<\/span>\n\t\t\t\t\t\t\t\t\t\t\t\t\t\t\t\t\t\n\t\t\t\t\t\t\t\t\t\t\t\t\t\t\t\t\t\t\t<span class=\"date-time\">5 Temmuz 2025<\/span>\n\t\t\t\t\t\t\t\t\t\t\t\t\t\t\t\t\t\t\n\t\t\t\t\t\t\t\t\t\t\t\t\t\t\t\t\t<\/div>\n\t\t\t\t\t\t\t\t\n\t\t\t\t\t\t\t\t\t\t\t\t\t\t\t<\/div>\n\t\t\t\t\t\t\t\n\t\t\t\t\t\t<\/div>\n\t\t\t\t\t\t\t\n\t\t\t\t\t\t\t\t\t\t<\/article>\n\t\t\t\t\t\t\t\t<article class=\"item   \">\n\t\t\t\t\t\n\t\t\t\t\t\t\t\t\t\t\t<div class=\"article-content\">\n\t\t\t\t\t\t\t<div class=\"thumbnail-content\">\n\t\t\t\t\t\t\t\t\t\t\t\t\t\t\t<\/div>\n\t\t\t\t\t\t\t\n\t\t\t\t\t\t\t<div class=\"entry-content\">\n\t\t\t\t\t\t\t\t<div class=\"entry-meta-top\">\t\t\t\t\t\t\t\t\t\n\t\t\t\t\t\t\t\t\t\t\t\t\t\t\t\t\t\t<!-- Blog Categories -->\n\t\t\t\t\t\t\t\t\t<div class=\"cats-link\">\n\t\t\t\t\t\t\t\t\t\t<a href=\"https:\/\/www.acvit.com.tr\/magaza\/category\/genel\/\" rel=\"category tag\">Genel<\/a>\t\t\t\t\t\t\t\t\t<\/div>\n\t\t\t\t\t\t\t\t\t\t\t\t\t\t\t\t\t\t\n\t\t\t\t\t\t\t\t<\/div>\n\t\t\t\t\t\t\t\t\n\t\t\t\t\t\t\t\t<header>\n\t\t\t\t\t\t\t\t\t\t\t\t\t\t\t\t\t\t<h4 class=\"heading-title entry-title\">\n\t\t\t\t\t\t\t\t\t\t<a class=\"post-title\" href=\"https:\/\/www.acvit.com.tr\/magaza\/kozmetik-nedir\/\">Kozmetik nedir?<\/a>\n\t\t\t\t\t\t\t\t\t<\/h4>\n\t\t\t\t\t\t\t\t\t\t\t\t\t\t\t\t\t<\/header>\n\t\t\t\t\t\t\t\t\n\t\t\t\t\t\t\t\t\t\t\t\t\t\t\t\t<div class=\"excerpt\">Kozmetik, insanlar\u0131n d\u0131\u015f g\u00f6r\u00fcn\u00fc\u015f\u00fcn\u00fc g\u00fczelle\u015ftirmek, bak\u0131m yapmak ya da ho\u015f bir koku sa\u011flamak amac\u0131yla kullan\u0131lan \u00fcr\u00fcnleri ifade eder. &#8220;Kozmetik&#8221; kelimesi hem bu \u00fcr\u00fcnleri hem de bu \u00fcr\u00fcnlerle ilgili olan sekt\u00f6r\u00fc kapsar. Kozmetik \u00fcr\u00fcnlere \u00f6rnekler: K\u00f6ken: &#8220;Kozmetik&#8221;<\/div>\n\t\t\t\t\t\t\t\t\t\t\t\t\t\t\t\t\n\t\t\t\t\t\t\t\t\t\t\t\t\t\t\t\t<div class=\"entry-meta-bottom\">\n\t\t\t\t\t\t\t\n\t\t\t\t\t\t\t\t\t\t\t\t\t\t\t\t\t\t\t<span class=\"vcard author\">\n\t\t\t\t\t\t\t\t\t\t\t<span>BY<\/span>\n\t\t\t\t\t\t\t\t\t\t\t<a href=\"https:\/\/www.acvit.com.tr\/magaza\/author\/acvit\/\" title=\"acvit taraf\u0131ndan yaz\u0131lan yaz\u0131lar\" rel=\"author\">acvit<\/a>\t\t\t\t\t\t\t\t\t\t<\/span>\n\t\t\t\t\t\t\t\t\t\t\t\t\t\t\t\t\t\n\t\t\t\t\t\t\t\t\t\t\t\t\t\t\t\t\t\t\t<span class=\"date-time\">21 Haziran 2025<\/span>\n\t\t\t\t\t\t\t\t\t\t\t\t\t\t\t\t\t\t\n\t\t\t\t\t\t\t\t\t\t\t\t\t\t\t\t\t<\/div>\n\t\t\t\t\t\t\t\t\n\t\t\t\t\t\t\t\t\t\t\t\t\t\t\t<\/div>\n\t\t\t\t\t\t\t\n\t\t\t\t\t\t<\/div>\n\t\t\t\t\t\t\t\n\t\t\t\t\t\t\t\t\t\t<\/article>\n\t\t\t\t\t\t\t\t<article class=\"item   \">\n\t\t\t\t\t\n\t\t\t\t\t\t\t\t\t\t\t<div class=\"article-content\">\n\t\t\t\t\t\t\t<div class=\"thumbnail-content\">\n\t\t\t\t\t\t\t\t\t\t\t\t\t\t\t<\/div>\n\t\t\t\t\t\t\t\n\t\t\t\t\t\t\t<div class=\"entry-content\">\n\t\t\t\t\t\t\t\t<div class=\"entry-meta-top\">\t\t\t\t\t\t\t\t\t\n\t\t\t\t\t\t\t\t\t\t\t\t\t\t\t\t\t\t<!-- Blog Categories -->\n\t\t\t\t\t\t\t\t\t<div class=\"cats-link\">\n\t\t\t\t\t\t\t\t\t\t<a href=\"https:\/\/www.acvit.com.tr\/magaza\/category\/genel\/\" rel=\"category tag\">Genel<\/a>\t\t\t\t\t\t\t\t\t<\/div>\n\t\t\t\t\t\t\t\t\t\t\t\t\t\t\t\t\t\t\n\t\t\t\t\t\t\t\t<\/div>\n\t\t\t\t\t\t\t\t\n\t\t\t\t\t\t\t\t<header>\n\t\t\t\t\t\t\t\t\t\t\t\t\t\t\t\t\t\t<h4 class=\"heading-title entry-title\">\n\t\t\t\t\t\t\t\t\t\t<a class=\"post-title\" href=\"https:\/\/www.acvit.com.tr\/magaza\/selulit-catlak-giderici-vucut-sekillendirici-jel-neden-kullanmaliyiz\/\">Sel\u00fclit \u00e7atlak giderici v\u00fccut \u015fekillendirici jel neden kullanmal\u0131y\u0131z?<\/a>\n\t\t\t\t\t\t\t\t\t<\/h4>\n\t\t\t\t\t\t\t\t\t\t\t\t\t\t\t\t\t<\/header>\n\t\t\t\t\t\t\t\t\n\t\t\t\t\t\t\t\t\t\t\t\t\t\t\t\t<div class=\"excerpt\">Sel\u00fclit ve \u00e7atlak giderici v\u00fccut \u015fekillendirici jel kullanman\u0131n temel nedenleri, hem estetik g\u00f6r\u00fcn\u00fcm\u00fc iyile\u015ftirmek hem de cilt sa\u011fl\u0131\u011f\u0131n\u0131 desteklemektir. \u0130\u015fte detayl\u0131 \u015fekilde neden kullan\u0131labilece\u011fini a\u00e7\u0131klayan baz\u0131 ba\u015fl\u0131klar: Sel\u00fclit G\u00f6r\u00fcn\u00fcm\u00fcn\u00fc Azaltmaya Yard\u0131mc\u0131 Olur Sel\u00fclit, \u00f6zellikle uyluk, kal\u00e7a<\/div>\n\t\t\t\t\t\t\t\t\t\t\t\t\t\t\t\t\n\t\t\t\t\t\t\t\t\t\t\t\t\t\t\t\t<div class=\"entry-meta-bottom\">\n\t\t\t\t\t\t\t\n\t\t\t\t\t\t\t\t\t\t\t\t\t\t\t\t\t\t\t<span class=\"vcard author\">\n\t\t\t\t\t\t\t\t\t\t\t<span>BY<\/span>\n\t\t\t\t\t\t\t\t\t\t\t<a href=\"https:\/\/www.acvit.com.tr\/magaza\/author\/acvit\/\" title=\"acvit taraf\u0131ndan yaz\u0131lan yaz\u0131lar\" rel=\"author\">acvit<\/a>\t\t\t\t\t\t\t\t\t\t<\/span>\n\t\t\t\t\t\t\t\t\t\t\t\t\t\t\t\t\t\n\t\t\t\t\t\t\t\t\t\t\t\t\t\t\t\t\t\t\t<span class=\"date-time\">20 Haziran 2025<\/span>\n\t\t\t\t\t\t\t\t\t\t\t\t\t\t\t\t\t\t\n\t\t\t\t\t\t\t\t\t\t\t\t\t\t\t\t\t<\/div>\n\t\t\t\t\t\t\t\t\n\t\t\t\t\t\t\t\t\t\t\t\t\t\t\t<\/div>\n\t\t\t\t\t\t\t\n\t\t\t\t\t\t<\/div>\n\t\t\t\t\t\t\t\n\t\t\t\t\t\t\t\t\t\t<\/article>\n\t\t\t\t\t\t\t\t<article class=\"item   \">\n\t\t\t\t\t\n\t\t\t\t\t\t\t\t\t\t\t<div class=\"article-content\">\n\t\t\t\t\t\t\t<div class=\"thumbnail-content\">\n\t\t\t\t\t\t\t\t\t\t\t\t\t\t\t<\/div>\n\t\t\t\t\t\t\t\n\t\t\t\t\t\t\t<div class=\"entry-content\">\n\t\t\t\t\t\t\t\t<div class=\"entry-meta-top\">\t\t\t\t\t\t\t\t\t\n\t\t\t\t\t\t\t\t\t\t\t\t\t\t\t\t\t\t<!-- Blog Categories -->\n\t\t\t\t\t\t\t\t\t<div class=\"cats-link\">\n\t\t\t\t\t\t\t\t\t\t<a href=\"https:\/\/www.acvit.com.tr\/magaza\/category\/genel\/\" rel=\"category tag\">Genel<\/a>\t\t\t\t\t\t\t\t\t<\/div>\n\t\t\t\t\t\t\t\t\t\t\t\t\t\t\t\t\t\t\n\t\t\t\t\t\t\t\t<\/div>\n\t\t\t\t\t\t\t\t\n\t\t\t\t\t\t\t\t<header>\n\t\t\t\t\t\t\t\t\t\t\t\t\t\t\t\t\t\t<h4 class=\"heading-title entry-title\">\n\t\t\t\t\t\t\t\t\t\t<a class=\"post-title\" href=\"https:\/\/www.acvit.com.tr\/magaza\/regl-doneminde-intim-temizleme-jeli-kullanilmali-mi\/\">Regl d\u00f6neminde intim temizleme jeli kullan\u0131lmal\u0131 m\u0131?<\/a>\n\t\t\t\t\t\t\t\t\t<\/h4>\n\t\t\t\t\t\t\t\t\t\t\t\t\t\t\t\t\t<\/header>\n\t\t\t\t\t\t\t\t\n\t\t\t\t\t\t\t\t\t\t\t\t\t\t\t\t<div class=\"excerpt\">Evet, regl d\u00f6neminde intim temizleme jeli kullanmak Acvit \u0130ntim Temizleme Jeli gibi do\u011fru \u00fcr\u00fcnle ve do\u011fru \u015fekilde kullan\u0131ld\u0131\u011f\u0131nda faydal\u0131 olabilir. Ancak burada \u00f6nemli olan, Acvit \u0130ntim Temizleme Jeli gibi do\u011fru \u00fcr\u00fcn\u00fc se\u00e7mek ve a\u015f\u0131r\u0131ya ka\u00e7mamak \u015fart\u0131yla<\/div>\n\t\t\t\t\t\t\t\t\t\t\t\t\t\t\t\t\n\t\t\t\t\t\t\t\t\t\t\t\t\t\t\t\t<div class=\"entry-meta-bottom\">\n\t\t\t\t\t\t\t\n\t\t\t\t\t\t\t\t\t\t\t\t\t\t\t\t\t\t\t<span class=\"vcard author\">\n\t\t\t\t\t\t\t\t\t\t\t<span>BY<\/span>\n\t\t\t\t\t\t\t\t\t\t\t<a href=\"https:\/\/www.acvit.com.tr\/magaza\/author\/acvit\/\" title=\"acvit taraf\u0131ndan yaz\u0131lan yaz\u0131lar\" rel=\"author\">acvit<\/a>\t\t\t\t\t\t\t\t\t\t<\/span>\n\t\t\t\t\t\t\t\t\t\t\t\t\t\t\t\t\t\n\t\t\t\t\t\t\t\t\t\t\t\t\t\t\t\t\t\t\t<span class=\"date-time\">19 Haziran 2025<\/span>\n\t\t\t\t\t\t\t\t\t\t\t\t\t\t\t\t\t\t\n\t\t\t\t\t\t\t\t\t\t\t\t\t\t\t\t\t<\/div>\n\t\t\t\t\t\t\t\t\n\t\t\t\t\t\t\t\t\t\t\t\t\t\t\t<\/div>\n\t\t\t\t\t\t\t\n\t\t\t\t\t\t<\/div>\n\t\t\t\t\t\t\t\n\t\t\t\t\t\t\t\t\t\t<\/article>\n\t\t\t\t\t\t\t\t<article class=\"item   \">\n\t\t\t\t\t\n\t\t\t\t\t\t\t\t\t\t\t<div class=\"article-content\">\n\t\t\t\t\t\t\t<div class=\"thumbnail-content\">\n\t\t\t\t\t\t\t\t\t\t\t\t\t\t\t<\/div>\n\t\t\t\t\t\t\t\n\t\t\t\t\t\t\t<div class=\"entry-content\">\n\t\t\t\t\t\t\t\t<div class=\"entry-meta-top\">\t\t\t\t\t\t\t\t\t\n\t\t\t\t\t\t\t\t\t\t\t\t\t\t\t\t\t\t<!-- Blog Categories -->\n\t\t\t\t\t\t\t\t\t<div class=\"cats-link\">\n\t\t\t\t\t\t\t\t\t\t<a href=\"https:\/\/www.acvit.com.tr\/magaza\/category\/genel\/\" rel=\"category tag\">Genel<\/a>\t\t\t\t\t\t\t\t\t<\/div>\n\t\t\t\t\t\t\t\t\t\t\t\t\t\t\t\t\t\t\n\t\t\t\t\t\t\t\t<\/div>\n\t\t\t\t\t\t\t\t\n\t\t\t\t\t\t\t\t<header>\n\t\t\t\t\t\t\t\t\t\t\t\t\t\t\t\t\t\t<h4 class=\"heading-title entry-title\">\n\t\t\t\t\t\t\t\t\t\t<a class=\"post-title\" href=\"https:\/\/www.acvit.com.tr\/magaza\/intim-temizleme-jeli-ne-ise-yarar\/\">\u0130ntim temizleme jeli ne i\u015fe yarar<\/a>\n\t\t\t\t\t\t\t\t\t<\/h4>\n\t\t\t\t\t\t\t\t\t\t\t\t\t\t\t\t\t<\/header>\n\t\t\t\t\t\t\t\t\n\t\t\t\t\t\t\t\t\t\t\t\t\t\t\t\t<div class=\"excerpt\">\u0130ntim temizleme jeli, \u00f6zellikle kad\u0131nlar\u0131n genital b\u00f6lgesinde (vulva \u00e7evresi) hijyenin sa\u011flanmas\u0131na yard\u0131mc\u0131 olmak amac\u0131yla \u00fcretilmi\u015f \u00f6zel bir temizlik \u00fcr\u00fcn\u00fcd\u00fcr. Bu \u00fcr\u00fcnlerin amac\u0131, genital b\u00f6lgenin do\u011fal pH dengesini bozmadan temizlik ve ferahl\u0131k sa\u011flamakt\u0131r. \u0130\u015fte intim temizleme jelinin<\/div>\n\t\t\t\t\t\t\t\t\t\t\t\t\t\t\t\t\n\t\t\t\t\t\t\t\t\t\t\t\t\t\t\t\t<div class=\"entry-meta-bottom\">\n\t\t\t\t\t\t\t\n\t\t\t\t\t\t\t\t\t\t\t\t\t\t\t\t\t\t\t<span class=\"vcard author\">\n\t\t\t\t\t\t\t\t\t\t\t<span>BY<\/span>\n\t\t\t\t\t\t\t\t\t\t\t<a href=\"https:\/\/www.acvit.com.tr\/magaza\/author\/acvit\/\" title=\"acvit taraf\u0131ndan yaz\u0131lan yaz\u0131lar\" rel=\"author\">acvit<\/a>\t\t\t\t\t\t\t\t\t\t<\/span>\n\t\t\t\t\t\t\t\t\t\t\t\t\t\t\t\t\t\n\t\t\t\t\t\t\t\t\t\t\t\t\t\t\t\t\t\t\t<span class=\"date-time\">19 Haziran 2025<\/span>\n\t\t\t\t\t\t\t\t\t\t\t\t\t\t\t\t\t\t\n\t\t\t\t\t\t\t\t\t\t\t\t\t\t\t\t\t<\/div>\n\t\t\t\t\t\t\t\t\n\t\t\t\t\t\t\t\t\t\t\t\t\t\t\t<\/div>\n\t\t\t\t\t\t\t\n\t\t\t\t\t\t<\/div>\n\t\t\t\t\t\t\t\n\t\t\t\t\t\t\t\t\t\t<\/article>\n\t\t\t\t\t\t\t\t<article class=\"item   \">\n\t\t\t\t\t\n\t\t\t\t\t\t\t\t\t\t\t<div class=\"article-content\">\n\t\t\t\t\t\t\t<div class=\"thumbnail-content\">\n\t\t\t\t\t\t\t\t\t\t\t\t\t\t\t<\/div>\n\t\t\t\t\t\t\t\n\t\t\t\t\t\t\t<div class=\"entry-content\">\n\t\t\t\t\t\t\t\t<div class=\"entry-meta-top\">\t\t\t\t\t\t\t\t\t\n\t\t\t\t\t\t\t\t\t\t\t\t\t\t\t\t\t\t<!-- Blog Categories -->\n\t\t\t\t\t\t\t\t\t<div class=\"cats-link\">\n\t\t\t\t\t\t\t\t\t\t<a href=\"https:\/\/www.acvit.com.tr\/magaza\/category\/genel\/\" rel=\"category tag\">Genel<\/a>\t\t\t\t\t\t\t\t\t<\/div>\n\t\t\t\t\t\t\t\t\t\t\t\t\t\t\t\t\t\t\n\t\t\t\t\t\t\t\t<\/div>\n\t\t\t\t\t\t\t\t\n\t\t\t\t\t\t\t\t<header>\n\t\t\t\t\t\t\t\t\t\t\t\t\t\t\t\t\t\t<h4 class=\"heading-title entry-title\">\n\t\t\t\t\t\t\t\t\t\t<a class=\"post-title\" href=\"https:\/\/www.acvit.com.tr\/magaza\/yaz-aylarinda-nemlendiriciye-ihtiyac-var-mi\/\">Yaz aylar\u0131nda nemlendiriciye ihtiya\u00e7 var m\u0131?<\/a>\n\t\t\t\t\t\t\t\t\t<\/h4>\n\t\t\t\t\t\t\t\t\t\t\t\t\t\t\t\t\t<\/header>\n\t\t\t\t\t\t\t\t\n\t\t\t\t\t\t\t\t\t\t\t\t\t\t\t\t<div class=\"excerpt\">Evet, yaz aylar\u0131nda da nemlendiriciye ihtiya\u00e7 vard\u0131r \u2013 ama do\u011fru \u00fcr\u00fcnle ve cilt tipine uygun \u015fekilde kullanmak \u00e7ok \u00f6nemlidir. Yaz\u0131n Nemlendirici Kullanmak Neden Gerekli? \u2705 1. G\u00fcne\u015f, cildi kurutur. G\u00fcne\u015f \u0131\u015f\u0131nlar\u0131 ve s\u0131cak hava, cildin y\u00fczeyindeki<\/div>\n\t\t\t\t\t\t\t\t\t\t\t\t\t\t\t\t\n\t\t\t\t\t\t\t\t\t\t\t\t\t\t\t\t<div class=\"entry-meta-bottom\">\n\t\t\t\t\t\t\t\n\t\t\t\t\t\t\t\t\t\t\t\t\t\t\t\t\t\t\t<span class=\"vcard author\">\n\t\t\t\t\t\t\t\t\t\t\t<span>BY<\/span>\n\t\t\t\t\t\t\t\t\t\t\t<a href=\"https:\/\/www.acvit.com.tr\/magaza\/author\/acvit\/\" title=\"acvit taraf\u0131ndan yaz\u0131lan yaz\u0131lar\" rel=\"author\">acvit<\/a>\t\t\t\t\t\t\t\t\t\t<\/span>\n\t\t\t\t\t\t\t\t\t\t\t\t\t\t\t\t\t\n\t\t\t\t\t\t\t\t\t\t\t\t\t\t\t\t\t\t\t<span class=\"date-time\">19 Haziran 2025<\/span>\n\t\t\t\t\t\t\t\t\t\t\t\t\t\t\t\t\t\t\n\t\t\t\t\t\t\t\t\t\t\t\t\t\t\t\t\t<\/div>\n\t\t\t\t\t\t\t\t\n\t\t\t\t\t\t\t\t\t\t\t\t\t\t\t<\/div>\n\t\t\t\t\t\t\t\n\t\t\t\t\t\t<\/div>\n\t\t\t\t\t\t\t\n\t\t\t\t\t\t\t\t\t\t<\/article>\n\t\t\t\t\t\t\t\t\t<\/div>\n\t\t\t\t\t\t\t\t\t<\/div>\n\t\t\t<\/div>\n\t\t\t\t\t\t<\/div>\n\t\t\t\t<\/div>\n\t\t\t\t\t<\/div>\n\t\t\t\t<\/div>\n\t\t\t\t<\/div>\n\t\t","protected":false},"excerpt":{"rendered":"<p>Genel \u00d6zel B\u00f6lge Kararmalar\u0131 Nas\u0131l Olu\u015fur? Nas\u0131l Beyazla\u015ft\u0131r\u0131l\u0131r? \u0130nsanl\u0131k tarihi boyunca kad\u0131nlar bak\u0131ml\u0131 ve g\u00fczel olmak ad\u0131na m\u00fccadele vermi\u015flerdir. Bu m\u00fccadelede sorunsuz ve ipek gibi bir v\u00fccuda sahip olmak istemi\u015fler ve v\u00fccutlar\u0131nda olu\u015fan en ufak sorunu g\u00f6rd\u00fckleri anda \u00e7\u00f6zme giri\u015fimde bulunmu\u015flar, \u00e7\u00f6zmek i\u00e7in de BY acvit 22 A\u011fustos 2024<\/p>\n","protected":false},"author":1,"featured_media":0,"parent":0,"menu_order":0,"comment_status":"closed","ping_status":"closed","template":"","meta":{"footnotes":""},"class_list":["post-7783","page","type-page","status-publish","hentry"],"aioseo_notices":[],"_links":{"self":[{"href":"https:\/\/www.acvit.com.tr\/magaza\/wp-json\/wp\/v2\/pages\/7783","targetHints":{"allow":["GET"]}}],"collection":[{"href":"https:\/\/www.acvit.com.tr\/magaza\/wp-json\/wp\/v2\/pages"}],"about":[{"href":"https:\/\/www.acvit.com.tr\/magaza\/wp-json\/wp\/v2\/types\/page"}],"author":[{"embeddable":true,"href":"https:\/\/www.acvit.com.tr\/magaza\/wp-json\/wp\/v2\/users\/1"}],"replies":[{"embeddable":true,"href":"https:\/\/www.acvit.com.tr\/magaza\/wp-json\/wp\/v2\/comments?post=7783"}],"version-history":[{"count":5,"href":"https:\/\/www.acvit.com.tr\/magaza\/wp-json\/wp\/v2\/pages\/7783\/revisions"}],"predecessor-version":[{"id":8667,"href":"https:\/\/www.acvit.com.tr\/magaza\/wp-json\/wp\/v2\/pages\/7783\/revisions\/8667"}],"wp:attachment":[{"href":"https:\/\/www.acvit.com.tr\/magaza\/wp-json\/wp\/v2\/media?parent=7783"}],"curies":[{"name":"wp","href":"https:\/\/api.w.org\/{rel}","templated":true}]}}